{"id":2489,"date":"2025-01-22T16:24:21","date_gmt":"2025-01-22T15:24:21","guid":{"rendered":"https:\/\/naturcamp.fr\/vermietung-chalets-vosges\/"},"modified":"2025-03-25T11:08:23","modified_gmt":"2025-03-25T10:08:23","slug":"vermietung-chalets-vosges","status":"publish","type":"page","link":"https:\/\/naturcamp.fr\/de\/vermietung-chalets-vosges\/","title":{"rendered":"Unsere Chalets"},"content":{"rendered":"\n<div class=\"wp-block-group alignfull section-heberg gt-no-padding-mobile gt-no-margin-mobile is-layout-flow wp-block-group-is-layout-flow\" style=\"margin-top:0;margin-bottom:0;padding-top:var(--wp--preset--spacing--40);padding-right:var(--wp--preset--spacing--60);padding-bottom:var(--wp--preset--spacing--40);padding-left:var(--wp--preset--spacing--60)\"><h1 class=\"wp-block-heading has-text-align-center has-contrast-color has-text-color has-link-color has-large-font-size wp-elements-91d6d1415a1c48b3256abbf43de28924\" style=\"margin-top:var(--wp--preset--spacing--40)\" id=\"mieten-sie-ihr-chalet-in-der-naehe-der-vogesen\">Mieten Sie Ihr Chalet in der N\u00e4he der Vogesen<\/h1>\n\n\n<p class=\"has-text-align-center\">Mieten Sie auf unserem <a href=\"https:\/\/naturcamp.fr\/de\/\" data-type=\"page\" data-id=\"6\">Campingplatz im Elsass<\/a> das Chalet, das Sie gl\u00fccklich machen wird! Wir bieten eine gro\u00dfe Auswahl an Unterk\u00fcnften, vom Chalet bis zur Cabane Lodge mit Spa. Ideale Unterk\u00fcnfte, um unsere Berge in den Vogesen zu genie\u00dfen und dabei Komfort und Entspannung miteinander zu verbinden.  <\/p>\n\n\n\n<p class=\"has-text-align-center\">Wenn Sie das Abenteuer eines <a href=\"https:\/\/naturcamp.fr\/de\/vermietung-standplatz-alsace\/\" data-type=\"page\" data-id=\"553\">traditionellen Campingplatzes bevorzugen<\/a>, entscheiden Sie sich f\u00fcr die Vermietung eines Stellplatzes im Elsass und entdecken Sie unsere Biwak-Zelte.<\/p>\n\n\n\n<div style=\"height:2rem\" aria-hidden=\"true\" class=\"wp-block-spacer gt-hide-mobile\"><\/div>\n\n\n\n<div data-wp-context=\"{}\" data-wp-interactive=\"core\/query\" data-wp-key=\"11\" data-wp-router-region=\"query-11\" class=\"wp-block-query alignwide gt-fse-hebergements gt-no-padding-mobile gt-no-margin-mobile has-global-padding is-layout-constrained wp-container-core-query-is-layout-704e782a wp-block-query-is-layout-constrained\"><ul class=\"columns-2 wp-block-post-template has-medium-font-size is-layout-grid wp-container-core-post-template-is-layout-02493678 wp-block-post-template-is-layout-grid\"><li data-gt-campings=\"\" data-gt-capacities=\"34\" data-gt-ctv-product-id=\"\" data-gt-gammes=\"\" data-gt-options=\"\" data-gt-rooms=\"33\" data-gt-superficies=\"35\" data-gt-types=\"26\" data-wp-key=\"post-template-item-2775\" class=\"wp-block-post post-2775 hebergement type-hebergement status-publish has-post-thumbnail hentry gt-hebergements-types-cabane gt-hebergements-nombre-personnes-34 gt-hebergements-nombre-chambres-33 gt-hebergements-superficie-35\">\n\n<div class=\"wp-block-group has-global-padding is-layout-constrained wp-block-group-is-layout-constrained\">\n<figure class=\"wp-block-image\"><img decoding=\"async\" src=\"https:\/\/naturcamp.fr\/wp-content\/uploads\/2025\/02\/exterieur-cabane-lodge-1.webp\" alt=\"Cabane Lodge\" style=\"aspect-ratio:1;object-fit:cover\"\/><\/figure>\n\n\n<h2 style=\"line-height:1.5;letter-spacing:1px; padding-top:0.5rem;padding-bottom:0.5rem;padding-left:20px;padding-right:20px;margin-bottom:0px;margin-left:var(--wp--preset--spacing--40);margin-right:var(--wp--preset--spacing--40);margin-top:0px;\" class=\"has-text-align-center has-link-color hebergement-title wp-elements-792028befb0d68b596dc73e9aedd60b7 wp-block-post-title has-text-color has-base-color has-background has-contrast-2-background-color has-medium-font-size\">Cabane Lodge<\/h2>\n\n\n<div class=\"wp-block-group has-contrast-2-background-color has-background is-content-justification-center is-layout-flex wp-container-core-group-is-layout-0fd27bb3 wp-block-group-is-layout-flex\" style=\"margin-top:0px;margin-bottom:0px;padding-top:0.5rem;padding-bottom:0.5rem\">\n<div class=\"wp-block-group is-nowrap is-layout-flex wp-container-core-group-is-layout-89a94f6a wp-block-group-is-layout-flex\">\n<figure class=\"wp-block-image size-full is-resized wp-duotone-ffffff-ffffff-1\"><img decoding=\"async\" width=\"300\" height=\"300\" src=\"https:\/\/naturcamp.fr\/wp-content\/uploads\/2025\/02\/groupe-300x300-1.png\" alt=\"Gruppe-300x300-1\" class=\"wp-image-940\" style=\"width:20px;height:auto\" srcset=\"https:\/\/naturcamp.fr\/wp-content\/uploads\/2025\/02\/groupe-300x300-1.png 300w, https:\/\/naturcamp.fr\/wp-content\/uploads\/2025\/02\/groupe-300x300-1-150x150.png 150w\" sizes=\"(max-width: 300px) 100vw, 300px\" \/><\/figure>\n\n\n<div class=\"taxonomy-gt-hebergements-nombre-personnes has-link-color wp-elements-d121d6d03f3d13c24af25c1aa53d2186 wp-block-post-terms has-text-color has-base-color\"><span>4<\/span><\/div>\n\n\n<p class=\"has-base-color has-text-color has-link-color wp-elements-e7c8b90a65cdf8d756e57d88d31e4889\">pers.<\/p>\n<\/div>\n\n\n\n<div class=\"wp-block-group is-nowrap is-layout-flex wp-container-core-group-is-layout-89a94f6a wp-block-group-is-layout-flex\">\n<figure class=\"wp-block-image size-full is-resized wp-duotone-ffffff-ffffff-2\"><img decoding=\"async\" width=\"512\" height=\"512\" src=\"https:\/\/naturcamp.fr\/wp-content\/uploads\/2025\/02\/chambre-a-coucher-1.png\" alt=\"Schlafzimmer (1)\" class=\"wp-image-943\" style=\"width:20px;height:auto\" srcset=\"https:\/\/naturcamp.fr\/wp-content\/uploads\/2025\/02\/chambre-a-coucher-1.png 512w, https:\/\/naturcamp.fr\/wp-content\/uploads\/2025\/02\/chambre-a-coucher-1-300x300.png 300w, https:\/\/naturcamp.fr\/wp-content\/uploads\/2025\/02\/chambre-a-coucher-1-150x150.png 150w, https:\/\/naturcamp.fr\/wp-content\/uploads\/2025\/02\/chambre-a-coucher-1-400x400.png 400w\" sizes=\"(max-width: 512px) 100vw, 512px\" \/><\/figure>\n\n\n<div class=\"taxonomy-gt-hebergements-nombre-chambres has-link-color wp-elements-fc108f1bdb4d5f3a86298c5b85c25c4e wp-block-post-terms has-text-color has-base-color\"><span>1<\/span><\/div>\n\n\n<p class=\"has-base-color has-text-color has-link-color wp-elements-8a449913e219461d96c593f32f72f4c4\">ch.<\/p>\n<\/div>\n\n\n\n<div class=\"wp-block-group is-nowrap is-layout-flex wp-container-core-group-is-layout-89a94f6a wp-block-group-is-layout-flex\">\n<figure class=\"wp-block-image size-full is-resized wp-duotone-ffffff-ffffff-3\"><img decoding=\"async\" width=\"300\" height=\"300\" src=\"https:\/\/naturcamp.fr\/wp-content\/uploads\/2025\/02\/regles-300x300-1.png\" alt=\"Regeln-300x300-1\" class=\"wp-image-946\" style=\"width:20px\" srcset=\"https:\/\/naturcamp.fr\/wp-content\/uploads\/2025\/02\/regles-300x300-1.png 300w, https:\/\/naturcamp.fr\/wp-content\/uploads\/2025\/02\/regles-300x300-1-150x150.png 150w\" sizes=\"(max-width: 300px) 100vw, 300px\" \/><\/figure>\n\n\n<div class=\"taxonomy-gt-hebergements-superficie has-link-color wp-elements-0996442774a3f4772e18c71ad4cb0d3c wp-block-post-terms has-text-color has-base-color\"><span>26<\/span><\/div>\n\n\n<p class=\"has-base-color has-text-color has-link-color wp-elements-1a52fc5db0f052612aebe46f21791e90\">m\u00b2<\/p>\n<\/div>\n<\/div>\n\n\n\n<div class=\"wp-block-group gt-hebergement-foot has-base-background-color has-background is-layout-flow wp-container-core-group-is-layout-055afcbb wp-block-group-is-layout-flow\" style=\"margin-top:0px;margin-bottom:0px\">\n<p class=\"has-text-align-center has-barlow-font-family\" style=\"padding-top:0.5rem;padding-right:20px;padding-bottom:0.5rem;padding-left:20px;font-size:0.75rem;font-style:normal;font-weight:700;text-transform:uppercase\">Siehe Unterkunft<\/p>\n<\/div>\n\n\n<a class=\"is-style-lien-cover wp-block-read-more\" href=\"https:\/\/naturcamp.fr\/de\/unterkunft\/cabane-lodge\/\" target=\"_blank\">Weiterlesen<span class=\"screen-reader-text\">: Cabane Lodge<\/span><\/a><\/div>\n\n<\/li><li data-gt-campings=\"\" data-gt-capacities=\"18\" data-gt-ctv-product-id=\"\" data-gt-gammes=\"\" data-gt-options=\"\" data-gt-rooms=\"19\" data-gt-superficies=\"\" data-gt-types=\"24\" data-wp-key=\"post-template-item-2761\" class=\"wp-block-post post-2761 hebergement type-hebergement status-publish has-post-thumbnail hentry gt-hebergements-types-chalet gt-hebergements-nombre-personnes-4-5 gt-hebergements-nombre-chambres-19\">\n\n<div class=\"wp-block-group has-global-padding is-layout-constrained wp-block-group-is-layout-constrained\">\n<figure class=\"wp-block-image\"><img decoding=\"async\" src=\"https:\/\/naturcamp.fr\/wp-content\/uploads\/2025\/02\/chalet-vintage-alsace.webp\" alt=\"Vintage Chalet\" style=\"aspect-ratio:1;object-fit:cover\"\/><\/figure>\n\n\n<h2 style=\"line-height:1.5;letter-spacing:1px; padding-top:0.5rem;padding-bottom:0.5rem;padding-left:20px;padding-right:20px;margin-bottom:0px;margin-left:var(--wp--preset--spacing--40);margin-right:var(--wp--preset--spacing--40);margin-top:0px;\" class=\"has-text-align-center has-link-color hebergement-title wp-elements-792028befb0d68b596dc73e9aedd60b7 wp-block-post-title has-text-color has-base-color has-background has-contrast-2-background-color has-medium-font-size\">Vintage Chalet<\/h2>\n\n\n<div class=\"wp-block-group has-contrast-2-background-color has-background is-content-justification-center is-layout-flex wp-container-core-group-is-layout-0fd27bb3 wp-block-group-is-layout-flex\" style=\"margin-top:0px;margin-bottom:0px;padding-top:0.5rem;padding-bottom:0.5rem\">\n<div class=\"wp-block-group is-nowrap is-layout-flex wp-container-core-group-is-layout-89a94f6a wp-block-group-is-layout-flex\">\n<figure class=\"wp-block-image size-full is-resized wp-duotone-ffffff-ffffff-4\"><img decoding=\"async\" width=\"300\" height=\"300\" src=\"https:\/\/naturcamp.fr\/wp-content\/uploads\/2025\/02\/groupe-300x300-1.png\" alt=\"Gruppe-300x300-1\" class=\"wp-image-940\" style=\"width:20px;height:auto\" srcset=\"https:\/\/naturcamp.fr\/wp-content\/uploads\/2025\/02\/groupe-300x300-1.png 300w, https:\/\/naturcamp.fr\/wp-content\/uploads\/2025\/02\/groupe-300x300-1-150x150.png 150w\" sizes=\"(max-width: 300px) 100vw, 300px\" \/><\/figure>\n\n\n<div class=\"taxonomy-gt-hebergements-nombre-personnes has-link-color wp-elements-d121d6d03f3d13c24af25c1aa53d2186 wp-block-post-terms has-text-color has-base-color\"><span>4\/5<\/span><\/div>\n\n\n<p class=\"has-base-color has-text-color has-link-color wp-elements-e7c8b90a65cdf8d756e57d88d31e4889\">pers.<\/p>\n<\/div>\n\n\n\n<div class=\"wp-block-group is-nowrap is-layout-flex wp-container-core-group-is-layout-89a94f6a wp-block-group-is-layout-flex\">\n<figure class=\"wp-block-image size-full is-resized wp-duotone-ffffff-ffffff-5\"><img decoding=\"async\" width=\"512\" height=\"512\" src=\"https:\/\/naturcamp.fr\/wp-content\/uploads\/2025\/02\/chambre-a-coucher-1.png\" alt=\"Schlafzimmer (1)\" class=\"wp-image-943\" style=\"width:20px;height:auto\" srcset=\"https:\/\/naturcamp.fr\/wp-content\/uploads\/2025\/02\/chambre-a-coucher-1.png 512w, https:\/\/naturcamp.fr\/wp-content\/uploads\/2025\/02\/chambre-a-coucher-1-300x300.png 300w, https:\/\/naturcamp.fr\/wp-content\/uploads\/2025\/02\/chambre-a-coucher-1-150x150.png 150w, https:\/\/naturcamp.fr\/wp-content\/uploads\/2025\/02\/chambre-a-coucher-1-400x400.png 400w\" sizes=\"(max-width: 512px) 100vw, 512px\" \/><\/figure>\n\n\n<div class=\"taxonomy-gt-hebergements-nombre-chambres has-link-color wp-elements-fc108f1bdb4d5f3a86298c5b85c25c4e wp-block-post-terms has-text-color has-base-color\"><span>2<\/span><\/div>\n\n\n<p class=\"has-base-color has-text-color has-link-color wp-elements-8a449913e219461d96c593f32f72f4c4\">ch.<\/p>\n<\/div>\n\n\n\n<div class=\"wp-block-group is-nowrap is-layout-flex wp-container-core-group-is-layout-89a94f6a wp-block-group-is-layout-flex\">\n<figure class=\"wp-block-image size-full is-resized wp-duotone-ffffff-ffffff-6\"><img decoding=\"async\" width=\"300\" height=\"300\" src=\"https:\/\/naturcamp.fr\/wp-content\/uploads\/2025\/02\/regles-300x300-1.png\" alt=\"Regeln-300x300-1\" class=\"wp-image-946\" style=\"width:20px\" srcset=\"https:\/\/naturcamp.fr\/wp-content\/uploads\/2025\/02\/regles-300x300-1.png 300w, https:\/\/naturcamp.fr\/wp-content\/uploads\/2025\/02\/regles-300x300-1-150x150.png 150w\" sizes=\"(max-width: 300px) 100vw, 300px\" \/><\/figure>\n\n\n\n\n\n<p class=\"has-base-color has-text-color has-link-color wp-elements-1a52fc5db0f052612aebe46f21791e90\">m\u00b2<\/p>\n<\/div>\n<\/div>\n\n\n\n<div class=\"wp-block-group gt-hebergement-foot has-base-background-color has-background is-layout-flow wp-container-core-group-is-layout-055afcbb wp-block-group-is-layout-flow\" style=\"margin-top:0px;margin-bottom:0px\">\n<p class=\"has-text-align-center has-barlow-font-family\" style=\"padding-top:0.5rem;padding-right:20px;padding-bottom:0.5rem;padding-left:20px;font-size:0.75rem;font-style:normal;font-weight:700;text-transform:uppercase\">Siehe Unterkunft<\/p>\n<\/div>\n\n\n<a class=\"is-style-lien-cover wp-block-read-more\" href=\"https:\/\/naturcamp.fr\/de\/unterkunft\/chalet-vintage\/\" target=\"_blank\">Weiterlesen<span class=\"screen-reader-text\">: Vintage Chalet<\/span><\/a><\/div>\n\n<\/li><\/ul><\/div>\n<\/div>\n\n<div class=\"wp-block-group alignfull section-one has-contrast-background-color has-background has-global-padding is-layout-constrained wp-block-group-is-layout-constrained\" style=\"margin-top:0px;margin-bottom:0px;padding-bottom:var(--wp--preset--spacing--40)\">\n<div class=\"wp-block-group alignwide group-one is-layout-flow wp-block-group-is-layout-flow\">\n<div class=\"wp-block-columns is-layout-flex wp-container-core-columns-is-layout-b576b43e wp-block-columns-is-layout-flex\" style=\"padding-top:var(--wp--preset--spacing--50);padding-bottom:var(--wp--preset--spacing--50)\">\n<div class=\"wp-block-column is-layout-flow wp-block-column-is-layout-flow\">\n<p class=\"has-text-align-right animated fadeInLeft slower has-contrast-3-color has-text-color has-link-color has-impact-font-family gt-no-margin-mobile wp-elements-4fe765cbebd52cb7c1aa693cd0d9e419\" style=\"margin-right:65px;margin-left:0;font-size:clamp(46.18px, 2.886rem + ((1vw - 3.2px) * 4.565), 90px);font-style:normal;font-weight:400;line-height:1\">Holzige Flucht<\/p>\n<\/div>\n\n\n\n<div class=\"wp-block-column is-layout-flow wp-block-column-is-layout-flow\"><\/div>\n<\/div>\n\n\n\n<div class=\"wp-block-columns columns-section-one gt-reverse-mobile is-layout-flex wp-container-core-columns-is-layout-ba42e1e2 wp-block-columns-is-layout-flex\" style=\"margin-bottom:var(--wp--preset--spacing--50)\">\n<div class=\"wp-block-column is-layout-flow wp-block-column-is-layout-flow\" style=\"flex-basis:50%\">\n<div class=\"wp-block-cover\" style=\"min-height:100%;aspect-ratio:unset;\"><span aria-hidden=\"true\" class=\"wp-block-cover__background has-background-dim-0 has-background-dim\" style=\"background-color:#9c6e3c\"><\/span><img decoding=\"async\" width=\"800\" height=\"1000\" class=\"wp-block-cover__image-background wp-image-1764\" alt=\"naturecamp camping alsace nature et famille\" src=\"https:\/\/naturcamp.fr\/wp-content\/uploads\/2025\/02\/naturecamp-camping-alsace-nature-et-famille.webp\" data-object-fit=\"cover\" srcset=\"https:\/\/naturcamp.fr\/wp-content\/uploads\/2025\/02\/naturecamp-camping-alsace-nature-et-famille.webp 800w, https:\/\/naturcamp.fr\/wp-content\/uploads\/2025\/02\/naturecamp-camping-alsace-nature-et-famille-240x300.webp 240w, https:\/\/naturcamp.fr\/wp-content\/uploads\/2025\/02\/naturecamp-camping-alsace-nature-et-famille-768x960.webp 768w\" sizes=\"(max-width: 800px) 100vw, 800px\" \/><div class=\"wp-block-cover__inner-container has-global-padding is-layout-constrained wp-block-cover-is-layout-constrained\">\n<div data-swiper=\"{&quot;speed&quot;:400,&quot;spaceBetween&quot;:16,&quot;slidesPerView&quot;:&quot;1&quot;,&quot;createElements&quot;:true,&quot;loop&quot;:true,&quot;freemode&quot;:true,&quot;pagination&quot;:{&quot;el&quot;:&quot;.swiper-pagination&quot;,&quot;dynamicBullets&quot;:true},&quot;breakpoints&quot;:{&quot;0&quot;:{&quot;slidesPerView&quot;:1},&quot;380&quot;:{&quot;slidesPerView&quot;:&quot;1&quot;},&quot;1024&quot;:{&quot;slidesPerView&quot;:&quot;1&quot;}},&quot;navigation&quot;:false,&quot;autoplay&quot;:true}\" class=\"wp-block-group gt-is-slider gt-is-slider-desktop is-layout-grid wp-container-core-group-is-layout-63441e74 wp-block-group-is-layout-grid\" style=\"border-radius:0px\">\n<figure class=\"wp-block-image size-full has-custom-border\"><img decoding=\"async\" width=\"573\" height=\"573\" src=\"https:\/\/naturcamp.fr\/wp-content\/uploads\/2025\/02\/chalet-vintage-camping-alsace.jpg\" alt=\"chalet vintage camping elsass\" class=\"has-border-color has-base-border-color wp-image-2139\" style=\"border-radius:5px;aspect-ratio:1;object-fit:cover\" srcset=\"https:\/\/naturcamp.fr\/wp-content\/uploads\/2025\/02\/chalet-vintage-camping-alsace.jpg 573w, https:\/\/naturcamp.fr\/wp-content\/uploads\/2025\/02\/chalet-vintage-camping-alsace-300x300.jpg 300w, https:\/\/naturcamp.fr\/wp-content\/uploads\/2025\/02\/chalet-vintage-camping-alsace-150x150.jpg 150w, https:\/\/naturcamp.fr\/wp-content\/uploads\/2025\/02\/chalet-vintage-camping-alsace-400x400.jpg 400w\" sizes=\"(max-width: 573px) 100vw, 573px\" \/><\/figure>\n\n\n\n<figure class=\"wp-block-image size-full has-custom-border\"><img decoding=\"async\" width=\"573\" height=\"573\" src=\"https:\/\/naturcamp.fr\/wp-content\/uploads\/2025\/02\/camping-alsace-avec-cabane.jpg\" alt=\"campingplatz elsass mit h&#xFC;tte\" class=\"has-border-color wp-image-1984\" style=\"border-color:#ffffff;border-radius:5px;aspect-ratio:1;object-fit:cover\" srcset=\"https:\/\/naturcamp.fr\/wp-content\/uploads\/2025\/02\/camping-alsace-avec-cabane.jpg 573w, https:\/\/naturcamp.fr\/wp-content\/uploads\/2025\/02\/camping-alsace-avec-cabane-300x300.jpg 300w, https:\/\/naturcamp.fr\/wp-content\/uploads\/2025\/02\/camping-alsace-avec-cabane-150x150.jpg 150w, https:\/\/naturcamp.fr\/wp-content\/uploads\/2025\/02\/camping-alsace-avec-cabane-400x400.jpg 400w\" sizes=\"(max-width: 573px) 100vw, 573px\" \/><\/figure>\n\n\n\n<figure class=\"wp-block-image size-full has-custom-border\"><img decoding=\"async\" width=\"573\" height=\"573\" src=\"https:\/\/naturcamp.fr\/wp-content\/uploads\/2025\/02\/camping-avec-services-vosges.webp\" alt=\"campingplatz mit dienstleistungen vosges\" class=\"has-border-color has-base-border-color wp-image-1489\" style=\"border-radius:5px;aspect-ratio:1;object-fit:cover\" srcset=\"https:\/\/naturcamp.fr\/wp-content\/uploads\/2025\/02\/camping-avec-services-vosges.webp 573w, https:\/\/naturcamp.fr\/wp-content\/uploads\/2025\/02\/camping-avec-services-vosges-300x300.webp 300w, https:\/\/naturcamp.fr\/wp-content\/uploads\/2025\/02\/camping-avec-services-vosges-150x150.webp 150w, https:\/\/naturcamp.fr\/wp-content\/uploads\/2025\/02\/camping-avec-services-vosges-400x400.webp 400w\" sizes=\"(max-width: 573px) 100vw, 573px\" \/><\/figure>\n<\/div>\n<\/div><\/div>\n<\/div>\n\n\n\n<div class=\"wp-block-column gt-no-padding-mobile is-layout-flow wp-block-column-is-layout-flow\" style=\"padding-right:70px;padding-left:70px;flex-basis:50%\"><h2 class=\"wp-block-heading has-text-align-left has-base-color has-text-color has-link-color wp-elements-23f07817271232e145f4877c70f8fbb1\" id=\"ihr-holzchalet-zum-mieten-im-elsass\"><br>Ihr Holzchalet zum Mieten im Elsass<\/h2>\n\n\n<p class=\"has-base-color has-text-color has-link-color has-x-large-font-size wp-elements-b73623339fb909f877e55ae53996515a\" style=\"margin-top:0;margin-bottom:var(--wp--preset--spacing--30);padding-top:0;padding-bottom:0;font-style:normal;font-weight:900;line-height:1\">&#8230;<\/p>\n\n\n\n<p class=\"has-text-align-left has-base-color has-text-color has-link-color wp-elements-b4c890e0b575875a4f442d67ab33606f\">Ein Aufenthalt in einem Holzchalet auf Natur&#8217;camp bedeutet, in die Natur einzutauchen und gleichzeitig von den Annehmlichkeiten und <a href=\"https:\/\/naturcamp.fr\/de\/familiencampingplatz-alsace\/\" data-type=\"page\" data-id=\"507\">kompletten Dienstleistungen<\/a> zu profitieren.  <\/p>\n\n\n\n<p class=\"has-text-align-left has-base-color has-text-color has-link-color wp-elements-c694b4f7450336478484ab34e37a709c\">Unsere 7 Chalets liegen in einer privilegierten nat\u00fcrlichen Umgebung, im Herzen des kleinen Bergdorfes Geishouse im Elsass.<\/p>\n\n\n\n<p class=\"has-text-align-left has-base-color has-text-color has-link-color wp-elements-68ebdfdf6fab953e5d8d877133aa8060\">Perfekt ausgestattete und gem\u00fctliche Chalets f\u00fcr einen unvergesslichen Urlaub, weit weg von der Hektik des Alltags.  <\/p>\n\n\n\n<p class=\"has-text-align-left has-base-color has-text-color has-link-color wp-elements-18c3e0146b4786651a9109429889d3ce\">Z\u00f6gern Sie nicht, uns zu kontaktieren, wenn Sie Fragen haben und den <a href=\"https:\/\/naturcamp.fr\/de\/campingplatz-gunstiger-alsace\/\" data-type=\"page\" data-id=\"838\">g\u00fcnstigsten Aufenthalt im Elsass finden m\u00f6chten<\/a>!<\/p>\n<\/div>\n<\/div>\n<\/div>\n<\/div>\n\n<div class=\"wp-block-group alignfull section-two has-global-padding is-layout-constrained wp-block-group-is-layout-constrained\" style=\"margin-top:0px;margin-bottom:0px;padding-bottom:var(--wp--preset--spacing--50)\">\n<div class=\"wp-block-group alignwide group-one is-layout-flow wp-block-group-is-layout-flow\">\n<div class=\"wp-block-columns is-layout-flex wp-container-core-columns-is-layout-b576b43e wp-block-columns-is-layout-flex\" style=\"padding-top:var(--wp--preset--spacing--50);padding-bottom:var(--wp--preset--spacing--50)\">\n<div class=\"wp-block-column is-layout-flow wp-block-column-is-layout-flow\"><\/div>\n\n\n\n<div class=\"wp-block-column is-layout-flow wp-block-column-is-layout-flow\">\n<p class=\"has-text-align-left animated fadeInRight slower has-contrast-color has-text-color has-link-color has-impact-font-family gt-no-margin-mobile wp-elements-8d6c069082e6b0ef3b9f63d23eb9ae08\" style=\"margin-left:65px;font-size:clamp(46.18px, 2.886rem + ((1vw - 3.2px) * 4.565), 90px);font-style:normal;font-weight:400;line-height:1\">Kokon <br\/>auf nat\u00fcrliche Weise<\/p>\n<\/div>\n<\/div>\n\n\n\n<div class=\"wp-block-columns columns-section-one is-layout-flex wp-container-core-columns-is-layout-ba42e1e2 wp-block-columns-is-layout-flex\" style=\"margin-bottom:var(--wp--preset--spacing--50)\">\n<div class=\"wp-block-column gt-no-padding-mobile is-layout-flow wp-block-column-is-layout-flow\" style=\"padding-right:70px;padding-left:70px;flex-basis:50%\"><h2 class=\"wp-block-heading has-text-align-right has-contrast-3-color has-text-color has-link-color wp-elements-a700b887f42bf4310c82d39aca2e8e62\" id=\"unsere-auswahl-an-chalets-zur-vermietung-in-den-vogesen\">Unsere Auswahl an Chalets zur Vermietung in den Vogesen<\/h2>\n\n\n<p class=\"has-text-align-right has-contrast-2-color has-text-color has-link-color has-licorice-font-family wp-elements-7cccf01302f62b153388d2b02ca48923\" style=\"font-size:clamp(28.836px, 1.802rem + ((1vw - 3.2px) * 2.205), 50px);font-style:normal;font-weight:400\">Ma\u00dfgeschneiderte Flucht<\/p>\n\n\n\n<p class=\"has-text-align-right has-contrast-3-color has-text-color has-link-color has-x-large-font-size wp-elements-9a80da93b24133ae70383ce4fe9c3a8d\" style=\"margin-top:0;margin-bottom:var(--wp--preset--spacing--30);padding-top:0;padding-bottom:0;font-style:normal;font-weight:900;line-height:1\">&#8230;<\/p>\n\n\n\n<p class=\"has-text-align-right has-contrast-3-color has-text-color has-link-color wp-elements-d76502351a2af5e720dd43561da6ee87\">Auf unserem Campingplatz<br\/>bieten wir Ihnen zwei verschiedene <strong>Arten von Chalets an:<\/strong> <\/p>\n\n\n\n<p class=\"has-text-align-right\">&#8222;Les Vintages&#8220; f\u00fcr diejenigen, die Komfort und Authentizit\u00e4t suchen. Eine warme und praktische Umgebung, um einen angenehmen Aufenthalt zu garantieren.   <\/p>\n\n\n\n<p class=\"has-text-align-right has-contrast-3-color has-text-color has-link-color wp-elements-05efabfed09d0afa9da14f2c8aa8a3eb\">&#8222;Les Cabanes Lodges&#8220; f\u00fcr eine raffinierte Erfahrung mit einem privaten Spa und hochwertigen Dienstleistungen. Ein exklusiver Aufenthalt ist garantiert! <br\/><\/p>\n<\/div>\n\n\n\n<div class=\"wp-block-column is-layout-flow wp-block-column-is-layout-flow\" style=\"flex-basis:50%\">\n<div class=\"wp-block-cover\" style=\"min-height:100%;aspect-ratio:unset;\"><span aria-hidden=\"true\" class=\"wp-block-cover__background has-background-dim-0 has-background-dim\" style=\"background-color:#6b6d4b\"><\/span><img decoding=\"async\" width=\"800\" height=\"1000\" class=\"wp-block-cover__image-background wp-image-1783\" alt=\"naturecamp camping nature vosges\" src=\"https:\/\/naturcamp.fr\/wp-content\/uploads\/2025\/02\/naturecamp-camping-nature-vosges.webp\" data-object-fit=\"cover\" srcset=\"https:\/\/naturcamp.fr\/wp-content\/uploads\/2025\/02\/naturecamp-camping-nature-vosges.webp 800w, https:\/\/naturcamp.fr\/wp-content\/uploads\/2025\/02\/naturecamp-camping-nature-vosges-240x300.webp 240w, https:\/\/naturcamp.fr\/wp-content\/uploads\/2025\/02\/naturecamp-camping-nature-vosges-768x960.webp 768w\" sizes=\"(max-width: 800px) 100vw, 800px\" \/><div class=\"wp-block-cover__inner-container has-global-padding is-layout-constrained wp-block-cover-is-layout-constrained\">\n<figure class=\"wp-block-image size-full is-resized has-custom-border\" style=\"margin-left:-120px\"><img decoding=\"async\" width=\"573\" height=\"573\" src=\"https:\/\/naturcamp.fr\/wp-content\/uploads\/2025\/02\/chalet-vintage-interieur.webp\" alt=\"Vintage-Chalet mit Inneneinrichtung\" class=\"has-border-color has-base-border-color wp-image-1777\" style=\"border-radius:5px;aspect-ratio:1;object-fit:cover;width:500px\" srcset=\"https:\/\/naturcamp.fr\/wp-content\/uploads\/2025\/02\/chalet-vintage-interieur.webp 573w, https:\/\/naturcamp.fr\/wp-content\/uploads\/2025\/02\/chalet-vintage-interieur-300x300.webp 300w, https:\/\/naturcamp.fr\/wp-content\/uploads\/2025\/02\/chalet-vintage-interieur-150x150.webp 150w, https:\/\/naturcamp.fr\/wp-content\/uploads\/2025\/02\/chalet-vintage-interieur-400x400.webp 400w\" sizes=\"(max-width: 573px) 100vw, 573px\" \/><\/figure>\n<\/div><\/div>\n<\/div>\n<\/div>\n<\/div>\n<\/div>\n\n<div class=\"wp-block-cover alignfull has-custom-content-position is-position-bottom-center section-five\" style=\"margin-top:0px;margin-bottom:0px;min-height:80vh;aspect-ratio:unset;\"><span aria-hidden=\"true\" class=\"wp-block-cover__background has-background-dim-80 has-background-dim wp-block-cover__gradient-background has-background-gradient\" style=\"background:linear-gradient(192deg,rgba(255,255,255,0.05) 62%,rgba(0,0,0,0.94) 84%)\"><\/span><img decoding=\"async\" width=\"1920\" height=\"1080\" class=\"wp-block-cover__image-background wp-image-1791\" alt=\"spa et sauna camping naturecamp\" src=\"https:\/\/naturcamp.fr\/wp-content\/uploads\/2025\/02\/spa-et-sauna-camping-naturecamp.webp\" data-object-fit=\"cover\" srcset=\"https:\/\/naturcamp.fr\/wp-content\/uploads\/2025\/02\/spa-et-sauna-camping-naturecamp.webp 1920w, https:\/\/naturcamp.fr\/wp-content\/uploads\/2025\/02\/spa-et-sauna-camping-naturecamp-300x169.webp 300w, https:\/\/naturcamp.fr\/wp-content\/uploads\/2025\/02\/spa-et-sauna-camping-naturecamp-1024x576.webp 1024w, https:\/\/naturcamp.fr\/wp-content\/uploads\/2025\/02\/spa-et-sauna-camping-naturecamp-768x432.webp 768w, https:\/\/naturcamp.fr\/wp-content\/uploads\/2025\/02\/spa-et-sauna-camping-naturecamp-1536x864.webp 1536w\" sizes=\"(max-width: 1920px) 100vw, 1920px\" \/><div class=\"wp-block-cover__inner-container has-global-padding is-layout-constrained wp-block-cover-is-layout-constrained\">\n<div class=\"wp-block-columns alignwide is-layout-flex wp-container-core-columns-is-layout-28f84493 wp-block-columns-is-layout-flex\">\n<div class=\"wp-block-column is-layout-flow wp-block-column-is-layout-flow\">\n<p class=\"has-text-align-right animated fadeInLeft slower has-contrast-2-color has-text-color has-link-color has-impact-font-family wp-elements-b2d5e7a7ef47753d7c9dc59bf7ad38ae\" style=\"margin-right:68px;margin-bottom:60px;font-size:clamp(46.18px, 2.886rem + ((1vw - 3.2px) * 4.565), 90px);line-height:1;text-transform:uppercase\">Entspannungspause in der Natur<\/p>\n<\/div>\n\n\n\n<div class=\"wp-block-column is-layout-flow wp-block-column-is-layout-flow\"><\/div>\n<\/div>\n<\/div><\/div>\n\n<div class=\"wp-block-group alignfull section-six has-contrast-background-color has-background has-global-padding is-layout-constrained wp-container-core-group-is-layout-2ed36ca4 wp-block-group-is-layout-constrained\" style=\"margin-top:0px;margin-bottom:0px;padding-bottom:var(--wp--preset--spacing--40)\">\n<div class=\"wp-block-columns are-vertically-aligned-center is-layout-flex wp-container-core-columns-is-layout-51c0b34d wp-block-columns-is-layout-flex\" style=\"padding-top:var(--wp--preset--spacing--50);padding-bottom:var(--wp--preset--spacing--50)\">\n<div class=\"wp-block-column is-vertically-aligned-center gt-no-padding-mobile is-layout-flow wp-block-column-is-layout-flow\" style=\"padding-right:70px\"><h3 class=\"wp-block-heading has-text-align-right has-base-color has-text-color has-link-color wp-elements-7afcdc26d2441ce7fcfdb98db27e365d\" id=\"sauna-und-holzchalets-les-vintages\">Sauna und Holzchalets &#8222;Les Vintages&#8220;.<\/h3>\n\n\n<p class=\"has-text-align-right has-base-color has-text-color has-link-color has-licorice-font-family wp-elements-1cf06c83ab50a291ab861f220c989ce2\" style=\"font-size:clamp(28.836px, 1.802rem + ((1vw - 3.2px) * 2.205), 50px);\">Authentisches Wohlbefinden<\/p>\n\n\n\n<p class=\"has-text-align-right has-base-color has-text-color has-link-color has-x-large-font-size wp-elements-c47d81809f4bf41e73f69e61780f8108\" style=\"margin-top:0;margin-bottom:var(--wp--preset--spacing--30);padding-top:0;padding-bottom:0;font-style:normal;font-weight:900;line-height:1\">&#8230;<\/p>\n<\/div>\n\n\n\n<div class=\"wp-block-column is-vertically-aligned-center gt-no-padding-mobile is-layout-flow wp-block-column-is-layout-flow\" style=\"padding-left:70px\">\n<p class=\"has-base-color has-text-color has-link-color wp-elements-0bb38c5e110df74011be591d83b80bb4\">Unsere Chalets &#8222;Les Vintages&#8220; sind f\u00fcr 2 bis 5 Personen ausgestattet.  <\/p>\n\n\n\n<p class=\"has-base-color has-text-color has-link-color wp-elements-0c2d64efea83ca27080569e2c8963e66\">Sie bestehen aus 2 Schlafzimmern, einem Badezimmer und einer K\u00fcchenzeile.  <\/p>\n\n\n\n<p class=\"has-base-color has-text-color has-link-color wp-elements-cf499175fcdd35bacd415dcb0a53859d\">Sie k\u00f6nnen auch einen Innen- und Au\u00dfenwohnbereich mit einer sch\u00f6nen \u00fcberdachten Terrasse genie\u00dfen.  <\/p>\n\n\n\n<p class=\"has-base-color has-text-color has-link-color wp-elements-4c8f994c8802066b220a198aaacfa42f\">Eine funktionelle Einrichtung und Ausstattung, damit Sie sich wie zu Hause f\u00fchlen k\u00f6nnen. Und um Ihre Entspannungspause zu vervollst\u00e4ndigen, k\u00f6nnen Sie den Wellnessbereich des Waldes (Terrasse und Sauna) nutzen. <\/p>\n<\/div>\n<\/div>\n<\/div>\n\n<div class=\"wp-block-group alignfull section-faq has-global-padding is-layout-constrained wp-block-group-is-layout-constrained\" style=\"margin-top:0px;margin-bottom:0px;padding-bottom:var(--wp--preset--spacing--40)\">\n<div class=\"wp-block-group alignwide group-one is-layout-flow wp-block-group-is-layout-flow\">\n<div class=\"wp-block-columns is-layout-flex wp-container-core-columns-is-layout-b576b43e wp-block-columns-is-layout-flex\" style=\"padding-top:var(--wp--preset--spacing--50);padding-bottom:var(--wp--preset--spacing--50)\">\n<div class=\"wp-block-column is-layout-flow wp-block-column-is-layout-flow\">\n<p class=\"has-text-align-right animated fadeInLeft slower has-contrast-color has-text-color has-link-color has-impact-font-family gt-no-margin-mobile wp-elements-542d7e4f518abf8c91702dc7cd69dc3d\" style=\"margin-right:65px;margin-left:0;font-size:clamp(46.18px, 2.886rem + ((1vw - 3.2px) * 4.565), 90px);font-style:normal;font-weight:400;line-height:1\">Sanftheit auf dem Gipfel<\/p>\n<\/div>\n\n\n\n<div class=\"wp-block-column is-layout-flow wp-block-column-is-layout-flow\"><\/div>\n<\/div>\n\n\n\n<div class=\"wp-block-columns columns-section-one gt-reverse-mobile is-layout-flex wp-container-core-columns-is-layout-ba42e1e2 wp-block-columns-is-layout-flex\" style=\"margin-bottom:var(--wp--preset--spacing--50)\">\n<div class=\"wp-block-column is-layout-flow wp-block-column-is-layout-flow\" style=\"padding-right:0px;padding-left:0px;flex-basis:50%\">\n<div class=\"wp-block-cover\" style=\"min-height:100%;aspect-ratio:unset;\"><span aria-hidden=\"true\" class=\"wp-block-cover__background has-background-dim-0 has-background-dim\" style=\"background-color:#7f8272\"><\/span><img decoding=\"async\" width=\"800\" height=\"1000\" class=\"wp-block-cover__image-background wp-image-1796\" alt=\"naturecamp camping nature avec services vosges\" src=\"https:\/\/naturcamp.fr\/wp-content\/uploads\/2025\/02\/naturecamp-camping-nature-avec-services-vosges.webp\" data-object-fit=\"cover\" srcset=\"https:\/\/naturcamp.fr\/wp-content\/uploads\/2025\/02\/naturecamp-camping-nature-avec-services-vosges.webp 800w, https:\/\/naturcamp.fr\/wp-content\/uploads\/2025\/02\/naturecamp-camping-nature-avec-services-vosges-240x300.webp 240w, https:\/\/naturcamp.fr\/wp-content\/uploads\/2025\/02\/naturecamp-camping-nature-avec-services-vosges-768x960.webp 768w\" sizes=\"(max-width: 800px) 100vw, 800px\" \/><div class=\"wp-block-cover__inner-container has-global-padding is-layout-constrained wp-block-cover-is-layout-constrained\">\n<figure class=\"wp-block-image size-full is-resized has-custom-border\" style=\"margin-left:-120px\"><img decoding=\"async\" width=\"1600\" height=\"1200\" src=\"https:\/\/naturcamp.fr\/wp-content\/uploads\/2025\/02\/exterieur-cabane-lodge-1.webp\" alt=\"Au&#xDF;enbereich der Lodge\" class=\"has-border-color has-base-border-color wp-image-1848\" style=\"border-radius:5px;aspect-ratio:1;object-fit:cover;width:500px\" srcset=\"https:\/\/naturcamp.fr\/wp-content\/uploads\/2025\/02\/exterieur-cabane-lodge-1.webp 1600w, https:\/\/naturcamp.fr\/wp-content\/uploads\/2025\/02\/exterieur-cabane-lodge-1-300x225.webp 300w, https:\/\/naturcamp.fr\/wp-content\/uploads\/2025\/02\/exterieur-cabane-lodge-1-1024x768.webp 1024w, https:\/\/naturcamp.fr\/wp-content\/uploads\/2025\/02\/exterieur-cabane-lodge-1-768x576.webp 768w, https:\/\/naturcamp.fr\/wp-content\/uploads\/2025\/02\/exterieur-cabane-lodge-1-1536x1152.webp 1536w\" sizes=\"(max-width: 1600px) 100vw, 1600px\" \/><\/figure>\n<\/div><\/div>\n<\/div>\n\n\n\n<div class=\"wp-block-column gt-no-padding-mobile is-layout-flow wp-block-column-is-layout-flow\" style=\"padding-top:var(--wp--preset--spacing--50);padding-right:0px;padding-bottom:var(--wp--preset--spacing--50);padding-left:70px;flex-basis:50%\"><h3 class=\"wp-block-heading has-text-align-left has-contrast-3-color has-text-color has-link-color wp-elements-5d58257460f97b13201355c4ead4178a\" id=\"chalets-mit-whirlpool-les-cabanes-lodges-die-huettenlodges\">Chalets mit Whirlpool &#8222;Les Cabanes lodges&#8220; (Die H\u00fcttenlodges)<\/h3>\n\n\n<p class=\"has-contrast-3-color has-text-color has-link-color has-x-large-font-size wp-elements-8baacb69aad0eb001584ea6f2635e354\" style=\"margin-top:0;margin-bottom:var(--wp--preset--spacing--30);padding-top:0;padding-right:0px;padding-bottom:0;font-style:normal;font-weight:900;line-height:1\">&#8230;<\/p>\n\n\n\n<p class=\"has-text-align-left has-contrast-3-color has-text-color has-link-color wp-elements-6de308a7624af99182567c1198e86ead\">Unsere 3 &#8222;Cabanes Lodges&#8220; im Holzstil haben ein begr\u00fcntes Dach, das sich in die umliegende Natur einf\u00fcgt und einen echten Kokon der Ruhe bildet. Diese Chalets im Herzen der Vogesen sind ausgesprochen gem\u00fctlich und modern und eignen sich perfekt f\u00fcr einen romantischen Urlaub zu zweit.   <\/p>\n\n\n\n<p class=\"has-text-align-left has-contrast-3-color has-text-color has-link-color wp-elements-700fe1a227eba867fd4cec54bc90b8e8\">Alle unsere Cabane Lodges sind mit einer hochwertigen K\u00fcche, einem Badezimmer mit Dusche, einem separaten WC, einem Schlafzimmer (1 Doppelbett), einem Wohnbereich mit einem ausziehbaren Bett und einer sch\u00f6nen Terrasse ausgestattet.  <\/p>\n\n\n\n<p class=\"has-text-align-left has-contrast-3-color has-text-color has-link-color wp-elements-be7ab1350f958f2e8c8d0fc3cf1ea8f4\">Und f\u00fcr Ihre Entspannung verf\u00fcgt jede Cabane Lodge \u00fcber ein eigenes Spa, f\u00fcr ein beruhigendes und unvergessliches Erlebnis.<\/p>\n<\/div>\n<\/div>\n<\/div>\n<\/div>\n\n<div class=\"wp-block-group alignfull section-one-bis has-contrast-background-color has-background has-global-padding is-layout-constrained wp-block-group-is-layout-constrained\" style=\"margin-top:0px;margin-bottom:0px;padding-top:var(--wp--preset--spacing--60);padding-bottom:var(--wp--preset--spacing--40)\">\n<div class=\"wp-block-group alignwide group-one is-layout-flow wp-block-group-is-layout-flow\">\n<div class=\"wp-block-columns columns-section-one gt-reverse-mobile is-layout-flex wp-container-core-columns-is-layout-ba42e1e2 wp-block-columns-is-layout-flex\" style=\"margin-bottom:var(--wp--preset--spacing--50)\">\n<div class=\"wp-block-column gt-no-padding-mobile is-layout-flow wp-block-column-is-layout-flow\" style=\"padding-right:70px;padding-left:70px;flex-basis:50%\"><h2 class=\"wp-block-heading has-text-align-right has-base-color has-text-color has-link-color wp-elements-e01567a56054e7e1dc45ebf8e5098400\" id=\"warum-ein-chalet-in-der-naehe-der-vogesen-mieten\">Warum ein Chalet in der N\u00e4he der Vogesen mieten?<\/h2>\n\n\n<p class=\"has-text-align-right has-base-color has-text-color has-link-color has-x-large-font-size wp-elements-c47d81809f4bf41e73f69e61780f8108\" style=\"margin-top:0;margin-bottom:var(--wp--preset--spacing--30);padding-top:0;padding-bottom:0;font-style:normal;font-weight:900;line-height:1\">&#8230;<\/p>\n\n\n\n<p class=\"has-text-align-right has-base-color has-text-color has-link-color wp-elements-61131a8f4b237972405755815505d995\">Ein Chalet in den Vogesen zu mieten bedeutet, eine au\u00dfergew\u00f6hnliche Umgebung auf einem <a href=\"https:\/\/naturcamp.fr\/wp-content\/uploads\/2025\/02\/labels-ecoresponsable-naturcamp.webp\" data-type=\"attachment\" data-id=\"1406\">umweltfreundlichen Campingplatz<\/a> zu genie\u00dfen.<\/p>\n\n\n\n<p class=\"has-text-align-right has-base-color has-text-color has-link-color wp-elements-3eccb133c549caa801b34fc7415977f4\">In der N\u00e4he befindet sich der <strong>Grand Ballon<\/strong>, der h\u00f6chste Punkt der Vogesen, ideal f\u00fcr verschiedene Aktivit\u00e4ten wie Wandern und spektakul\u00e4re Panoramen.<\/p>\n\n\n\n<p class=\"has-text-align-right has-base-color has-text-color has-link-color wp-elements-bb444c18b6ea45cd31eeaaac07ce6fd8\">Die Region bietet auch ruhige <strong>Wanderwege<\/strong> durch die W\u00e4lder und <strong>Aktivit\u00e4ten<\/strong> wie Paragliding. Nach einem Tag an der frischen Luft k\u00f6nnen Sie den Komfort eines Chalets genie\u00dfen, das perfekt ist, um <strong>lokale Spezialit\u00e4ten<\/strong> wie Torte, Gugelhupf oder K\u00e4se wie M\u00fcnsterk\u00e4se zu probieren. <\/p>\n<\/div>\n\n\n\n<div class=\"wp-block-column is-layout-flow wp-block-column-is-layout-flow\" style=\"flex-basis:50%\">\n<figure class=\"wp-block-image size-full\"><img decoding=\"async\" width=\"1080\" height=\"1080\" src=\"https:\/\/naturcamp.fr\/wp-content\/uploads\/2025\/02\/randonnee-grand-ballon.webp\" alt=\"Wanderung &quot;Grand Ballon\" class=\"wp-image-1965\" style=\"aspect-ratio:1;object-fit:cover\" srcset=\"https:\/\/naturcamp.fr\/wp-content\/uploads\/2025\/02\/randonnee-grand-ballon.webp 1080w, https:\/\/naturcamp.fr\/wp-content\/uploads\/2025\/02\/randonnee-grand-ballon-300x300.webp 300w, https:\/\/naturcamp.fr\/wp-content\/uploads\/2025\/02\/randonnee-grand-ballon-1024x1024.webp 1024w, https:\/\/naturcamp.fr\/wp-content\/uploads\/2025\/02\/randonnee-grand-ballon-150x150.webp 150w, https:\/\/naturcamp.fr\/wp-content\/uploads\/2025\/02\/randonnee-grand-ballon-768x768.webp 768w, https:\/\/naturcamp.fr\/wp-content\/uploads\/2025\/02\/randonnee-grand-ballon-400x400.webp 400w, https:\/\/naturcamp.fr\/wp-content\/uploads\/2025\/02\/randonnee-grand-ballon-600x600.webp 600w\" sizes=\"(max-width: 1080px) 100vw, 1080px\" \/><\/figure>\n<\/div>\n<\/div>\n<\/div>\n<\/div>\n\n<div class=\"wp-block-group alignfull section-third is-layout-flow wp-block-group-is-layout-flow\" style=\"margin-top:0px;padding-top:var(--wp--preset--spacing--50);padding-bottom:var(--wp--preset--spacing--50)\">\n<p class=\"has-text-align-center animated fadeInDown slower has-contrast-3-color has-text-color has-link-color has-impact-font-family wp-elements-3427b6d20657a3d1e5a2eac1aafbf3e5\" style=\"font-size:clamp(2.629rem, 2.629rem + ((1vw - 0.2rem) * 3.952), 5rem);line-height:1\">Natur und Prestige<\/p>\n<\/div>\n\n<div class=\"wp-block-cover alignfull is-light section-third-bis\" style=\"margin-top:0px;margin-bottom:var(--wp--preset--spacing--50);min-height:640px;aspect-ratio:unset;\"><span aria-hidden=\"true\" class=\"wp-block-cover__background has-background-dim-0 has-background-dim\" style=\"background-color:#c6ccc6\"><\/span><img decoding=\"async\" width=\"1920\" height=\"640\" class=\"wp-block-cover__image-background wp-image-567\" alt=\"bg-section-3\" src=\"https:\/\/naturcamp.fr\/wp-content\/uploads\/2025\/01\/bg-section-3.jpg\" data-object-fit=\"cover\" srcset=\"https:\/\/naturcamp.fr\/wp-content\/uploads\/2025\/01\/bg-section-3.jpg 1920w, https:\/\/naturcamp.fr\/wp-content\/uploads\/2025\/01\/bg-section-3-300x100.jpg 300w, https:\/\/naturcamp.fr\/wp-content\/uploads\/2025\/01\/bg-section-3-1024x341.jpg 1024w, https:\/\/naturcamp.fr\/wp-content\/uploads\/2025\/01\/bg-section-3-768x256.jpg 768w, https:\/\/naturcamp.fr\/wp-content\/uploads\/2025\/01\/bg-section-3-1536x512.jpg 1536w\" sizes=\"(max-width: 1920px) 100vw, 1920px\" \/><div class=\"wp-block-cover__inner-container has-global-padding is-layout-constrained wp-block-cover-is-layout-constrained\">\n<div class=\"wp-block-query alignwide has-global-padding is-layout-constrained wp-container-core-query-is-layout-7a3688e9 wp-block-query-is-layout-constrained\"><ul class=\"columns-3 alignfull wp-block-post-template is-layout-grid wp-container-core-post-template-is-layout-4142fc9f wp-block-post-template-is-layout-grid\"><li class=\"wp-block-post post-2485 page type-page status-publish has-post-thumbnail hentry\">\n\n<div class=\"wp-block-group has-border-color has-base-border-color has-global-padding is-layout-constrained wp-container-core-group-is-layout-f54c662a wp-block-group-is-layout-constrained\" style=\"border-width:4px;margin-top:0px;margin-bottom:0px;padding-top:0px;padding-right:0px;padding-bottom:0px;padding-left:0px\">\n<figure class=\"wp-block-image is-style-default wp-duotone-unset-7\"><img decoding=\"async\" src=\"https:\/\/naturcamp.fr\/wp-content\/uploads\/2025\/02\/velo-tent-ecoresponsabilite.webp\" alt=\"Aktivit&#xE4;ten auf dem Campingplatz Elsass\" style=\"aspect-ratio:1;object-fit:cover\"\/><\/figure>\n\n\n\n<p class=\"has-text-align-center has-base-2-color has-contrast-2-background-color has-text-color has-background has-link-color has-impact-font-family wp-elements-91f0d1841a74491696fd75bbe9d1538f\" style=\"border-style:none;border-width:0px;padding-top:0.5rem;padding-right:20px;padding-bottom:0.5rem;padding-left:20px;font-size:clamp(0.875rem, 0.875rem + ((1vw - 0.2rem) * 0.208), 1rem);letter-spacing:1px;text-transform:uppercase\">Unsere Standorte<\/p>\n\n\n<a class=\"is-style-lien-cover wp-block-read-more\" href=\"https:\/\/naturcamp.fr\/de\/vermietung-standplatz-alsace\/\" target=\"_self\">Weiterlesen<span class=\"screen-reader-text\">: Unsere Standorte<\/span><\/a><\/div>\n\n<\/li><li class=\"wp-block-post post-2499 page type-page status-publish has-post-thumbnail hentry\">\n\n<div class=\"wp-block-group has-border-color has-base-border-color has-global-padding is-layout-constrained wp-container-core-group-is-layout-f54c662a wp-block-group-is-layout-constrained\" style=\"border-width:4px;margin-top:0px;margin-bottom:0px;padding-top:0px;padding-right:0px;padding-bottom:0px;padding-left:0px\">\n<figure class=\"wp-block-image is-style-default wp-duotone-unset-8\"><img decoding=\"async\" src=\"https:\/\/naturcamp.fr\/wp-content\/uploads\/2025\/02\/camping-alsace-vosges-avec-location-de-velo.webp\" alt=\"Aktivit&#xE4;ten auf dem Campingplatz Elsass\" style=\"aspect-ratio:1;object-fit:cover\"\/><\/figure>\n\n\n\n<p class=\"has-text-align-center has-base-2-color has-contrast-2-background-color has-text-color has-background has-link-color has-impact-font-family wp-elements-91f0d1841a74491696fd75bbe9d1538f\" style=\"border-style:none;border-width:0px;padding-top:0.5rem;padding-right:20px;padding-bottom:0.5rem;padding-left:20px;font-size:clamp(0.875rem, 0.875rem + ((1vw - 0.2rem) * 0.208), 1rem);letter-spacing:1px;text-transform:uppercase\">Unsere Dienstleistungen<\/p>\n\n\n<a class=\"is-style-lien-cover wp-block-read-more\" href=\"https:\/\/naturcamp.fr\/de\/familiencampingplatz-alsace\/\" target=\"_self\">Weiterlesen<span class=\"screen-reader-text\">: Unsere Dienstleistungen<\/span><\/a><\/div>\n\n<\/li><li class=\"wp-block-post post-2479 page type-page status-publish has-post-thumbnail hentry\">\n\n<div class=\"wp-block-group has-border-color has-base-border-color has-global-padding is-layout-constrained wp-container-core-group-is-layout-f54c662a wp-block-group-is-layout-constrained\" style=\"border-width:4px;margin-top:0px;margin-bottom:0px;padding-top:0px;padding-right:0px;padding-bottom:0px;padding-left:0px\">\n<figure class=\"wp-block-image is-style-default wp-duotone-unset-9\"><img decoding=\"async\" src=\"https:\/\/naturcamp.fr\/wp-content\/uploads\/2025\/02\/tente-bivouac-3-personnes2.webp\" alt=\"Aktivit&#xE4;ten auf dem Campingplatz Elsass\" style=\"aspect-ratio:1;object-fit:cover\"\/><\/figure>\n\n\n\n<p class=\"has-text-align-center has-base-2-color has-contrast-2-background-color has-text-color has-background has-link-color has-impact-font-family wp-elements-91f0d1841a74491696fd75bbe9d1538f\" style=\"border-style:none;border-width:0px;padding-top:0.5rem;padding-right:20px;padding-bottom:0.5rem;padding-left:20px;font-size:clamp(0.875rem, 0.875rem + ((1vw - 0.2rem) * 0.208), 1rem);letter-spacing:1px;text-transform:uppercase\">Preise<\/p>\n\n\n<a class=\"is-style-lien-cover wp-block-read-more\" href=\"https:\/\/naturcamp.fr\/de\/campingplatz-gunstiger-alsace\/\" target=\"_self\">Weiterlesen<span class=\"screen-reader-text\">: Preise<\/span><\/a><\/div>\n\n<\/li><\/ul><\/div>\n<\/div><\/div>\n","protected":false},"excerpt":{"rendered":"<p>Mieten Sie Ihr Chalet in der N\u00e4he der Vogesen Mieten Sie auf unserem Campingplatz im Elsass das Chalet, das Sie gl\u00fccklich machen wird! Wir bieten eine gro\u00dfe Auswahl an Unterk\u00fcnften, vom Chalet bis zur Cabane Lodge mit Spa. Ideale Unterk\u00fcnfte, um unsere Berge in den Vogesen zu genie\u00dfen und dabei Komfort und Entspannung miteinander zu [&hellip;]<\/p>\n","protected":false},"author":1,"featured_media":1850,"parent":0,"menu_order":0,"comment_status":"closed","ping_status":"closed","template":"","meta":{"_acf_changed":false,"_seopress_robots_primary_cat":"","_seopress_titles_title":"Chaletvermietung im Elsass | Chalets zum Mieten Vosges","_seopress_titles_desc":"Mieten Sie ein gem\u00fctliches Chalet in der Haute-Vosges mit Wellnessbereich. Genie\u00dfen Sie die Berge der Vogesen f\u00fcr einen entspannten Aufenthalt in der Natur. Buchen Sie jetzt Ihren Urlaub!  ","_seopress_robots_index":"","_gt_ctv_global_id":"","_gt_ctv_id_group":false,"inline_featured_image":false,"gt_fse_maillage_image":"https:\/\/naturcamp.fr\/wp-content\/uploads\/2025\/02\/exterieur-cabane-lodge-1.webp","gt_fse_maillage_titre":"Unsere Chalets","gt_fse_maillage_alt":"Au\u00dfenbereich der Lodge","gt_fse_maillage_resume":"","footnotes":""},"categories":[],"tags":[],"class_list":["post-2489","page","type-page","status-publish","has-post-thumbnail","hentry"],"acf":[],"_links":{"self":[{"href":"https:\/\/naturcamp.fr\/de\/wp-json\/wp\/v2\/pages\/2489","targetHints":{"allow":["GET"]}}],"collection":[{"href":"https:\/\/naturcamp.fr\/de\/wp-json\/wp\/v2\/pages"}],"about":[{"href":"https:\/\/naturcamp.fr\/de\/wp-json\/wp\/v2\/types\/page"}],"author":[{"embeddable":true,"href":"https:\/\/naturcamp.fr\/de\/wp-json\/wp\/v2\/users\/1"}],"replies":[{"embeddable":true,"href":"https:\/\/naturcamp.fr\/de\/wp-json\/wp\/v2\/comments?post=2489"}],"version-history":[{"count":4,"href":"https:\/\/naturcamp.fr\/de\/wp-json\/wp\/v2\/pages\/2489\/revisions"}],"predecessor-version":[{"id":3014,"href":"https:\/\/naturcamp.fr\/de\/wp-json\/wp\/v2\/pages\/2489\/revisions\/3014"}],"wp:featuredmedia":[{"embeddable":true,"href":"https:\/\/naturcamp.fr\/de\/wp-json\/wp\/v2\/media\/1850"}],"wp:attachment":[{"href":"https:\/\/naturcamp.fr\/de\/wp-json\/wp\/v2\/media?parent=2489"}],"wp:term":[{"taxonomy":"category","embeddable":true,"href":"https:\/\/naturcamp.fr\/de\/wp-json\/wp\/v2\/categories?post=2489"},{"taxonomy":"post_tag","embeddable":true,"href":"https:\/\/naturcamp.fr\/de\/wp-json\/wp\/v2\/tags?post=2489"}],"curies":[{"name":"wp","href":"https:\/\/api.w.org\/{rel}","templated":true}]}}