{"id":2493,"date":"2025-01-22T15:32:12","date_gmt":"2025-01-22T14:32:12","guid":{"rendered":"https:\/\/naturcamp.fr\/tourismus-okologische-alsace\/"},"modified":"2025-03-25T11:02:15","modified_gmt":"2025-03-25T10:02:15","slug":"tourismus-okologische-alsace","status":"publish","type":"page","link":"https:\/\/naturcamp.fr\/de\/tourismus-okologische-alsace\/","title":{"rendered":"\u00d6kologische Verantwortung"},"content":{"rendered":"\n<div class=\"wp-block-group alignfull section-one has-contrast-background-color has-background has-global-padding is-layout-constrained wp-block-group-is-layout-constrained\" style=\"margin-top:0px;margin-bottom:0px;padding-bottom:var(--wp--preset--spacing--40)\">\n<div class=\"wp-block-group alignwide group-one is-layout-flow wp-block-group-is-layout-flow\">\n<div class=\"wp-block-columns is-layout-flex wp-container-core-columns-is-layout-b576b43e wp-block-columns-is-layout-flex\" style=\"padding-top:var(--wp--preset--spacing--50);padding-bottom:var(--wp--preset--spacing--50)\">\n<div class=\"wp-block-column is-layout-flow wp-block-column-is-layout-flow\">\n<p class=\"has-text-align-right animated fadeInLeft slower has-contrast-3-color has-text-color has-link-color has-impact-font-family gt-no-margin-mobile wp-elements-da8a5f0d2d734496a934e93a33a65400\" style=\"margin-right:65px;margin-left:0;font-size:clamp(46.18px, 2.886rem + ((1vw - 3.2px) * 4.565), 90px);font-style:normal;font-weight:400;line-height:1\">Natur und Verpflichtung<\/p>\n<\/div>\n\n\n\n<div class=\"wp-block-column is-layout-flow wp-block-column-is-layout-flow\"><\/div>\n<\/div>\n\n\n\n<div class=\"wp-block-columns columns-section-one gt-reverse-mobile is-layout-flex wp-container-core-columns-is-layout-ba42e1e2 wp-block-columns-is-layout-flex\" style=\"margin-bottom:var(--wp--preset--spacing--50)\">\n<div class=\"wp-block-column is-layout-flow wp-block-column-is-layout-flow\" style=\"flex-basis:50%\">\n<div class=\"wp-block-cover\" style=\"min-height:100%;aspect-ratio:unset;\"><span aria-hidden=\"true\" class=\"wp-block-cover__background has-background-dim-0 has-background-dim\" style=\"background-color:#6f7c84\"><\/span><img decoding=\"async\" width=\"1280\" height=\"960\" class=\"wp-block-cover__image-background wp-image-1548\" alt=\"camping alsace naturcamp pre\" src=\"https:\/\/naturcamp.fr\/wp-content\/uploads\/2025\/02\/camping-alsace-naturcamp-pre.webp\" data-object-fit=\"cover\" srcset=\"https:\/\/naturcamp.fr\/wp-content\/uploads\/2025\/02\/camping-alsace-naturcamp-pre.webp 1280w, https:\/\/naturcamp.fr\/wp-content\/uploads\/2025\/02\/camping-alsace-naturcamp-pre-300x225.webp 300w, https:\/\/naturcamp.fr\/wp-content\/uploads\/2025\/02\/camping-alsace-naturcamp-pre-1024x768.webp 1024w, https:\/\/naturcamp.fr\/wp-content\/uploads\/2025\/02\/camping-alsace-naturcamp-pre-768x576.webp 768w\" sizes=\"(max-width: 1280px) 100vw, 1280px\" \/><div class=\"wp-block-cover__inner-container has-global-padding is-layout-constrained wp-block-cover-is-layout-constrained\">\n<div data-swiper=\"{&quot;speed&quot;:400,&quot;spaceBetween&quot;:16,&quot;slidesPerView&quot;:&quot;1&quot;,&quot;createElements&quot;:true,&quot;loop&quot;:true,&quot;freemode&quot;:true,&quot;pagination&quot;:{&quot;el&quot;:&quot;.swiper-pagination&quot;,&quot;dynamicBullets&quot;:true},&quot;breakpoints&quot;:{&quot;0&quot;:{&quot;slidesPerView&quot;:1},&quot;380&quot;:{&quot;slidesPerView&quot;:&quot;1&quot;},&quot;1024&quot;:{&quot;slidesPerView&quot;:&quot;1&quot;}},&quot;navigation&quot;:false,&quot;autoplay&quot;:true}\" class=\"wp-block-group gt-is-slider gt-is-slider-desktop is-layout-grid wp-container-core-group-is-layout-63441e74 wp-block-group-is-layout-grid\" style=\"border-radius:0px\">\n<figure class=\"wp-block-image size-full has-custom-border\"><img decoding=\"async\" width=\"573\" height=\"573\" src=\"https:\/\/naturcamp.fr\/wp-content\/uploads\/2025\/02\/labels-camping-familial-vosges-1.webp\" alt=\"labels familiencamping vosges\" class=\"has-border-color has-base-border-color wp-image-1504\" style=\"border-radius:5px;aspect-ratio:1;object-fit:cover\" srcset=\"https:\/\/naturcamp.fr\/wp-content\/uploads\/2025\/02\/labels-camping-familial-vosges-1.webp 573w, https:\/\/naturcamp.fr\/wp-content\/uploads\/2025\/02\/labels-camping-familial-vosges-1-300x300.webp 300w, https:\/\/naturcamp.fr\/wp-content\/uploads\/2025\/02\/labels-camping-familial-vosges-1-150x150.webp 150w, https:\/\/naturcamp.fr\/wp-content\/uploads\/2025\/02\/labels-camping-familial-vosges-1-400x400.webp 400w\" sizes=\"(max-width: 573px) 100vw, 573px\" \/><\/figure>\n\n\n\n<figure class=\"wp-block-image size-full has-custom-border\"><img decoding=\"async\" width=\"573\" height=\"573\" src=\"https:\/\/naturcamp.fr\/wp-content\/uploads\/2025\/02\/labels-caming-randonnee-1.webp\" alt=\"Caming Labels Wandern\" class=\"has-border-color wp-image-1508\" style=\"border-color:#ffffff;border-radius:5px;aspect-ratio:1;object-fit:cover\" srcset=\"https:\/\/naturcamp.fr\/wp-content\/uploads\/2025\/02\/labels-caming-randonnee-1.webp 573w, https:\/\/naturcamp.fr\/wp-content\/uploads\/2025\/02\/labels-caming-randonnee-1-300x300.webp 300w, https:\/\/naturcamp.fr\/wp-content\/uploads\/2025\/02\/labels-caming-randonnee-1-150x150.webp 150w, https:\/\/naturcamp.fr\/wp-content\/uploads\/2025\/02\/labels-caming-randonnee-1-400x400.webp 400w\" sizes=\"(max-width: 573px) 100vw, 573px\" \/><\/figure>\n\n\n\n<figure class=\"wp-block-image size-full has-custom-border\"><img decoding=\"async\" width=\"573\" height=\"573\" src=\"https:\/\/naturcamp.fr\/wp-content\/uploads\/2025\/02\/velo-tent-ecoresponsabilite.webp\" alt=\"Fahrradversuch &#xD6;kologische Verantwortung\" class=\"has-border-color has-base-border-color wp-image-1512\" style=\"border-radius:5px;aspect-ratio:1;object-fit:cover\" srcset=\"https:\/\/naturcamp.fr\/wp-content\/uploads\/2025\/02\/velo-tent-ecoresponsabilite.webp 573w, https:\/\/naturcamp.fr\/wp-content\/uploads\/2025\/02\/velo-tent-ecoresponsabilite-300x300.webp 300w, https:\/\/naturcamp.fr\/wp-content\/uploads\/2025\/02\/velo-tent-ecoresponsabilite-150x150.webp 150w, https:\/\/naturcamp.fr\/wp-content\/uploads\/2025\/02\/velo-tent-ecoresponsabilite-400x400.webp 400w\" sizes=\"(max-width: 573px) 100vw, 573px\" \/><\/figure>\n<\/div>\n<\/div><\/div>\n<\/div>\n\n\n\n<div class=\"wp-block-column is-vertically-aligned-center gt-no-padding-mobile is-layout-flow wp-block-column-is-layout-flow\" style=\"padding-right:70px;padding-left:70px;flex-basis:50%\"><h1 class=\"wp-block-heading has-text-align-left has-base-color has-text-color has-link-color wp-elements-de94211dafcae2ba6e67a5ab4b3fb450\" id=\"unser-umweltbewusster-campingplatz-im-elsass\"><br>Unser umweltbewusster Campingplatz im Elsass<\/h1>\n\n\n<p class=\"has-base-color has-text-color has-link-color has-x-large-font-size wp-elements-b73623339fb909f877e55ae53996515a\" style=\"margin-top:0;margin-bottom:var(--wp--preset--spacing--30);padding-top:0;padding-bottom:0;font-style:normal;font-weight:900;line-height:1\">&#8230;<\/p>\n\n\n\n<p class=\"has-text-align-left has-base-color has-text-color has-link-color wp-elements-be0bd4c36482bc40e5ffc59b5344405d\">Um unsere Umwelt zu sch\u00fctzen, setzen wir uns f\u00fcr einen <strong>nachhaltigen Tourismus<\/strong> ein.  <\/p>\n\n\n\n<p class=\"has-text-align-left has-base-color has-text-color has-link-color wp-elements-c6b0315ff8c73e04e820303b6a451844\">Auf dem <a href=\"https:\/\/naturcamp.fr\/de\/\" data-type=\"page\" data-id=\"6\">Campingplatz im Elsass<\/a> wurde eine <strong>Charta f\u00fcr umweltbewusstes<\/strong> Handeln eingef\u00fchrt, die Gewissheit, dass wir uns ernsthaft f\u00fcr unseren Planeten einsetzen.<\/p>\n\n\n\n<p class=\"has-text-align-left has-base-color has-text-color has-link-color wp-elements-d86afe1a9ad98ebf3c364dbc83520e56\">Aus diesem Grund haben wir uns auch daf\u00fcr entschieden, die <strong>sanfte Mobilit\u00e4t<\/strong> zu f\u00f6rdern, indem wir <strong>Radfahrer und Wanderer empfangen<\/strong> und ihnen spezielle Dienstleistungen anbieten.<\/p>\n<\/div>\n<\/div>\n<\/div>\n<\/div>\n\n<div class=\"wp-block-group alignfull section-two has-base-background-color has-background has-global-padding is-layout-constrained wp-block-group-is-layout-constrained\" style=\"margin-top:0px;margin-bottom:0px;padding-bottom:0\">\n<div class=\"wp-block-group alignwide group-one is-layout-flow wp-block-group-is-layout-flow\">\n<div class=\"wp-block-columns is-layout-flex wp-container-core-columns-is-layout-b576b43e wp-block-columns-is-layout-flex\" style=\"padding-top:var(--wp--preset--spacing--50);padding-bottom:var(--wp--preset--spacing--50)\">\n<div class=\"wp-block-column is-layout-flow wp-block-column-is-layout-flow\"><\/div>\n\n\n\n<div class=\"wp-block-column is-layout-flow wp-block-column-is-layout-flow\">\n<p class=\"has-text-align-left animated fadeInRight slower has-contrast-color has-text-color has-link-color has-impact-font-family gt-no-margin-mobile wp-elements-ad8af0291c5ff191f77d216b30fc4dc6\" style=\"margin-left:65px;font-size:clamp(46.18px, 2.886rem + ((1vw - 3.2px) * 4.565), 90px);font-style:normal;font-weight:400;line-height:1\">Nachhaltiges Reisen<\/p>\n<\/div>\n<\/div>\n\n\n\n<div class=\"wp-block-columns columns-section-one is-layout-flex wp-container-core-columns-is-layout-ba42e1e2 wp-block-columns-is-layout-flex\" style=\"margin-bottom:var(--wp--preset--spacing--50)\">\n<div class=\"wp-block-column gt-no-padding-mobile is-layout-flow wp-block-column-is-layout-flow\" style=\"padding-right:70px;padding-left:70px;flex-basis:50%\"><h2 class=\"wp-block-heading has-text-align-right has-contrast-3-color has-text-color has-link-color wp-elements-8292c6e2df16c6d91445889315354914\" id=\"accueil-velo-radfahrer-willkommen\">Accueil V\u00e9lo: Radfahrer willkommen!<\/h2>\n\n\n<p class=\"has-text-align-right has-contrast-2-color has-text-color has-link-color has-licorice-font-family wp-elements-6e49b149d98d0852dc175975f4e00f74\" style=\"font-size:clamp(28.836px, 1.802rem + ((1vw - 3.2px) * 2.205), 50px);font-style:normal;font-weight:400\">Naturpause mit dem Fahrrad<\/p>\n\n\n\n<p class=\"has-text-align-right has-contrast-3-color has-text-color has-link-color has-x-large-font-size wp-elements-9a80da93b24133ae70383ce4fe9c3a8d\" style=\"margin-top:0;margin-bottom:var(--wp--preset--spacing--30);padding-top:0;padding-bottom:0;font-style:normal;font-weight:900;line-height:1\">&#8230;<\/p>\n\n\n\n<p class=\"has-text-align-right has-contrast-3-color has-text-color has-link-color wp-elements-20aeb567c51148f6f75a913921fd17f6\">Freunde von Radfahrern auf Wanderschaft, wir freuen uns, Sie f\u00fcr einen Zwischenstopp im Natur&#8217;camp in einem unserer Chalets oder Stellpl\u00e4tze begr\u00fc\u00dfen zu d\u00fcrfen! F\u00fcr die Zeit Ihres Aufenthalts auf unserem <a href=\"https:\/\/naturcamp.fr\/de\/familiencampingplatz-alsace\/\" data-type=\"page\" data-id=\"507\">Campingplatz mit Service im Elsass <\/a>bieten wir Ihnen Leistungen, die auf Ihre Bed\u00fcrfnisse zugeschnitten sind.  <\/p>\n<\/div>\n\n\n\n<div class=\"wp-block-column is-layout-flow wp-block-column-is-layout-flow\" style=\"flex-basis:50%\">\n<div class=\"wp-block-cover\" style=\"min-height:100%;aspect-ratio:unset;\"><span aria-hidden=\"true\" class=\"wp-block-cover__background has-background-dim-0 has-background-dim\" style=\"background-color:#616058\"><\/span><img decoding=\"async\" width=\"1281\" height=\"1708\" class=\"wp-block-cover__image-background wp-image-1532\" alt=\"camping alsace naturcamp foret\" src=\"https:\/\/naturcamp.fr\/wp-content\/uploads\/2025\/02\/camping-alsace-naturcamp-foret.webp\" data-object-fit=\"cover\" srcset=\"https:\/\/naturcamp.fr\/wp-content\/uploads\/2025\/02\/camping-alsace-naturcamp-foret.webp 1281w, https:\/\/naturcamp.fr\/wp-content\/uploads\/2025\/02\/camping-alsace-naturcamp-foret-225x300.webp 225w, https:\/\/naturcamp.fr\/wp-content\/uploads\/2025\/02\/camping-alsace-naturcamp-foret-768x1024.webp 768w, https:\/\/naturcamp.fr\/wp-content\/uploads\/2025\/02\/camping-alsace-naturcamp-foret-1152x1536.webp 1152w\" sizes=\"(max-width: 1281px) 100vw, 1281px\" \/><div class=\"wp-block-cover__inner-container has-global-padding is-layout-constrained wp-block-cover-is-layout-constrained\">\n<figure class=\"wp-block-image size-full is-resized has-custom-border\" style=\"margin-left:-120px\"><img decoding=\"async\" width=\"573\" height=\"573\" src=\"https:\/\/naturcamp.fr\/wp-content\/uploads\/2025\/02\/sortie-dans-les-vosges-a-velo-camping-en-alsace.jpg\" alt=\"Fahrradtour in den Vogesen Camping im Elsass\" class=\"has-border-color has-base-border-color wp-image-1949\" style=\"border-radius:5px;aspect-ratio:1;object-fit:cover;width:500px\" srcset=\"https:\/\/naturcamp.fr\/wp-content\/uploads\/2025\/02\/sortie-dans-les-vosges-a-velo-camping-en-alsace.jpg 573w, https:\/\/naturcamp.fr\/wp-content\/uploads\/2025\/02\/sortie-dans-les-vosges-a-velo-camping-en-alsace-300x300.jpg 300w, https:\/\/naturcamp.fr\/wp-content\/uploads\/2025\/02\/sortie-dans-les-vosges-a-velo-camping-en-alsace-150x150.jpg 150w, https:\/\/naturcamp.fr\/wp-content\/uploads\/2025\/02\/sortie-dans-les-vosges-a-velo-camping-en-alsace-400x400.jpg 400w\" sizes=\"(max-width: 573px) 100vw, 573px\" \/><\/figure>\n<\/div><\/div>\n<\/div>\n<\/div>\n<\/div>\n<\/div>\n\n<div class=\"wp-block-group alignfull section-six has-contrast-background-color has-background has-global-padding is-layout-constrained wp-container-core-group-is-layout-2ed36ca4 wp-block-group-is-layout-constrained\" style=\"margin-top:0px;margin-bottom:0px;padding-bottom:var(--wp--preset--spacing--40)\">\n<div class=\"wp-block-columns are-vertically-aligned-center is-layout-flex wp-container-core-columns-is-layout-51c0b34d wp-block-columns-is-layout-flex\" style=\"padding-top:var(--wp--preset--spacing--50);padding-bottom:var(--wp--preset--spacing--50)\">\n<div class=\"wp-block-column is-vertically-aligned-center gt-no-padding-mobile is-layout-flow wp-block-column-is-layout-flow\" style=\"padding-right:70px\">\n<p class=\"has-text-align-right has-base-color has-text-color has-link-color has-impact-font-family has-large-font-size wp-elements-ae94f1b07320d1b6eb74512314c1f248\" style=\"text-transform:uppercase\">Dienstleistungen f\u00fcr Radfahrer<\/p>\n\n\n\n<p class=\"has-text-align-right has-base-color has-text-color has-link-color has-licorice-font-family wp-elements-a1c75ff5962fd1e29f61f0350c0e2e8b\" style=\"font-size:clamp(28.836px, 1.802rem + ((1vw - 3.2px) * 2.205), 50px);\">Ein Aufenthalt, der an Sie gedacht ist<\/p>\n\n\n\n<p class=\"has-text-align-right has-base-color has-text-color has-link-color has-x-large-font-size wp-elements-c47d81809f4bf41e73f69e61780f8108\" style=\"margin-top:0;margin-bottom:var(--wp--preset--spacing--30);padding-top:0;padding-bottom:0;font-style:normal;font-weight:900;line-height:1\">&#8230;<\/p>\n<\/div>\n\n\n\n<div class=\"wp-block-column is-vertically-aligned-center gt-no-padding-mobile is-layout-flow wp-block-column-is-layout-flow\" style=\"padding-left:70px\">\n<ul class=\"wp-block-list has-base-color has-text-color has-link-color wp-elements-736b6a1d2fc3b9045e757270b85aa1ad\">\n<li>Informationen und Unterlagen an der Rezeption \u00fcber Fahrrad- und Mountainbike-Routen in der N\u00e4he.<\/li>\n\n\n\n<li>Eine kostenlose Internetverbindung (1 Code) \u00fcber Wifi,<\/li>\n\n\n\n<li>Ein Reparatur- und Wartungskit steht zur Verf\u00fcgung.<\/li>\n\n\n\n<li>Die M\u00f6glichkeit, Ihre W\u00e4sche (W\u00e4schebeh\u00e4lter auf dem Campingplatz) und Ihr Fahrrad zu waschen.<\/li>\n\n\n\n<li>Ein sicherer Fahrradabstellraum.<\/li>\n\n\n\n<li>Eine <strong>komfortable<\/strong> Unterkunft <strong>im Biwak<\/strong> mit K\u00fcchenzeile, Geschirr und einem richtigen Bett.<\/li>\n\n\n\n<li>Ein Lebensmittelgesch\u00e4ft mit lokalen Produkten.<\/li>\n\n\n\n<li>Ein Aperitif mit einem Brettchen aus der Region auf unserer Terrasse f\u00fcr ein wenig lokale S\u00fc\u00dfe w\u00e4hrend Ihres Aufenthaltes bei uns.<\/li>\n\n\n\n<li>Zugang zu einem Wald-Wellnessbereich.<\/li>\n<\/ul>\n<\/div>\n<\/div>\n<\/div>\n\n<div class=\"wp-block-cover alignfull is-light has-custom-content-position is-position-bottom-center section-five\" style=\"margin-top:0px;margin-bottom:0px;min-height:80vh;aspect-ratio:unset;\"><span aria-hidden=\"true\" class=\"wp-block-cover__background has-background-dim-0 has-background-dim\" style=\"background-color:#a59a6a\"><\/span><img decoding=\"async\" width=\"1500\" height=\"844\" class=\"wp-block-cover__image-background wp-image-1517\" alt=\"camping alsace decouverte ecoresponsable\" src=\"https:\/\/naturcamp.fr\/wp-content\/uploads\/2025\/02\/camping-alsace-decouverte-ecoresponsable.webp\" data-object-fit=\"cover\" srcset=\"https:\/\/naturcamp.fr\/wp-content\/uploads\/2025\/02\/camping-alsace-decouverte-ecoresponsable.webp 1500w, https:\/\/naturcamp.fr\/wp-content\/uploads\/2025\/02\/camping-alsace-decouverte-ecoresponsable-300x169.webp 300w, https:\/\/naturcamp.fr\/wp-content\/uploads\/2025\/02\/camping-alsace-decouverte-ecoresponsable-1024x576.webp 1024w, https:\/\/naturcamp.fr\/wp-content\/uploads\/2025\/02\/camping-alsace-decouverte-ecoresponsable-768x432.webp 768w\" sizes=\"(max-width: 1500px) 100vw, 1500px\" \/><div class=\"wp-block-cover__inner-container has-global-padding is-layout-constrained wp-block-cover-is-layout-constrained\">\n<div class=\"wp-block-columns alignwide is-layout-flex wp-container-core-columns-is-layout-28f84493 wp-block-columns-is-layout-flex\">\n<div class=\"wp-block-column is-layout-flow wp-block-column-is-layout-flow\"><\/div>\n\n\n\n<div class=\"wp-block-column is-layout-flow wp-block-column-is-layout-flow\"><\/div>\n<\/div>\n<\/div><\/div>\n\n<div class=\"wp-block-group alignfull section-six has-contrast-background-color has-background has-global-padding is-layout-constrained wp-container-core-group-is-layout-2ed36ca4 wp-block-group-is-layout-constrained\" style=\"margin-top:0px;margin-bottom:0px;padding-bottom:var(--wp--preset--spacing--40)\">\n<div class=\"wp-block-columns are-vertically-aligned-center is-layout-flex wp-container-core-columns-is-layout-51c0b34d wp-block-columns-is-layout-flex\" style=\"padding-top:var(--wp--preset--spacing--50);padding-bottom:var(--wp--preset--spacing--50)\">\n<div class=\"wp-block-column is-vertically-aligned-center gt-no-padding-mobile is-layout-flow wp-block-column-is-layout-flow\" style=\"padding-right:70px\"><h2 class=\"wp-block-heading has-text-align-right has-base-color has-text-color has-link-color wp-elements-4797ba19fd7820be2a2033c7238edc61\" id=\"unser-umweltbewusster-ansatz\">Unser umweltbewusster Ansatz<\/h2>\n\n\n<p class=\"has-text-align-right has-base-color has-text-color has-link-color has-licorice-font-family wp-elements-b8ffdd3651524313debaec93653af8f7\" style=\"font-size:clamp(28.836px, 1.802rem + ((1vw - 3.2px) * 2.205), 50px);\">Handeln f\u00fcr morgen<\/p>\n\n\n\n<p class=\"has-text-align-right has-base-color has-text-color has-link-color has-x-large-font-size wp-elements-c47d81809f4bf41e73f69e61780f8108\" style=\"margin-top:0;margin-bottom:var(--wp--preset--spacing--30);padding-top:0;padding-bottom:0;font-style:normal;font-weight:900;line-height:1\">&#8230;<\/p>\n<\/div>\n\n\n\n<div class=\"wp-block-column is-vertically-aligned-center gt-no-padding-mobile is-layout-flow wp-block-column-is-layout-flow\" style=\"padding-left:70px\">\n<p class=\"has-base-color has-text-color has-link-color wp-elements-0cc6866240834bd0b7aebb4123bc0938\">Unser umweltbewusster Ansatz wird t\u00e4glich umgesetzt und kann wie folgt zusammengefasst werden:<\/p>\n\n\n\n<ul class=\"wp-block-list has-base-color has-text-color has-link-color wp-elements-63cff5ffafe310bc594faf41b2584cb6\">\n<li>Respekt f\u00fcr unser \u00d6kosystem mit diskreten Unterk\u00fcnften und landschaftlicher Integration, damit Sie auch weiterhin vom Gesang der V\u00f6gel eingelullt werden k\u00f6nnen.  <\/li>\n\n\n\n<li>unseren Energieverbrauch zu begrenzen (z.B. Einbau von LED-Lampen, Ausschalten der Au\u00dfenbeleuchtung, wenn sie nicht ben\u00f6tigt wird, durch einen Timer und\/oder Sensor&#8230;).  <\/li>\n\n\n\n<li>Reduzierung der Auswirkungen auf unsere Ressourcen (Wassereinsparung, Einbau von Presto-Armaturen in unseren Sanit\u00e4ranlagen, Verfahren zur Erkennung von Lecks, um Verluste zu begrenzen, Regenwassersammler, vern\u00fcnftige Bew\u00e4sserung&#8230;).  <\/li>\n\n\n\n<li>die Wahl verantwortungsbewusster Eink\u00e4ufe (nicht-chemische und \u00f6kologische Reinigungsmittel, lokale Produkte f\u00fcr unseren Lebensmittelladen, lokale Handwerker&#8230;)<\/li>\n\n\n\n<li>die Sensibilisierung unserer Kunden f\u00fcr umweltbewusstes Verhalten (M\u00fclltrennung, Recycling, sanfte Mobilit\u00e4t und Naturaktivit\u00e4ten, Respekt vor Fauna und Flora&#8230;).<\/li>\n<\/ul>\n\n\n\n<p class=\"has-base-color has-text-color has-link-color wp-elements-2a7bedeae03e7acc89995007b2b75a12\">Einzelheiten zu unseren Verpflichtungen finden Sie in unserem<strong> Begr\u00fc\u00dfungsheft<\/strong>.<\/p>\n<\/div>\n<\/div>\n<\/div>\n\n<div class=\"wp-block-group alignfull section-faq has-global-padding is-layout-constrained wp-block-group-is-layout-constrained\" style=\"margin-top:0px;margin-bottom:0px;padding-bottom:var(--wp--preset--spacing--40)\">\n<div class=\"wp-block-group alignwide group-one is-layout-flow wp-block-group-is-layout-flow\">\n<div class=\"wp-block-columns is-layout-flex wp-container-core-columns-is-layout-b576b43e wp-block-columns-is-layout-flex\" style=\"padding-top:var(--wp--preset--spacing--50);padding-bottom:var(--wp--preset--spacing--50)\">\n<div class=\"wp-block-column is-layout-flow wp-block-column-is-layout-flow\">\n<p class=\"has-text-align-right animated fadeInLeft slower has-contrast-color has-text-color has-link-color has-impact-font-family gt-no-margin-mobile wp-elements-8f1ae962af496bddf275bb5538da8ca4\" style=\"margin-right:65px;margin-left:0;font-size:clamp(46.18px, 2.886rem + ((1vw - 3.2px) * 4.565), 90px);font-style:normal;font-weight:400;line-height:1\">Natur Flucht<\/p>\n<\/div>\n\n\n\n<div class=\"wp-block-column is-layout-flow wp-block-column-is-layout-flow\"><\/div>\n<\/div>\n\n\n\n<div class=\"wp-block-columns columns-section-one gt-reverse-mobile is-layout-flex wp-container-core-columns-is-layout-ba42e1e2 wp-block-columns-is-layout-flex\" style=\"margin-bottom:var(--wp--preset--spacing--50)\">\n<div class=\"wp-block-column is-layout-flow wp-block-column-is-layout-flow\" style=\"padding-right:0px;padding-left:0px;flex-basis:50%\">\n<div class=\"wp-block-cover\" style=\"min-height:100%;aspect-ratio:unset;\"><span aria-hidden=\"true\" class=\"wp-block-cover__background has-background-dim-0 has-background-dim\" style=\"background-color:#7a7d6d\"><\/span><img decoding=\"async\" width=\"1281\" height=\"1708\" class=\"wp-block-cover__image-background wp-image-1536\" alt=\"camping alsace nature ecorce\" src=\"https:\/\/naturcamp.fr\/wp-content\/uploads\/2025\/02\/camping-alsace-nature-ecorce.webp\" data-object-fit=\"cover\" srcset=\"https:\/\/naturcamp.fr\/wp-content\/uploads\/2025\/02\/camping-alsace-nature-ecorce.webp 1281w, https:\/\/naturcamp.fr\/wp-content\/uploads\/2025\/02\/camping-alsace-nature-ecorce-225x300.webp 225w, https:\/\/naturcamp.fr\/wp-content\/uploads\/2025\/02\/camping-alsace-nature-ecorce-768x1024.webp 768w, https:\/\/naturcamp.fr\/wp-content\/uploads\/2025\/02\/camping-alsace-nature-ecorce-1152x1536.webp 1152w\" sizes=\"(max-width: 1281px) 100vw, 1281px\" \/><div class=\"wp-block-cover__inner-container has-global-padding is-layout-constrained wp-block-cover-is-layout-constrained\">\n<figure class=\"wp-block-image size-full is-resized has-custom-border\" style=\"margin-left:-120px\"><img decoding=\"async\" width=\"1024\" height=\"576\" src=\"https:\/\/naturcamp.fr\/wp-content\/uploads\/2025\/02\/voie-verte-camping-geishouse-1.webp\" alt=\"Gr&#xFC;ner Weg Campingplatz Geishouse\" class=\"has-border-color has-base-border-color wp-image-2884\" style=\"border-radius:5px;aspect-ratio:1;object-fit:cover;width:500px\" srcset=\"https:\/\/naturcamp.fr\/wp-content\/uploads\/2025\/02\/voie-verte-camping-geishouse-1.webp 1024w, https:\/\/naturcamp.fr\/wp-content\/uploads\/2025\/02\/voie-verte-camping-geishouse-1-300x169.webp 300w, https:\/\/naturcamp.fr\/wp-content\/uploads\/2025\/02\/voie-verte-camping-geishouse-1-768x432.webp 768w\" sizes=\"(max-width: 1024px) 100vw, 1024px\" \/><\/figure>\n<\/div><\/div>\n<\/div>\n\n\n\n<div class=\"wp-block-column gt-no-padding-mobile is-layout-flow wp-block-column-is-layout-flow\" style=\"padding-top:var(--wp--preset--spacing--50);padding-right:0px;padding-bottom:var(--wp--preset--spacing--50);padding-left:70px;flex-basis:50%\"><h2 class=\"wp-block-heading has-text-align-left has-contrast-3-color has-text-color has-link-color wp-elements-b7f62d35e5954b467f4bfb26807c16ec\" id=\"von-unserem-campingplatz-aus-dem-paradies-fuer-wanderer\">Von unserem Campingplatz aus, dem Paradies f\u00fcr Wanderer<\/h2>\n\n\n<p class=\"has-contrast-3-color has-text-color has-link-color has-x-large-font-size wp-elements-8baacb69aad0eb001584ea6f2635e354\" style=\"margin-top:0;margin-bottom:var(--wp--preset--spacing--30);padding-top:0;padding-right:0px;padding-bottom:0;font-style:normal;font-weight:900;line-height:1\">&#8230;<\/p>\n\n\n\n<p class=\"has-text-align-left has-contrast-3-color has-text-color has-link-color wp-elements-59cd204a563073006039b9b429111655\">Die els\u00e4ssische Seite der Vogesen ist der ideale Ort f\u00fcr Wanderer. Ob Sie nun ein Tageswanderer oder ein Dauerwanderer sind, Sie finden eine Vielzahl von Wanderwegen, die vom <strong>ber\u00fchmten Vogesenclub<\/strong> markiert und gepflegt werden. GR532, GR5, la grande travers\u00e9e du massif des Vosges&#8230; diese Strecken bieten ein ideales Spielfeld vom Campingplatz aus oder in unmittelbarer N\u00e4he. <\/p>\n\n\n\n<p class=\"has-text-align-left has-contrast-3-color has-text-color has-link-color wp-elements-6781df2379792661ea547d68b28a655f\"><br\/>Bei Natur&#8217;camp k\u00f6nnen wir Sie \u00fcber alle <a href=\"https:\/\/naturcamp.fr\/de\/aktivitaten-alsace\/\" data-type=\"page\" data-id=\"627\">sportlichen Aktivit\u00e4ten im Elsass<\/a> und insbesondere \u00fcber die f\u00fcr Sie geeignete Wanderung beraten, also z\u00f6gern Sie nicht, uns anzufragen. Und wenn Sie mit leichtem Gep\u00e4ck reisen m\u00f6chten, freuen wir uns, Ihnen <a href=\"https:\/\/naturcamp.fr\/de\/vermietung-standplatz-alsace\/#bivouacs\" data-type=\"page\" data-id=\"553\">unsere Biwak-Zelte<\/a> anbieten zu k\u00f6nnen. <\/p>\n<\/div>\n<\/div>\n<\/div>\n<\/div>\n\n<div class=\"wp-block-group alignfull section-two has-contrast-background-color has-background has-global-padding is-layout-constrained wp-block-group-is-layout-constrained\" style=\"margin-top:0px;margin-bottom:0px;padding-bottom:var(--wp--preset--spacing--50)\">\n<div class=\"wp-block-group alignwide is-layout-flow wp-block-group-is-layout-flow\">\n<div class=\"wp-block-columns is-layout-flex wp-container-core-columns-is-layout-b576b43e wp-block-columns-is-layout-flex\" style=\"padding-top:var(--wp--preset--spacing--50);padding-bottom:var(--wp--preset--spacing--50)\">\n<div class=\"wp-block-column is-layout-flow wp-block-column-is-layout-flow\"><\/div>\n\n\n\n<div class=\"wp-block-column is-layout-flow wp-block-column-is-layout-flow\">\n<p class=\"has-text-align-left animated fadeInRight slower has-base-color has-text-color has-link-color has-impact-font-family gt-no-margin-mobile wp-elements-2ba1f066445f35f9d7f0fda64488fc5a\" style=\"margin-left:65px;font-size:clamp(46.18px, 2.886rem + ((1vw - 3.2px) * 4.565), 90px);font-style:normal;font-weight:400;line-height:1\">Gr\u00fcne Energie<\/p>\n<\/div>\n<\/div>\n\n\n\n<div class=\"wp-block-columns columns-section-one is-layout-flex wp-container-core-columns-is-layout-ba42e1e2 wp-block-columns-is-layout-flex\" style=\"margin-bottom:var(--wp--preset--spacing--50)\">\n<div class=\"wp-block-column gt-no-padding-mobile is-layout-flow wp-block-column-is-layout-flow\" style=\"padding-right:70px;padding-left:70px;flex-basis:50%\"><h2 class=\"wp-block-heading has-text-align-right has-base-color has-text-color has-link-color wp-elements-41027ea6c25b403d8fc0595cd1ade425\" id=\"die-elektrische-ladestation\">Die elektrische Ladestation<\/h2>\n\n\n<p class=\"has-text-align-right has-base-color has-text-color has-link-color has-x-large-font-size wp-elements-32cd29587e9e21ae70935428f62d2feb\" style=\"margin-top:0;margin-bottom:var(--wp--preset--spacing--30);padding-top:0;padding-right:0px;padding-bottom:0;font-style:normal;font-weight:900;line-height:1\">&#8230;<\/p>\n\n\n\n<p class=\"has-text-align-right has-base-color has-text-color has-link-color wp-elements-bae94ccf418e6800a0eb6f777107a5e4\">Auf unserem Campingplatz im Elsass finden Sie eine <strong>Ladestation f\u00fcr Elektrofahrzeuge<\/strong>, aber auch die M\u00f6glichkeit, Ihr <strong>Fahrrad mit Elektrounterst\u00fctzung aufzuladen<\/strong> (dieser Service ist auf Anfrage \u00fcber die Rezeption zug\u00e4nglich).<\/p>\n\n\n\n<p class=\"has-text-align-right has-base-color has-text-color has-link-color wp-elements-ce6867d2a05e67d0b391567955b494d8\">Und wenn Sie Ihr Telefon w\u00e4hrend Ihres Aufenthaltes auf dem Campingplatz aufladen m\u00f6chten, bieten wir Ihnen unsere 100%ige Aufladung mit menschlicher Energie an (zum Aufladen treten Sie in die Pedale und tragen so zur Reduzierung unseres CO2-Fu\u00dfabdrucks bei)!  <\/p>\n\n\n\n<p class=\"has-text-align-right has-base-color has-text-color has-link-color wp-elements-6777a15c4414faa09124afd2021023e1\">Keine Sorge, unser Campingplatz verf\u00fcgt \u00fcber Strom!<\/p>\n<\/div>\n\n\n\n<div class=\"wp-block-column is-layout-flow wp-block-column-is-layout-flow\" style=\"flex-basis:50%\">\n<div class=\"wp-block-cover\" style=\"min-height:100%;aspect-ratio:unset;\"><span aria-hidden=\"true\" class=\"wp-block-cover__background has-background-dim-0 has-background-dim\" style=\"background-color:#626e6a\"><\/span><img decoding=\"async\" width=\"1280\" height=\"960\" class=\"wp-block-cover__image-background wp-image-1544\" alt=\"camping alsace naturcamp pre et fleurs\" src=\"https:\/\/naturcamp.fr\/wp-content\/uploads\/2025\/02\/camping-alsace-naturcamp-pre-et-fleurs.webp\" data-object-fit=\"cover\" srcset=\"https:\/\/naturcamp.fr\/wp-content\/uploads\/2025\/02\/camping-alsace-naturcamp-pre-et-fleurs.webp 1280w, https:\/\/naturcamp.fr\/wp-content\/uploads\/2025\/02\/camping-alsace-naturcamp-pre-et-fleurs-300x225.webp 300w, https:\/\/naturcamp.fr\/wp-content\/uploads\/2025\/02\/camping-alsace-naturcamp-pre-et-fleurs-1024x768.webp 1024w, https:\/\/naturcamp.fr\/wp-content\/uploads\/2025\/02\/camping-alsace-naturcamp-pre-et-fleurs-768x576.webp 768w\" sizes=\"(max-width: 1280px) 100vw, 1280px\" \/><div class=\"wp-block-cover__inner-container has-global-padding is-layout-constrained wp-block-cover-is-layout-constrained\">\n<figure class=\"wp-block-image size-large is-resized has-custom-border\" style=\"margin-left:-120px\"><img decoding=\"async\" src=\"https:\/\/naturcamp.fr\/wp-content\/uploads\/2025\/02\/voie-verte-camping-vosges-1024x576.webp\" alt=\"Gr&#xFC;ner Weg Camping Vogesen\" class=\"has-border-color has-base-border-color wp-image-1174\" style=\"border-radius:5px;aspect-ratio:1;object-fit:cover;width:500px\"\/><\/figure>\n<\/div><\/div>\n<\/div>\n<\/div>\n<\/div>\n<\/div>\n\n<div class=\"wp-block-group alignfull section-third is-layout-flow wp-block-group-is-layout-flow\" style=\"margin-top:0px;padding-top:var(--wp--preset--spacing--50);padding-bottom:var(--wp--preset--spacing--50)\">\n<p class=\"has-text-align-center animated fadeInDown slower has-contrast-3-color has-text-color has-link-color has-impact-font-family wp-elements-b11dbcc68f76591a4657db87a3f25a3f\" style=\"font-size:clamp(2.629rem, 2.629rem + ((1vw - 0.2rem) * 3.952), 5rem);line-height:1\">Nat\u00fcrliche Eleganz<\/p>\n<\/div>\n\n<div class=\"wp-block-cover alignfull is-light section-third-bis\" style=\"margin-top:0px;margin-bottom:var(--wp--preset--spacing--50);min-height:640px;aspect-ratio:unset;\"><span aria-hidden=\"true\" class=\"wp-block-cover__background has-background-dim-0 has-background-dim\" style=\"background-color:#c6ccc6\"><\/span><img decoding=\"async\" width=\"1920\" height=\"640\" class=\"wp-block-cover__image-background wp-image-567\" alt=\"bg-section-3\" src=\"https:\/\/naturcamp.fr\/wp-content\/uploads\/2025\/01\/bg-section-3.jpg\" data-object-fit=\"cover\" srcset=\"https:\/\/naturcamp.fr\/wp-content\/uploads\/2025\/01\/bg-section-3.jpg 1920w, https:\/\/naturcamp.fr\/wp-content\/uploads\/2025\/01\/bg-section-3-300x100.jpg 300w, https:\/\/naturcamp.fr\/wp-content\/uploads\/2025\/01\/bg-section-3-1024x341.jpg 1024w, https:\/\/naturcamp.fr\/wp-content\/uploads\/2025\/01\/bg-section-3-768x256.jpg 768w, https:\/\/naturcamp.fr\/wp-content\/uploads\/2025\/01\/bg-section-3-1536x512.jpg 1536w\" sizes=\"(max-width: 1920px) 100vw, 1920px\" \/><div class=\"wp-block-cover__inner-container has-global-padding is-layout-constrained wp-block-cover-is-layout-constrained\">\n<div class=\"wp-block-query alignwide has-global-padding is-layout-constrained wp-container-core-query-is-layout-7a3688e9 wp-block-query-is-layout-constrained\"><ul class=\"columns-3 alignfull wp-block-post-template is-layout-grid wp-container-core-post-template-is-layout-4142fc9f wp-block-post-template-is-layout-grid\"><li class=\"wp-block-post post-2507 page type-page status-publish has-post-thumbnail hentry\">\n\n<div class=\"wp-block-group has-border-color has-base-border-color has-global-padding is-layout-constrained wp-container-core-group-is-layout-f54c662a wp-block-group-is-layout-constrained\" style=\"border-width:4px;margin-top:0px;margin-bottom:0px;padding-top:0px;padding-right:0px;padding-bottom:0px;padding-left:0px\">\n<figure class=\"wp-block-image is-style-default wp-duotone-unset-1\"><img decoding=\"async\" src=\"https:\/\/naturcamp.fr\/wp-content\/uploads\/2025\/02\/camping-avec-location-velo-alsace.webp\" alt=\"Aktivit&#xE4;ten Elsass Camping\" style=\"aspect-ratio:1;object-fit:cover\"\/><\/figure>\n\n\n\n<p class=\"has-text-align-center has-base-2-color has-contrast-2-background-color has-text-color has-background has-link-color has-impact-font-family wp-elements-91f0d1841a74491696fd75bbe9d1538f\" style=\"border-style:none;border-width:0px;padding-top:0.5rem;padding-right:20px;padding-bottom:0.5rem;padding-left:20px;font-size:clamp(0.875rem, 0.875rem + ((1vw - 0.2rem) * 0.208), 1rem);letter-spacing:1px;text-transform:uppercase\">Sport- und Naturaktivit\u00e4ten<\/p>\n\n\n<a class=\"is-style-lien-cover wp-block-read-more\" href=\"https:\/\/naturcamp.fr\/de\/aktivitaten-alsace\/\" target=\"_self\">Weiterlesen<span class=\"screen-reader-text\">: Sport- und Naturaktivit\u00e4ten<\/span><\/a><\/div>\n\n<\/li><li class=\"wp-block-post post-2489 page type-page status-publish has-post-thumbnail hentry\">\n\n<div class=\"wp-block-group has-border-color has-base-border-color has-global-padding is-layout-constrained wp-container-core-group-is-layout-f54c662a wp-block-group-is-layout-constrained\" style=\"border-width:4px;margin-top:0px;margin-bottom:0px;padding-top:0px;padding-right:0px;padding-bottom:0px;padding-left:0px\">\n<figure class=\"wp-block-image is-style-default wp-duotone-unset-2\"><img decoding=\"async\" src=\"https:\/\/naturcamp.fr\/wp-content\/uploads\/2025\/02\/exterieur-cabane-lodge-1.webp\" alt=\"Aktivit&#xE4;ten Elsass Camping\" style=\"aspect-ratio:1;object-fit:cover\"\/><\/figure>\n\n\n\n<p class=\"has-text-align-center has-base-2-color has-contrast-2-background-color has-text-color has-background has-link-color has-impact-font-family wp-elements-91f0d1841a74491696fd75bbe9d1538f\" style=\"border-style:none;border-width:0px;padding-top:0.5rem;padding-right:20px;padding-bottom:0.5rem;padding-left:20px;font-size:clamp(0.875rem, 0.875rem + ((1vw - 0.2rem) * 0.208), 1rem);letter-spacing:1px;text-transform:uppercase\">Unsere Chalets<\/p>\n\n\n<a class=\"is-style-lien-cover wp-block-read-more\" href=\"https:\/\/naturcamp.fr\/de\/vermietung-chalets-vosges\/\" target=\"_self\">Weiterlesen<span class=\"screen-reader-text\">: Unsere Chalets<\/span><\/a><\/div>\n\n<\/li><li class=\"wp-block-post post-2485 page type-page status-publish has-post-thumbnail hentry\">\n\n<div class=\"wp-block-group has-border-color has-base-border-color has-global-padding is-layout-constrained wp-container-core-group-is-layout-f54c662a wp-block-group-is-layout-constrained\" style=\"border-width:4px;margin-top:0px;margin-bottom:0px;padding-top:0px;padding-right:0px;padding-bottom:0px;padding-left:0px\">\n<figure class=\"wp-block-image is-style-default wp-duotone-unset-3\"><img decoding=\"async\" src=\"https:\/\/naturcamp.fr\/wp-content\/uploads\/2025\/02\/velo-tent-ecoresponsabilite.webp\" alt=\"Aktivit&#xE4;ten Elsass Camping\" style=\"aspect-ratio:1;object-fit:cover\"\/><\/figure>\n\n\n\n<p class=\"has-text-align-center has-base-2-color has-contrast-2-background-color has-text-color has-background has-link-color has-impact-font-family wp-elements-91f0d1841a74491696fd75bbe9d1538f\" style=\"border-style:none;border-width:0px;padding-top:0.5rem;padding-right:20px;padding-bottom:0.5rem;padding-left:20px;font-size:clamp(0.875rem, 0.875rem + ((1vw - 0.2rem) * 0.208), 1rem);letter-spacing:1px;text-transform:uppercase\">Unsere Standorte<\/p>\n\n\n<a class=\"is-style-lien-cover wp-block-read-more\" href=\"https:\/\/naturcamp.fr\/de\/vermietung-standplatz-alsace\/\" target=\"_self\">Weiterlesen<span class=\"screen-reader-text\">: Unsere Standorte<\/span><\/a><\/div>\n\n<\/li><\/ul><\/div>\n<\/div><\/div>\n","protected":false},"excerpt":{"rendered":"<p>Natur und Verpflichtung Unser umweltbewusster Campingplatz im Elsass &#8230; Um unsere Umwelt zu sch\u00fctzen, setzen wir uns f\u00fcr einen nachhaltigen Tourismus ein. Auf dem Campingplatz im Elsass wurde eine Charta f\u00fcr umweltbewusstes Handeln eingef\u00fchrt, die Gewissheit, dass wir uns ernsthaft f\u00fcr unseren Planeten einsetzen. Aus diesem Grund haben wir uns auch daf\u00fcr entschieden, die sanfte [&hellip;]<\/p>\n","protected":false},"author":1,"featured_media":1135,"parent":0,"menu_order":0,"comment_status":"closed","ping_status":"closed","template":"","meta":{"_acf_changed":false,"_seopress_robots_primary_cat":"","_seopress_titles_title":"\u00d6kologisch verantwortlicher Campingplatz im Elsass | Nachhaltiger Tourismus","_seopress_titles_desc":"Entdecken Sie den umweltfreundlichen Campingplatz Natur'camp im Elsass, ideal f\u00fcr Radfahrer und Wanderer! Spezielle Dienstleistungen, Natur und Komfort erwarten Sie. ","_seopress_robots_index":"","_gt_ctv_global_id":"","_gt_ctv_id_group":false,"inline_featured_image":false,"gt_fse_maillage_image":"https:\/\/naturcamp.fr\/wp-content\/uploads\/2025\/02\/emplacement-camping-nature.webp","gt_fse_maillage_titre":"\u00d6kologische Verantwortung","gt_fse_maillage_alt":"Campingplatz mit Radweg in den Vogesen","gt_fse_maillage_resume":"","footnotes":""},"categories":[],"tags":[],"class_list":["post-2493","page","type-page","status-publish","has-post-thumbnail","hentry"],"acf":[],"_links":{"self":[{"href":"https:\/\/naturcamp.fr\/de\/wp-json\/wp\/v2\/pages\/2493","targetHints":{"allow":["GET"]}}],"collection":[{"href":"https:\/\/naturcamp.fr\/de\/wp-json\/wp\/v2\/pages"}],"about":[{"href":"https:\/\/naturcamp.fr\/de\/wp-json\/wp\/v2\/types\/page"}],"author":[{"embeddable":true,"href":"https:\/\/naturcamp.fr\/de\/wp-json\/wp\/v2\/users\/1"}],"replies":[{"embeddable":true,"href":"https:\/\/naturcamp.fr\/de\/wp-json\/wp\/v2\/comments?post=2493"}],"version-history":[{"count":5,"href":"https:\/\/naturcamp.fr\/de\/wp-json\/wp\/v2\/pages\/2493\/revisions"}],"predecessor-version":[{"id":3012,"href":"https:\/\/naturcamp.fr\/de\/wp-json\/wp\/v2\/pages\/2493\/revisions\/3012"}],"wp:featuredmedia":[{"embeddable":true,"href":"https:\/\/naturcamp.fr\/de\/wp-json\/wp\/v2\/media\/1135"}],"wp:attachment":[{"href":"https:\/\/naturcamp.fr\/de\/wp-json\/wp\/v2\/media?parent=2493"}],"wp:term":[{"taxonomy":"category","embeddable":true,"href":"https:\/\/naturcamp.fr\/de\/wp-json\/wp\/v2\/categories?post=2493"},{"taxonomy":"post_tag","embeddable":true,"href":"https:\/\/naturcamp.fr\/de\/wp-json\/wp\/v2\/tags?post=2493"}],"curies":[{"name":"wp","href":"https:\/\/api.w.org\/{rel}","templated":true}]}}