{"id":2499,"date":"2025-01-22T15:29:43","date_gmt":"2025-01-22T14:29:43","guid":{"rendered":"https:\/\/naturcamp.fr\/familiencampingplatz-alsace\/"},"modified":"2026-02-16T16:22:51","modified_gmt":"2026-02-16T15:22:51","slug":"familiencampingplatz-alsace","status":"publish","type":"page","link":"https:\/\/naturcamp.fr\/de\/familiencampingplatz-alsace\/","title":{"rendered":"Unsere Dienstleistungen"},"content":{"rendered":"\n<div class=\"wp-block-group alignfull section-one has-contrast-background-color has-background has-global-padding is-layout-constrained wp-block-group-is-layout-constrained\" style=\"margin-top:0px;margin-bottom:0px;padding-bottom:var(--wp--preset--spacing--40)\">\n<div class=\"wp-block-group alignwide group-one is-layout-flow wp-block-group-is-layout-flow\">\n<div class=\"wp-block-columns is-layout-flex wp-container-core-columns-is-layout-b576b43e wp-block-columns-is-layout-flex\" style=\"padding-top:var(--wp--preset--spacing--50);padding-bottom:var(--wp--preset--spacing--50)\">\n<div class=\"wp-block-column is-layout-flow wp-block-column-is-layout-flow\">\n<p class=\"has-text-align-right animated fadeInLeft slower has-contrast-3-color has-text-color has-link-color has-impact-font-family gt-no-margin-mobile wp-elements-e99600976ab675c8e7f2fe22f3e68499\" style=\"margin-right:65px;margin-left:0;font-size:clamp(46.18px, 2.886rem + ((1vw - 3.2px) * 4.565), 90px);font-style:normal;font-weight:400;line-height:1\">Eine Oase<br>des Friedens<\/p>\n<\/div>\n\n\n\n<div class=\"wp-block-column is-layout-flow wp-block-column-is-layout-flow\"><\/div>\n<\/div>\n\n\n\n<div class=\"wp-block-columns columns-section-one gt-reverse-mobile is-layout-flex wp-container-core-columns-is-layout-ba42e1e2 wp-block-columns-is-layout-flex\" style=\"margin-bottom:var(--wp--preset--spacing--50)\">\n<div class=\"wp-block-column is-layout-flow wp-block-column-is-layout-flow\" style=\"flex-basis:50%\">\n<div class=\"wp-block-cover\" style=\"min-height:100%;aspect-ratio:unset;\"><img decoding=\"async\" width=\"768\" height=\"1024\" class=\"wp-block-cover__image-background wp-image-960\" alt=\"nature camping familial alsace\" src=\"https:\/\/naturcamp.fr\/wp-content\/uploads\/2025\/02\/5c60f998e468a373da96e70890e31b41-768x1024-1.jpeg\" data-object-fit=\"cover\" srcset=\"https:\/\/naturcamp.fr\/wp-content\/uploads\/2025\/02\/5c60f998e468a373da96e70890e31b41-768x1024-1.jpeg 768w, https:\/\/naturcamp.fr\/wp-content\/uploads\/2025\/02\/5c60f998e468a373da96e70890e31b41-768x1024-1-225x300.jpeg 225w\" sizes=\"(max-width: 768px) 100vw, 768px\" \/><span aria-hidden=\"true\" class=\"wp-block-cover__background has-background-dim-0 has-background-dim\" style=\"background-color:#6a7040\"><\/span><div class=\"wp-block-cover__inner-container has-global-padding is-layout-constrained wp-block-cover-is-layout-constrained\">\n<div data-swiper=\"{&quot;speed&quot;:400,&quot;spaceBetween&quot;:16,&quot;slidesPerView&quot;:&quot;1&quot;,&quot;createElements&quot;:true,&quot;loop&quot;:true,&quot;freemode&quot;:true,&quot;pagination&quot;:{&quot;el&quot;:&quot;.swiper-pagination&quot;,&quot;dynamicBullets&quot;:true},&quot;breakpoints&quot;:{&quot;0&quot;:{&quot;slidesPerView&quot;:1},&quot;380&quot;:{&quot;slidesPerView&quot;:&quot;1&quot;},&quot;1024&quot;:{&quot;slidesPerView&quot;:&quot;1&quot;}},&quot;navigation&quot;:false,&quot;autoplay&quot;:true}\" class=\"wp-block-group gt-is-slider gt-is-slider-desktop is-layout-grid wp-container-core-group-is-layout-63441e74 wp-block-group-is-layout-grid\" style=\"border-radius:0px\">\n<figure class=\"wp-block-image size-full has-custom-border\"><img decoding=\"async\" width=\"1920\" height=\"1440\" src=\"https:\/\/naturcamp.fr\/wp-content\/uploads\/2025\/02\/voie-verte.webp\" alt=\"Gr\u00fcner Weg\" class=\"has-border-color has-base-border-color wp-image-1076\" style=\"border-radius:5px;aspect-ratio:1;object-fit:cover\" srcset=\"https:\/\/naturcamp.fr\/wp-content\/uploads\/2025\/02\/voie-verte.webp 1920w, https:\/\/naturcamp.fr\/wp-content\/uploads\/2025\/02\/voie-verte-300x225.webp 300w, https:\/\/naturcamp.fr\/wp-content\/uploads\/2025\/02\/voie-verte-1024x768.webp 1024w, https:\/\/naturcamp.fr\/wp-content\/uploads\/2025\/02\/voie-verte-768x576.webp 768w, https:\/\/naturcamp.fr\/wp-content\/uploads\/2025\/02\/voie-verte-1536x1152.webp 1536w\" sizes=\"(max-width: 1920px) 100vw, 1920px\" \/><\/figure>\n\n\n\n<figure class=\"wp-block-image size-full has-custom-border\"><img decoding=\"async\" width=\"573\" height=\"573\" src=\"https:\/\/naturcamp.fr\/wp-content\/uploads\/2025\/02\/camping-avec-services-randonnee.jpg\" alt=\"Camping mit Dienstleistungen Wandern\" class=\"has-border-color wp-image-1485\" style=\"border-color:#ffffff;border-radius:5px;aspect-ratio:1;object-fit:cover\" srcset=\"https:\/\/naturcamp.fr\/wp-content\/uploads\/2025\/02\/camping-avec-services-randonnee.jpg 573w, https:\/\/naturcamp.fr\/wp-content\/uploads\/2025\/02\/camping-avec-services-randonnee-300x300.jpg 300w, https:\/\/naturcamp.fr\/wp-content\/uploads\/2025\/02\/camping-avec-services-randonnee-150x150.jpg 150w, https:\/\/naturcamp.fr\/wp-content\/uploads\/2025\/02\/camping-avec-services-randonnee-400x400.jpg 400w\" sizes=\"(max-width: 573px) 100vw, 573px\" \/><\/figure>\n\n\n\n<figure class=\"wp-block-image size-full has-custom-border\"><img decoding=\"async\" width=\"573\" height=\"573\" src=\"https:\/\/naturcamp.fr\/wp-content\/uploads\/2025\/02\/camping-avec-services-vosges.webp\" alt=\"campingplatz mit dienstleistungen vosges\" class=\"has-border-color has-base-border-color wp-image-1489\" style=\"border-radius:5px;aspect-ratio:1;object-fit:cover\" srcset=\"https:\/\/naturcamp.fr\/wp-content\/uploads\/2025\/02\/camping-avec-services-vosges.webp 573w, https:\/\/naturcamp.fr\/wp-content\/uploads\/2025\/02\/camping-avec-services-vosges-300x300.webp 300w, https:\/\/naturcamp.fr\/wp-content\/uploads\/2025\/02\/camping-avec-services-vosges-150x150.webp 150w, https:\/\/naturcamp.fr\/wp-content\/uploads\/2025\/02\/camping-avec-services-vosges-400x400.webp 400w\" sizes=\"(max-width: 573px) 100vw, 573px\" \/><\/figure>\n<\/div>\n<\/div><\/div>\n<\/div>\n\n\n\n<div class=\"wp-block-column gt-no-padding-mobile is-layout-flow wp-block-column-is-layout-flow\" style=\"padding-right:70px;padding-left:70px;flex-basis:50%\"><h1 class=\"wp-block-heading has-text-align-left has-base-color has-text-color has-link-color wp-elements-3b46c88c2605ed31dd08ccce97627f8e\" id=\"willkommen-auf-unserem-familiencampingplatz-im-elsass\">Willkommen auf unserem Familiencampingplatz im Elsass<\/h1>\n\n\n<p class=\"has-base-color has-text-color has-link-color has-x-large-font-size wp-elements-b73623339fb909f877e55ae53996515a\" style=\"margin-top:0;margin-bottom:var(--wp--preset--spacing--30);padding-top:0;padding-bottom:0;font-style:normal;font-weight:900;line-height:1\">&#8230;<\/p>\n\n\n\n<p class=\"has-text-align-left has-base-color has-text-color has-link-color wp-elements-69769041ee503bcb97885606e944dd53\">Was ist ein 3-Sterne-Urlaub auf unserem <a href=\"https:\/\/naturcamp.fr\/de\/\" data-type=\"page\" data-id=\"6\">Campingplatz im Elsass<\/a>? Die Garantie, eine luxuri\u00f6se Reise auf einem gem\u00fctlichen Campingplatz in Geishouse zu genie\u00dfen, w\u00e4hrend Sie mit der umgebenden Natur der Vogesen verbunden bleiben. Jeder Tag auf unserem <strong>Campingplatz in der N\u00e4he der Vogesen<\/strong> ist ein neues Abenteuer!  <\/p>\n\n\n\n<p class=\"has-text-align-left has-contrast-2-color has-text-color has-link-color has-licorice-font-family wp-elements-cb4a6d6000683c880e9799a35fe82434\" style=\"font-size:clamp(28.836px, 1.802rem + ((1vw - 3.2px) * 2.205), 50px);font-style:normal;font-weight:400\">Der Geist von Natur&#8217;camp in Geishouse<\/p>\n\n\n\n<p class=\"has-text-align-left has-base-color has-text-color has-link-color wp-elements-55a2d6cec316c82b8566feb9a401d72a\">Willkommen im Natur&#8217;Camp de Geishouse, einem <strong>\u00fcberschaubaren Campingplatz<\/strong> im Herzen der <strong>els\u00e4ssischen Hochvogesen<\/strong>. Mit seinen 9 Standpl\u00e4tzen und 10 Unterk\u00fcnften l\u00e4dt dieses kleine St\u00fcckchen Gr\u00fcn zu <strong>Ruhe<\/strong> und <strong>Einfachheit<\/strong> ein.  <\/p>\n\n\n\n<p class=\"has-text-align-left has-base-color has-text-color has-link-color wp-elements-c4e66c64fb56f33e19f624e636494701\">Hier ist der Empfang aufrichtig und die Atmosph\u00e4re freundlich. Hier bleibt die Zeit stehen, man nimmt sich Zeit, um den s\u00fc\u00dfen Duft der Nadelb\u00e4ume und die Sonne, die durch die Bl\u00e4tter scheint, zu genie\u00dfen. Einfachheit, Qualit\u00e4t und <a href=\"https:\/\/naturcamp.fr\/de\/tourismus-okologische-alsace\/\" data-type=\"page\" data-id=\"508\">Umweltfreundlichkeit<\/a> sind der Ansatz, mit dem wir unsere Einrichtungen konzipiert haben.  <\/p>\n\n\n\n<p class=\"has-text-align-left has-base-color has-text-color has-link-color wp-elements-07460d671b7fb084131bc22260f4e0bd\">  Die warme Atmosph\u00e4re, die unsere Holzchalets ausstrahlen, erm\u00f6glicht es Ihnen, <strong>der Natur so nahe wie<\/strong> m\u00f6glich zu sein, ohne \u00dcberfl\u00fcssiges, aber immer mit einem Hauch von Komfort, der Ihren Aufenthalt einzigartig macht.<\/p>\n<\/div>\n<\/div>\n<\/div>\n<\/div>\n\n\n\n<div class=\"wp-block-group alignfull section-two has-global-padding is-layout-constrained wp-block-group-is-layout-constrained\" style=\"margin-top:0px;margin-bottom:0px;padding-bottom:var(--wp--preset--spacing--50)\">\n<div class=\"wp-block-group alignwide group-one is-layout-flow wp-block-group-is-layout-flow\">\n<div class=\"wp-block-columns is-layout-flex wp-container-core-columns-is-layout-b576b43e wp-block-columns-is-layout-flex\" style=\"padding-top:var(--wp--preset--spacing--50);padding-bottom:var(--wp--preset--spacing--50)\">\n<div class=\"wp-block-column is-layout-flow wp-block-column-is-layout-flow\"><\/div>\n\n\n\n<div class=\"wp-block-column is-layout-flow wp-block-column-is-layout-flow\">\n<p class=\"has-text-align-left animated fadeInRight slower has-contrast-color has-text-color has-link-color has-impact-font-family gt-no-margin-mobile wp-elements-720680c4ae2f6110fd566f01bc807de0\" style=\"margin-left:65px;font-size:clamp(46.18px, 2.886rem + ((1vw - 3.2px) * 4.565), 90px);font-style:normal;font-weight:400;line-height:1\">Wilder Geist<\/p>\n<\/div>\n<\/div>\n\n\n\n<div class=\"wp-block-columns columns-section-one is-layout-flex wp-container-core-columns-is-layout-ba42e1e2 wp-block-columns-is-layout-flex\" style=\"margin-bottom:var(--wp--preset--spacing--50)\">\n<div class=\"wp-block-column gt-no-padding-mobile is-layout-flow wp-block-column-is-layout-flow\" style=\"padding-right:70px;padding-left:70px;flex-basis:50%\"><h2 class=\"wp-block-heading has-text-align-right has-contrast-3-color has-text-color has-link-color wp-elements-9f53c6b494af33afe7e4013f63340642\" id=\"der-sinn-fuer-gastfreundschaft-auf-unserem-campingplatz-in-den-vogesen\">Der Sinn f\u00fcr Gastfreundschaft auf unserem Campingplatz in den Vogesen<\/h2>\n\n\n<p class=\"has-text-align-right has-contrast-2-color has-text-color has-link-color has-licorice-font-family wp-elements-449e334ef6c8ca1ac0db2e74f65021ed\" style=\"font-size:clamp(28.836px, 1.802rem + ((1vw - 3.2px) * 2.205), 50px);font-style:normal;font-weight:400\">Immer ein offenes Ohr f\u00fcr Sie<\/p>\n\n\n\n<p class=\"has-text-align-right has-contrast-3-color has-text-color has-link-color has-x-large-font-size wp-elements-9a80da93b24133ae70383ce4fe9c3a8d\" style=\"margin-top:0;margin-bottom:var(--wp--preset--spacing--30);padding-top:0;padding-bottom:0;font-style:normal;font-weight:900;line-height:1\">&#8230;<\/p>\n\n\n\n<p class=\"has-text-align-right has-contrast-3-color has-text-color has-link-color wp-elements-497ac31e16314a3d176ba5421794ec88\">Wir freuen uns darauf, unser Fachwissen mit Ihnen zu teilen und Sie \u00fcber die besten <a href=\"https:\/\/naturcamp.fr\/de\/aktivitaten-alsace\/\" data-type=\"page\" data-id=\"627\">Aktivit\u00e4ten in der Umgebung<\/a> zu beraten. In unserem Empfangsb\u00fcro finden Sie Brosch\u00fcren und Informationsmaterial, sowie eine kleine Bibliothek und Spielothek. Ein Begr\u00fc\u00dfungsheft ist auch online verf\u00fcgbar, wenn Sie Ihre Buchung \u00fcber einen QR-Code vornehmen.    <\/p>\n\n\n\n<p class=\"has-text-align-right\">Die Rezeption des Campingplatzes ist von 8.00 bis 12.30 Uhr und 15.00 bis 20.00 Uhr (Juli und August) und von 8.30 bis 12.00 Uhr und 15.00 bis 18.00 Uhr (Nebensaison) ge\u00f6ffnet.  <\/p>\n\n\n\n<p class=\"has-text-align-right has-contrast-3-color has-text-color has-link-color wp-elements-9b4d7d17b6680b65a07540dbba2f7d54\">Wir stehen Ihnen auch per <a href=\"https:\/\/naturcamp.fr\/de\/kontakt-zugang-campingplatz-alsace\/\" data-type=\"page\" data-id=\"846\">E-Mail und Telefon<\/a> zur Verf\u00fcgung.<br><\/p>\n<\/div>\n\n\n\n<div class=\"wp-block-column is-layout-flow wp-block-column-is-layout-flow\" style=\"flex-basis:50%\">\n<div class=\"wp-block-cover\" style=\"min-height:100%;aspect-ratio:unset;\"><img decoding=\"async\" width=\"1280\" height=\"960\" class=\"wp-block-cover__image-background wp-image-1033\" alt=\"camping alsace fleurs\" src=\"https:\/\/naturcamp.fr\/wp-content\/uploads\/2025\/02\/camping-alsace-fleurs.webp\" style=\"object-position:41% 53%\" data-object-fit=\"cover\" data-object-position=\"41% 53%\" srcset=\"https:\/\/naturcamp.fr\/wp-content\/uploads\/2025\/02\/camping-alsace-fleurs.webp 1280w, https:\/\/naturcamp.fr\/wp-content\/uploads\/2025\/02\/camping-alsace-fleurs-300x225.webp 300w, https:\/\/naturcamp.fr\/wp-content\/uploads\/2025\/02\/camping-alsace-fleurs-1024x768.webp 1024w, https:\/\/naturcamp.fr\/wp-content\/uploads\/2025\/02\/camping-alsace-fleurs-768x576.webp 768w\" sizes=\"(max-width: 1280px) 100vw, 1280px\" \/><span aria-hidden=\"true\" class=\"wp-block-cover__background has-background-dim-0 has-background-dim\" style=\"background-color:#687b90\"><\/span><div class=\"wp-block-cover__inner-container has-global-padding is-layout-constrained wp-block-cover-is-layout-constrained\">\n<figure class=\"wp-block-image size-full is-resized has-custom-border\" style=\"margin-left:-120px\"><img decoding=\"async\" width=\"500\" height=\"500\" src=\"https:\/\/naturcamp.fr\/wp-content\/uploads\/2025\/02\/naturcamp-alsace-velo-piste-verte.webp\" alt=\"naturcamp alsace velo piste verte\" class=\"has-border-color has-base-border-color wp-image-1372\" style=\"border-radius:5px;aspect-ratio:1;object-fit:cover;width:500px\" srcset=\"https:\/\/naturcamp.fr\/wp-content\/uploads\/2025\/02\/naturcamp-alsace-velo-piste-verte.webp 500w, https:\/\/naturcamp.fr\/wp-content\/uploads\/2025\/02\/naturcamp-alsace-velo-piste-verte-300x300.webp 300w, https:\/\/naturcamp.fr\/wp-content\/uploads\/2025\/02\/naturcamp-alsace-velo-piste-verte-150x150.webp 150w, https:\/\/naturcamp.fr\/wp-content\/uploads\/2025\/02\/naturcamp-alsace-velo-piste-verte-400x400.webp 400w\" sizes=\"(max-width: 500px) 100vw, 500px\" \/><\/figure>\n<\/div><\/div>\n<\/div>\n<\/div>\n<\/div>\n<\/div>\n\n\n\n<div class=\"wp-block-cover alignfull has-custom-content-position is-position-bottom-center section-five\" style=\"margin-top:0px;margin-bottom:0px;min-height:80vh;aspect-ratio:unset;\"><img decoding=\"async\" width=\"1920\" height=\"1080\" class=\"wp-block-cover__image-background wp-image-1227\" alt=\"sauna camping alsace\" src=\"https:\/\/naturcamp.fr\/wp-content\/uploads\/2025\/02\/sauna-camping-alsace.webp\" style=\"object-position:54% 79%\" data-object-fit=\"cover\" data-object-position=\"54% 79%\" srcset=\"https:\/\/naturcamp.fr\/wp-content\/uploads\/2025\/02\/sauna-camping-alsace.webp 1920w, https:\/\/naturcamp.fr\/wp-content\/uploads\/2025\/02\/sauna-camping-alsace-300x169.webp 300w, https:\/\/naturcamp.fr\/wp-content\/uploads\/2025\/02\/sauna-camping-alsace-1024x576.webp 1024w, https:\/\/naturcamp.fr\/wp-content\/uploads\/2025\/02\/sauna-camping-alsace-768x432.webp 768w, https:\/\/naturcamp.fr\/wp-content\/uploads\/2025\/02\/sauna-camping-alsace-1536x864.webp 1536w\" sizes=\"(max-width: 1920px) 100vw, 1920px\" \/><span aria-hidden=\"true\" class=\"wp-block-cover__background has-background-dim-0 has-background-dim\" style=\"background-color:#867774\"><\/span><div class=\"wp-block-cover__inner-container has-global-padding is-layout-constrained wp-block-cover-is-layout-constrained\">\n<div class=\"wp-block-columns alignwide is-layout-flex wp-container-core-columns-is-layout-28f84493 wp-block-columns-is-layout-flex\">\n<div class=\"wp-block-column is-layout-flow wp-block-column-is-layout-flow\">\n<p class=\"has-text-align-right animated fadeInLeft slower has-contrast-2-color has-text-color has-link-color has-impact-font-family wp-elements-66277b8e896e58c5b6cfe04b195dc1b5\" style=\"margin-right:68px;margin-bottom:60px;font-size:clamp(46.18px, 2.886rem + ((1vw - 3.2px) * 4.565), 90px);line-height:1;text-transform:uppercase\">Entspannungspause in der Natur<\/p>\n<\/div>\n\n\n\n<div class=\"wp-block-column is-layout-flow wp-block-column-is-layout-flow\"><\/div>\n<\/div>\n<\/div><\/div>\n\n\n\n<div class=\"wp-block-group alignfull section-six has-contrast-background-color has-background has-global-padding is-layout-constrained wp-container-core-group-is-layout-2ed36ca4 wp-block-group-is-layout-constrained\" id=\"sauna-bien-etre\" style=\"margin-top:0px;margin-bottom:0px;padding-bottom:var(--wp--preset--spacing--40)\">\n<div class=\"wp-block-columns are-vertically-aligned-center is-layout-flex wp-container-core-columns-is-layout-51c0b34d wp-block-columns-is-layout-flex\" style=\"padding-top:var(--wp--preset--spacing--50);padding-bottom:var(--wp--preset--spacing--50)\">\n<div class=\"wp-block-column is-vertically-aligned-center gt-no-padding-mobile is-layout-flow wp-block-column-is-layout-flow\" style=\"padding-right:70px\"><h2 class=\"wp-block-heading has-text-align-right has-base-color has-text-color has-link-color wp-elements-fff629cd180859adb636f17045e08daf\" id=\"sauna-und-wellnessbereich\">Sauna und Wellnessbereich<\/h2>\n\n\n<p class=\"has-text-align-right has-base-color has-text-color has-link-color has-licorice-font-family wp-elements-4d9b21ebc8cb1d134c01613a5925f892\" style=\"font-size:clamp(28.836px, 1.802rem + ((1vw - 3.2px) * 2.205), 50px);\">W\u00e4rme und Gelassenheit<\/p>\n\n\n\n<p class=\"has-text-align-right has-base-color has-text-color has-link-color has-x-large-font-size wp-elements-c47d81809f4bf41e73f69e61780f8108\" style=\"margin-top:0;margin-bottom:var(--wp--preset--spacing--30);padding-top:0;padding-bottom:0;font-style:normal;font-weight:900;line-height:1\">&#8230;<\/p>\n<\/div>\n\n\n\n<div class=\"wp-block-column is-vertically-aligned-center gt-no-padding-mobile is-layout-flow wp-block-column-is-layout-flow\" style=\"padding-left:70px\">\n<p class=\"has-base-color has-text-color has-link-color wp-elements-329ce88f7c7373e3e6b06cc2331baa30\">In unserem <strong>Wald-Wellnessbereich<\/strong> bieten wir Ihnen eine <strong>Sauna<\/strong> und eine<strong> Terrasse, <\/strong>auf der Sie sich entspannen und die Sonne und die Vegetation rundherum genie\u00dfen k\u00f6nnen. Wir haben uns f\u00fcr eine <strong>einfache und qualitativ hochwertige Einrichtung<\/strong> entschieden, die mit unserem umweltfreundlichen Ansatz und unserem Slow-Tourismus-Gedanken \u00fcbereinstimmt.   <\/p>\n\n\n\n<p class=\"has-base-color has-text-color has-link-color wp-elements-47bc1a7082d3ba50721186bacb1e5493\">Die Sauna, eine Praxis aus den nordischen L\u00e4ndern, ist immer ein beliebter Treffpunkt w\u00e4hrend Ihres Aufenthalts bei uns. Neben der Entspannung bietet sie zahlreiche Vorteile f\u00fcr den K\u00f6rper (f\u00fcr die Muskeln, die Haut, die Immunabwehr, gegen Stress&#8230;). Unsere Sauna ist f\u00fcr Erwachsene und Kinder in Begleitung eines Erwachsenen zug\u00e4nglich.  <\/p>\n<\/div>\n<\/div>\n<\/div>\n\n\n\n<div class=\"wp-block-group alignfull section-faq has-global-padding is-layout-constrained wp-block-group-is-layout-constrained\" style=\"margin-top:0px;margin-bottom:0px;padding-bottom:var(--wp--preset--spacing--40)\">\n<div class=\"wp-block-group alignwide group-one is-layout-flow wp-block-group-is-layout-flow\">\n<div class=\"wp-block-columns is-layout-flex wp-container-core-columns-is-layout-b576b43e wp-block-columns-is-layout-flex\" style=\"padding-top:var(--wp--preset--spacing--50);padding-bottom:var(--wp--preset--spacing--50)\">\n<div class=\"wp-block-column is-layout-flow wp-block-column-is-layout-flow\">\n<p class=\"has-text-align-right animated fadeInLeft slower has-contrast-color has-text-color has-link-color has-impact-font-family gt-no-margin-mobile wp-elements-e62d04849de4189aea91aaf30a882744\" style=\"margin-right:65px;margin-left:0;font-size:clamp(46.18px, 2.886rem + ((1vw - 3.2px) * 4.565), 90px);font-style:normal;font-weight:400;line-height:1\">Lokal und schmackhaft<\/p>\n<\/div>\n\n\n\n<div class=\"wp-block-column is-layout-flow wp-block-column-is-layout-flow\"><\/div>\n<\/div>\n\n\n\n<div class=\"wp-block-columns columns-section-one gt-reverse-mobile is-layout-flex wp-container-core-columns-is-layout-ba42e1e2 wp-block-columns-is-layout-flex\" style=\"margin-bottom:var(--wp--preset--spacing--50)\">\n<div class=\"wp-block-column is-layout-flow wp-block-column-is-layout-flow\" style=\"padding-right:0px;padding-left:0px;flex-basis:50%\">\n<div class=\"wp-block-cover\" style=\"min-height:100%;aspect-ratio:unset;\"><img decoding=\"async\" width=\"1920\" height=\"1920\" class=\"wp-block-cover__image-background wp-image-1237\" alt=\"naturcamp\" src=\"https:\/\/naturcamp.fr\/wp-content\/uploads\/2025\/02\/naturcamp-.webp\" data-object-fit=\"cover\" srcset=\"https:\/\/naturcamp.fr\/wp-content\/uploads\/2025\/02\/naturcamp-.webp 1920w, https:\/\/naturcamp.fr\/wp-content\/uploads\/2025\/02\/naturcamp--300x300.webp 300w, https:\/\/naturcamp.fr\/wp-content\/uploads\/2025\/02\/naturcamp--1024x1024.webp 1024w, https:\/\/naturcamp.fr\/wp-content\/uploads\/2025\/02\/naturcamp--150x150.webp 150w, https:\/\/naturcamp.fr\/wp-content\/uploads\/2025\/02\/naturcamp--768x768.webp 768w, https:\/\/naturcamp.fr\/wp-content\/uploads\/2025\/02\/naturcamp--1536x1536.webp 1536w, https:\/\/naturcamp.fr\/wp-content\/uploads\/2025\/02\/naturcamp--400x400.webp 400w, https:\/\/naturcamp.fr\/wp-content\/uploads\/2025\/02\/naturcamp--600x600.webp 600w\" sizes=\"(max-width: 1920px) 100vw, 1920px\" \/><span aria-hidden=\"true\" class=\"wp-block-cover__background has-background-dim-0 has-background-dim\" style=\"background-color:#5e4e3b\"><\/span><div class=\"wp-block-cover__inner-container has-global-padding is-layout-constrained wp-block-cover-is-layout-constrained\">\n<figure class=\"wp-block-image size-full is-resized has-custom-border\" style=\"margin-left:-120px\"><img decoding=\"async\" width=\"1920\" height=\"1080\" src=\"https:\/\/naturcamp.fr\/wp-content\/uploads\/2025\/02\/pause-gourmande-camping-geihouse.webp\" alt=\"Gourmetpause auf dem Campingplatz Geihouse\" class=\"has-border-color has-base-border-color wp-image-1022\" style=\"border-radius:5px;aspect-ratio:1;object-fit:cover;width:500px\" srcset=\"https:\/\/naturcamp.fr\/wp-content\/uploads\/2025\/02\/pause-gourmande-camping-geihouse.webp 1920w, https:\/\/naturcamp.fr\/wp-content\/uploads\/2025\/02\/pause-gourmande-camping-geihouse-300x169.webp 300w, https:\/\/naturcamp.fr\/wp-content\/uploads\/2025\/02\/pause-gourmande-camping-geihouse-1024x576.webp 1024w, https:\/\/naturcamp.fr\/wp-content\/uploads\/2025\/02\/pause-gourmande-camping-geihouse-768x432.webp 768w, https:\/\/naturcamp.fr\/wp-content\/uploads\/2025\/02\/pause-gourmande-camping-geihouse-1536x864.webp 1536w\" sizes=\"(max-width: 1920px) 100vw, 1920px\" \/><\/figure>\n<\/div><\/div>\n<\/div>\n\n\n\n<div class=\"wp-block-column gt-no-padding-mobile is-layout-flow wp-block-column-is-layout-flow\" style=\"padding-top:var(--wp--preset--spacing--50);padding-right:0px;padding-bottom:var(--wp--preset--spacing--50);padding-left:70px;flex-basis:50%\"><h2 class=\"wp-block-heading has-text-align-left has-contrast-3-color has-text-color has-link-color wp-elements-6ed574ba09007ac1968ee7bb84d263ba\" style=\"margin-left:0\" id=\"snackbar-in-geishouse\">Snackbar in Geishouse<\/h2>\n\n\n<p class=\"has-contrast-3-color has-text-color has-link-color has-x-large-font-size wp-elements-b824c4ab9b06eba8d65659ee01024e27\" style=\"margin-top:0;margin-bottom:var(--wp--preset--spacing--30);padding-top:0;padding-right:0px;padding-bottom:0;padding-left:0;font-style:normal;font-weight:900;line-height:1\">&#8230;<\/p>\n\n\n\n<p class=\"has-text-align-left has-contrast-3-color has-text-color has-link-color wp-elements-e917bfde379d2fafbc2953731b418434\" style=\"padding-left:0\">Nehmen Sie sich Zeit f\u00fcr eine <strong>gesellige Pause<\/strong> bei einem Kaffee, einem Glas oder einem Bier (der Brauer ist im Dorf ans\u00e4ssig, lokaler geht es nicht!).  <\/p>\n\n\n\n<p class=\"has-text-align-left has-contrast-3-color has-text-color has-link-color wp-elements-484d131ff4b0a7b1f52936bf1e0a3d6b\" style=\"padding-left:0\">Die Terrasse im Schatten der Elsbeere l\u00e4dt Sie ein, einfache und gesellige Momente mit der Familie oder Freunden zu verbringen.<\/p>\n\n\n\n<p class=\"has-text-align-left has-contrast-3-color has-text-color has-link-color wp-elements-32ad70f7fa79de13b843987b34e31c9f\" style=\"padding-left:0\">Haben Sie einen kleinen Hunger? <strong>Unsere lokalen oder hausgemachten Produkte<\/strong> werden Ihren Gaumen erfreuen: regionale Brettchen, hausgemachte Konditoreiwaren, Eis&#8230; <\/p>\n\n\n<h2 class=\"wp-block-heading has-text-align-left has-contrast-3-color has-text-color has-link-color wp-elements-2eb707e6aee6559f259809afe00219f6\" id=\"spielplatz-und-boulodrome\">Spielplatz und Boulodrome<\/h2>\n\n\n<p class=\"has-contrast-3-color has-text-color has-link-color has-x-large-font-size wp-elements-8baacb69aad0eb001584ea6f2635e354\" style=\"margin-top:0;margin-bottom:var(--wp--preset--spacing--30);padding-top:0;padding-right:0px;padding-bottom:0;font-style:normal;font-weight:900;line-height:1\">&#8230;<\/p>\n\n\n\n<p class=\"has-text-align-left has-contrast-3-color has-text-color has-link-color wp-elements-d8150034adf4e38456a30aeae5d045cb\">Ein <strong>\u00f6kologisch gestalteter Spielplatz<\/strong>, ganz aus Holz mit einem d\u00e4mpfenden Boden aus Holzsp\u00e4nen, steht Ihren Kindern zur Verf\u00fcgung (Schaukel, H\u00fctte&#8230;) und sorgt f\u00fcr viel Spa\u00df und Lachen! Wir verf\u00fcgen auch \u00fcber einen Multiaktivit\u00e4tsplatz (Boulespiel, M\u00f6lkky, Riesenmikado&#8230;). Und f\u00fcr die Vernetzten unter Ihnen gibt es eine <strong>Ladestation<\/strong> f\u00fcr Mobiltelefone, die zu 100% aus menschlicher Energie besteht! Wenn Sie in die Pedale treten, k\u00f6nnen Sie Ihr Telefon aufladen.   <\/p>\n<\/div>\n<\/div>\n<\/div>\n<\/div>\n\n\n\n<div class=\"wp-block-group alignfull section-one-bis has-contrast-background-color has-background has-global-padding is-layout-constrained wp-block-group-is-layout-constrained\" style=\"margin-top:0px;margin-bottom:0px;padding-top:var(--wp--preset--spacing--60);padding-bottom:var(--wp--preset--spacing--40)\">\n<div class=\"wp-block-group alignwide group-one is-layout-flow wp-block-group-is-layout-flow\">\n<div class=\"wp-block-columns columns-section-one gt-reverse-mobile is-layout-flex wp-container-core-columns-is-layout-ba42e1e2 wp-block-columns-is-layout-flex\" style=\"margin-bottom:var(--wp--preset--spacing--50)\">\n<div class=\"wp-block-column gt-no-padding-mobile is-layout-flow wp-block-column-is-layout-flow\" style=\"padding-right:70px;padding-left:70px;flex-basis:50%\"><h2 class=\"wp-block-heading has-text-align-right has-base-color has-text-color has-link-color wp-elements-db25767841290af2abb0a0f4561c2331\" id=\"lebensmittelgeschaeft\">Lebensmittelgesch\u00e4ft<\/h2>\n\n\n<p class=\"has-text-align-right has-base-color has-text-color has-link-color has-x-large-font-size wp-elements-c47d81809f4bf41e73f69e61780f8108\" style=\"margin-top:0;margin-bottom:var(--wp--preset--spacing--30);padding-top:0;padding-bottom:0;font-style:normal;font-weight:900;line-height:1\">&#8230;<\/p>\n\n\n\n<p class=\"has-text-align-right has-base-color has-text-color has-link-color wp-elements-b360595d9aa39ac9378ca27a23e98fd1\">Natur&#8217;camp verf\u00fcgt \u00fcber einen <strong>Lebensmittelladen<\/strong>, der w\u00e4hrend der \u00d6ffnungszeiten der Rezeption ge\u00f6ffnet ist. Hier finden Sie Lebensmittel f\u00fcr den t\u00e4glichen <strong>Bedarf<\/strong> und <strong>lokale Produkte<\/strong>. Dies ist die perfekte Gelegenheit, um unser schmackhaftes Terroir zu entdecken, das von unseren lokalen Produzenten angeboten wird (Bier, Wein, K\u00e4se, Wurstwaren&#8230;).  <\/p>\n\n\n\n<p class=\"has-text-align-right has-base-color has-text-color has-link-color wp-elements-4cc0216231e68d980f3ceb00e34519ac\">Jeden Morgen gibt es auch <strong>frisches<\/strong> <strong>Geb\u00e4ck<\/strong> und <strong>Brot<\/strong>, das von unserem B\u00e4cker zubereitet wird. Um dieses gute Fr\u00fchst\u00fcck zu genie\u00dfen, m\u00fcssen Sie nur Ihr Geb\u00e4ck und Brot am Vorabend vor 18 Uhr reservieren. <\/p>\n\n\n\n<p class=\"has-text-align-right has-base-color has-text-color has-link-color wp-elements-41f42ba7cabef5e1a0c8a29b9029ecf9\">F\u00fcr unsere sportlichen Freunde, die mit leichtem Gep\u00e4ck reisen m\u00f6chten, k\u00f6nnen wir Ihnen den <strong>Radfahrer-\/Wanderkorb<\/strong> anbieten, um Ihre Batterien mit k\u00f6stlichen Produkten und k\u00fchlen Getr\u00e4nken aufzuladen.  <\/p>\n<\/div>\n\n\n\n<div class=\"wp-block-column is-layout-flow wp-block-column-is-layout-flow\" style=\"flex-basis:50%\">\n<figure class=\"wp-block-image size-full\"><img decoding=\"async\" width=\"1920\" height=\"2560\" src=\"https:\/\/naturcamp.fr\/wp-content\/uploads\/2026\/02\/img_3526-1-scaled.jpg\" alt=\"img 3526\" class=\"wp-image-3098\" style=\"aspect-ratio:1;object-fit:cover\" srcset=\"https:\/\/naturcamp.fr\/wp-content\/uploads\/2026\/02\/img_3526-1-scaled.jpg 1920w, https:\/\/naturcamp.fr\/wp-content\/uploads\/2026\/02\/img_3526-1-225x300.jpg 225w, https:\/\/naturcamp.fr\/wp-content\/uploads\/2026\/02\/img_3526-1-768x1024.jpg 768w, https:\/\/naturcamp.fr\/wp-content\/uploads\/2026\/02\/img_3526-1-1152x1536.jpg 1152w, https:\/\/naturcamp.fr\/wp-content\/uploads\/2026\/02\/img_3526-1-1536x2048.jpg 1536w\" sizes=\"(max-width: 1920px) 100vw, 1920px\" \/><\/figure>\n<\/div>\n<\/div>\n<\/div>\n<\/div>\n\n\n\n<div class=\"wp-block-group alignfull section-faq has-global-padding is-layout-constrained wp-block-group-is-layout-constrained\" style=\"margin-top:0px;margin-bottom:0px;padding-top:var(--wp--preset--spacing--60);padding-bottom:var(--wp--preset--spacing--40)\">\n<div class=\"wp-block-group alignwide group-one is-layout-flow wp-block-group-is-layout-flow\">\n<div class=\"wp-block-columns columns-section-one gt-reverse-mobile is-layout-flex wp-container-core-columns-is-layout-ba42e1e2 wp-block-columns-is-layout-flex\" style=\"margin-bottom:var(--wp--preset--spacing--50)\">\n<div class=\"wp-block-column is-layout-flow wp-block-column-is-layout-flow\" style=\"padding-right:0px;padding-left:0px;flex-basis:50%\">\n<div class=\"wp-block-cover\" style=\"min-height:100%;aspect-ratio:unset;\"><img decoding=\"async\" width=\"1280\" height=\"960\" class=\"wp-block-cover__image-background wp-image-957\" alt=\"Camping nature \u00e0 Alsace\" src=\"https:\/\/naturcamp.fr\/wp-content\/uploads\/2025\/02\/IMG_9859.webp\" data-object-fit=\"cover\" srcset=\"https:\/\/naturcamp.fr\/wp-content\/uploads\/2025\/02\/IMG_9859.webp 1280w, https:\/\/naturcamp.fr\/wp-content\/uploads\/2025\/02\/IMG_9859-300x225.webp 300w, https:\/\/naturcamp.fr\/wp-content\/uploads\/2025\/02\/IMG_9859-1024x768.webp 1024w, https:\/\/naturcamp.fr\/wp-content\/uploads\/2025\/02\/IMG_9859-768x576.webp 768w\" sizes=\"(max-width: 1280px) 100vw, 1280px\" \/><span aria-hidden=\"true\" class=\"wp-block-cover__background has-background-dim-0 has-background-dim\" style=\"background-color:#7c8566\"><\/span><div class=\"wp-block-cover__inner-container has-global-padding is-layout-constrained wp-block-cover-is-layout-constrained\">\n<figure class=\"wp-block-image size-full is-resized has-custom-border\" style=\"margin-left:-120px\"><img decoding=\"async\" width=\"573\" height=\"573\" src=\"https:\/\/naturcamp.fr\/wp-content\/uploads\/2025\/02\/camping-animaux-friendly-alsace.jpg\" alt=\"camping haustierfreundlich elsass\" class=\"has-border-color has-base-border-color wp-image-1937\" style=\"border-radius:5px;aspect-ratio:1;object-fit:cover;width:500px\" srcset=\"https:\/\/naturcamp.fr\/wp-content\/uploads\/2025\/02\/camping-animaux-friendly-alsace.jpg 573w, https:\/\/naturcamp.fr\/wp-content\/uploads\/2025\/02\/camping-animaux-friendly-alsace-300x300.jpg 300w, https:\/\/naturcamp.fr\/wp-content\/uploads\/2025\/02\/camping-animaux-friendly-alsace-150x150.jpg 150w, https:\/\/naturcamp.fr\/wp-content\/uploads\/2025\/02\/camping-animaux-friendly-alsace-400x400.jpg 400w\" sizes=\"(max-width: 573px) 100vw, 573px\" \/><\/figure>\n<\/div><\/div>\n<\/div>\n\n\n\n<div class=\"wp-block-column gt-no-padding-mobile is-layout-flow wp-block-column-is-layout-flow\" style=\"padding-top:var(--wp--preset--spacing--50);padding-right:0px;padding-bottom:var(--wp--preset--spacing--50);padding-left:70px;flex-basis:50%\"><h2 class=\"wp-block-heading has-text-align-left has-contrast-3-color has-text-color has-link-color wp-elements-11299185262ca4a53bcaa38fdccfe89a\" id=\"reisen-sie-mit-ihrem-haustier\">Reisen Sie mit Ihrem Haustier<\/h2>\n\n\n<p class=\"has-text-align-left has-contrast-3-color has-text-color has-link-color has-x-large-font-size wp-elements-c4a0fbaa6bb60a5dbd01b3f9ce9cfd3c\" style=\"margin-top:0;margin-bottom:var(--wp--preset--spacing--30);padding-top:0;padding-bottom:0;font-style:normal;font-weight:900;line-height:1\">&#8230;<\/p>\n\n\n\n<p class=\"has-text-align-left has-contrast-3-color has-text-color has-link-color wp-elements-78a0f9b68d094ba544166a0886f747f8\"><strong>Haustiere (Hunde und Katzen)<\/strong> sind auf dem Campingplatz willkommen, au\u00dfer in den H\u00fcttenlodges und bis zu einem Tier pro Stellplatz und\/oder Mietunterkunft.<\/p>\n\n\n\n<p class=\"has-text-align-left has-link-color wp-elements-0515bdd36b3439a67d072f56e0bd190d\">Einige Hinweise, die Sie vor Ihrem Besuch beachten sollten:<\/p>\n\n\n\n<ul class=\"wp-block-list\">\n<li>Der Impfpass muss auf dem neuesten Stand sein.<\/li>\n\n\n\n<li>Hunde der 1\u02b3\u1d49 und 2\u1d49 Kategorie sind nicht erlaubt.<\/li>\n\n\n\n<li>Tiere sind in den Geb\u00e4uden (Sanit\u00e4ranlagen und Rezeption) nicht erlaubt und m\u00fcssen auf dem Campingplatz an der Leine gehalten werden.  <\/li>\n<\/ul>\n<\/div>\n<\/div>\n<\/div>\n<\/div>\n\n\n\n<div class=\"wp-block-group alignfull section-one has-contrast-background-color has-background has-global-padding is-layout-constrained wp-block-group-is-layout-constrained\" style=\"margin-top:0px;margin-bottom:0px;padding-bottom:var(--wp--preset--spacing--40)\">\n<div class=\"wp-block-group alignwide group-one is-layout-flow wp-block-group-is-layout-flow\">\n<div class=\"wp-block-columns is-layout-flex wp-container-core-columns-is-layout-b576b43e wp-block-columns-is-layout-flex\" style=\"padding-top:var(--wp--preset--spacing--50);padding-bottom:var(--wp--preset--spacing--50)\">\n<div class=\"wp-block-column is-layout-flow wp-block-column-is-layout-flow\">\n<p class=\"has-text-align-right animated fadeInLeft slower has-contrast-3-color has-text-color has-link-color has-impact-font-family gt-no-margin-mobile wp-elements-0605d3233a27983ae232b4b43c41ac79\" style=\"margin-right:65px;margin-left:0;font-size:clamp(46.18px, 2.886rem + ((1vw - 3.2px) * 4.565), 90px);font-style:normal;font-weight:400;line-height:1\">Alles f\u00fcr<br> Ihren Komfort<\/p>\n<\/div>\n\n\n\n<div class=\"wp-block-column is-layout-flow wp-block-column-is-layout-flow\"><\/div>\n<\/div>\n\n\n\n<div class=\"wp-block-columns columns-section-one gt-reverse-mobile is-layout-flex wp-container-core-columns-is-layout-ba42e1e2 wp-block-columns-is-layout-flex\" style=\"margin-bottom:var(--wp--preset--spacing--50)\">\n<div class=\"wp-block-column is-layout-flow wp-block-column-is-layout-flow\" style=\"flex-basis:50%\">\n<div class=\"wp-block-cover\" style=\"min-height:100%;aspect-ratio:unset;\"><img decoding=\"async\" width=\"768\" height=\"1024\" class=\"wp-block-cover__image-background wp-image-960\" alt=\"nature camping familial alsace\" src=\"https:\/\/naturcamp.fr\/wp-content\/uploads\/2025\/02\/5c60f998e468a373da96e70890e31b41-768x1024-1.jpeg\" data-object-fit=\"cover\" srcset=\"https:\/\/naturcamp.fr\/wp-content\/uploads\/2025\/02\/5c60f998e468a373da96e70890e31b41-768x1024-1.jpeg 768w, https:\/\/naturcamp.fr\/wp-content\/uploads\/2025\/02\/5c60f998e468a373da96e70890e31b41-768x1024-1-225x300.jpeg 225w\" sizes=\"(max-width: 768px) 100vw, 768px\" \/><span aria-hidden=\"true\" class=\"wp-block-cover__background has-background-dim-0 has-background-dim\" style=\"background-color:#6a7040\"><\/span><div class=\"wp-block-cover__inner-container has-global-padding is-layout-constrained wp-block-cover-is-layout-constrained\">\n<div data-swiper=\"{&quot;speed&quot;:400,&quot;spaceBetween&quot;:16,&quot;slidesPerView&quot;:&quot;1&quot;,&quot;createElements&quot;:true,&quot;loop&quot;:true,&quot;freemode&quot;:true,&quot;pagination&quot;:{&quot;el&quot;:&quot;.swiper-pagination&quot;,&quot;dynamicBullets&quot;:true},&quot;breakpoints&quot;:{&quot;0&quot;:{&quot;slidesPerView&quot;:1},&quot;380&quot;:{&quot;slidesPerView&quot;:&quot;1&quot;},&quot;1024&quot;:{&quot;slidesPerView&quot;:&quot;1&quot;}},&quot;navigation&quot;:false,&quot;autoplay&quot;:true}\" class=\"wp-block-group gt-is-slider gt-is-slider-desktop is-layout-grid wp-container-core-group-is-layout-63441e74 wp-block-group-is-layout-grid\" style=\"border-radius:0px\">\n<figure class=\"wp-block-image size-full has-custom-border\"><img decoding=\"async\" width=\"573\" height=\"573\" src=\"https:\/\/naturcamp.fr\/wp-content\/uploads\/2025\/02\/camping-avec-services-kit-bebe.jpg\" alt=\"Babyausstattung Campingplatz im Elsass\" class=\"has-border-color has-base-border-color wp-image-1492\" style=\"border-radius:5px;aspect-ratio:1;object-fit:cover\" srcset=\"https:\/\/naturcamp.fr\/wp-content\/uploads\/2025\/02\/camping-avec-services-kit-bebe.jpg 573w, https:\/\/naturcamp.fr\/wp-content\/uploads\/2025\/02\/camping-avec-services-kit-bebe-300x300.jpg 300w, https:\/\/naturcamp.fr\/wp-content\/uploads\/2025\/02\/camping-avec-services-kit-bebe-150x150.jpg 150w, https:\/\/naturcamp.fr\/wp-content\/uploads\/2025\/02\/camping-avec-services-kit-bebe-400x400.jpg 400w\" sizes=\"(max-width: 573px) 100vw, 573px\" \/><\/figure>\n\n\n\n<figure class=\"wp-block-image size-full has-custom-border\"><img decoding=\"async\" width=\"573\" height=\"573\" src=\"https:\/\/naturcamp.fr\/wp-content\/uploads\/2025\/02\/camping-avec-location-velo-alsace.jpg\" alt=\"campingplatz mit fahrradverleih elsass\" class=\"has-border-color wp-image-1959\" style=\"border-color:#ffffff;border-radius:5px;aspect-ratio:1;object-fit:cover\" srcset=\"https:\/\/naturcamp.fr\/wp-content\/uploads\/2025\/02\/camping-avec-location-velo-alsace.jpg 573w, https:\/\/naturcamp.fr\/wp-content\/uploads\/2025\/02\/camping-avec-location-velo-alsace-300x300.jpg 300w, https:\/\/naturcamp.fr\/wp-content\/uploads\/2025\/02\/camping-avec-location-velo-alsace-150x150.jpg 150w, https:\/\/naturcamp.fr\/wp-content\/uploads\/2025\/02\/camping-avec-location-velo-alsace-400x400.jpg 400w\" sizes=\"(max-width: 573px) 100vw, 573px\" \/><\/figure>\n\n\n\n<figure class=\"wp-block-image size-full has-custom-border\"><img decoding=\"async\" width=\"573\" height=\"573\" src=\"https:\/\/naturcamp.fr\/wp-content\/uploads\/2025\/02\/camping-avec-services-location-drap.jpg\" alt=\"Vermietung von Bettw\u00e4sche Campingplatz im Elsass\" class=\"has-border-color has-base-border-color wp-image-1495\" style=\"border-radius:5px;aspect-ratio:1;object-fit:cover\" srcset=\"https:\/\/naturcamp.fr\/wp-content\/uploads\/2025\/02\/camping-avec-services-location-drap.jpg 573w, https:\/\/naturcamp.fr\/wp-content\/uploads\/2025\/02\/camping-avec-services-location-drap-300x300.jpg 300w, https:\/\/naturcamp.fr\/wp-content\/uploads\/2025\/02\/camping-avec-services-location-drap-150x150.jpg 150w, https:\/\/naturcamp.fr\/wp-content\/uploads\/2025\/02\/camping-avec-services-location-drap-400x400.jpg 400w\" sizes=\"(max-width: 573px) 100vw, 573px\" \/><\/figure>\n<\/div>\n<\/div><\/div>\n<\/div>\n\n\n\n<div class=\"wp-block-column gt-no-padding-mobile is-layout-flow wp-block-column-is-layout-flow\" style=\"padding-right:70px;padding-left:70px;flex-basis:50%\"><h2 class=\"wp-block-heading has-text-align-left has-base-color has-text-color has-link-color wp-elements-d9dc7798f7418c5cb8cb6be008342868\" id=\"unsere-dienstleistungen-fuer-einen-sorgenfreien-aufenthalt\">Unsere Dienstleistungen f\u00fcr einen sorgenfreien Aufenthalt<\/h2>\n\n\n<p class=\"has-base-color has-text-color has-link-color has-x-large-font-size wp-elements-b73623339fb909f877e55ae53996515a\" style=\"margin-top:0;margin-bottom:var(--wp--preset--spacing--30);padding-top:0;padding-bottom:0;font-style:normal;font-weight:900;line-height:1\">&#8230;<\/p>\n\n\n\n<p class=\"has-text-align-left has-base-color has-text-color has-link-color wp-elements-f9e71e31c7b9c77ba3f217021500b458\">Ob Sie sich f\u00fcr ein <a href=\"https:\/\/naturcamp.fr\/de\/vermietung-chalets-vosges\/\" data-type=\"page\" data-id=\"546\">Chalet in den Vogesen<\/a> oder einen <a href=\"https:\/\/naturcamp.fr\/de\/vermietung-standplatz-alsace\/\" data-type=\"page\" data-id=\"553\">Stellplatz entscheiden<\/a>, unser Campingplatz im Elsass garantiert Ihnen einen angenehmen und erholsamen Aufenthalt am Fu\u00dfe der Vogesenmassive. <\/p>\n\n\n\n<p class=\"has-base-color has-text-color has-link-color wp-elements-56701c3a4bb657903b3bd0b6e2123572\">Um mit leichtem Gep\u00e4ck zu reisen, bieten wir Ihnen als Option an (je nach Verf\u00fcgbarkeit) :<\/p>\n\n\n\n<ul class=\"wp-block-list has-base-color has-text-color has-link-color wp-elements-d040cef1970f9ea53ff595c1f983781a\">\n<li>Bettw\u00e4sche,<\/li>\n\n\n\n<li>Handtuch,<\/li>\n\n\n\n<li>Regenschirmbett,<\/li>\n\n\n\n<li>Sitzerh\u00f6hung oder Hochstuhl,<\/li>\n\n\n\n<li>Wanderrucksack f\u00fcr Kinder,<\/li>\n\n\n\n<li>MOUNTAINBIKE.<\/li>\n<\/ul>\n\n\n\n<p class=\"has-base-color has-text-color has-link-color wp-elements-4f59fc219d733663e20e8000d842c31a\">Direkt auf dem Campingplatz stehen Ihnen zur Verf\u00fcgung:<\/p>\n\n\n\n<ul class=\"wp-block-list has-base-color has-text-color has-link-color wp-elements-eb97c79dd7f08c4db8f4a560f7ac6b4a\">\n<li>eine Ladestation f\u00fcr Autos und Fahrr\u00e4der<\/li>\n\n\n\n<li>ein Fahrradreparaturset,<\/li>\n\n\n\n<li>Wifi-Verbindung auf dem gesamten Campingplatz.<\/li>\n<\/ul>\n\n\n\n<p class=\"has-text-align-left has-contrast-2-color has-text-color has-link-color has-licorice-font-family wp-elements-04bec87927ef379a4b46c28d2764c273\" style=\"font-size:clamp(28.836px, 1.802rem + ((1vw - 3.2px) * 2.205), 50px);font-style:normal;font-weight:400\">Gut zu wissen:<\/p>\n\n\n\n<p class=\"has-text-align-left has-base-color has-text-color has-link-color wp-elements-9cbc9e33d683df6256ee710f2f498d8d\">Der Campingplatz verf\u00fcgt \u00fcber keine W\u00e4scherei, aber es gibt einen W\u00e4schekorb vor Ort; ein Waschsalon befindet sich weniger als 10 Minuten entfernt, wir werden Ihnen sagen, wie Sie dorthin gelangen.  <\/p>\n\n\n\n<p class=\"has-text-align-left has-base-color has-text-color has-link-color wp-elements-3692db5de0e67b1ab112264c49f2c37a\">Wenn Sie Fragen haben, wenden Sie sich bitte an die Rezeption des Campingplatzes.  <\/p>\n<\/div>\n<\/div>\n<\/div>\n<\/div>\n\n\n\n<div class=\"wp-block-cover alignfull is-light has-custom-content-position is-position-bottom-center section-five\" style=\"margin-top:0px;margin-bottom:0px;min-height:80vh;aspect-ratio:unset;\"><img decoding=\"async\" width=\"1920\" height=\"1080\" class=\"wp-block-cover__image-background wp-image-1309\" alt=\"naturcamp comerce local\" src=\"https:\/\/naturcamp.fr\/wp-content\/uploads\/2025\/02\/naturcamp-comerce-local-1.webp\" data-object-fit=\"cover\" srcset=\"https:\/\/naturcamp.fr\/wp-content\/uploads\/2025\/02\/naturcamp-comerce-local-1.webp 1920w, https:\/\/naturcamp.fr\/wp-content\/uploads\/2025\/02\/naturcamp-comerce-local-1-300x169.webp 300w, https:\/\/naturcamp.fr\/wp-content\/uploads\/2025\/02\/naturcamp-comerce-local-1-1024x576.webp 1024w, https:\/\/naturcamp.fr\/wp-content\/uploads\/2025\/02\/naturcamp-comerce-local-1-768x432.webp 768w, https:\/\/naturcamp.fr\/wp-content\/uploads\/2025\/02\/naturcamp-comerce-local-1-1536x864.webp 1536w\" sizes=\"(max-width: 1920px) 100vw, 1920px\" \/><span aria-hidden=\"true\" class=\"wp-block-cover__background has-background-dim-0 has-background-dim\" style=\"background-color:#bea98d\"><\/span><div class=\"wp-block-cover__inner-container has-global-padding is-layout-constrained wp-block-cover-is-layout-constrained\">\n<p class=\"has-text-align-center has-large-font-size\"><\/p>\n<\/div><\/div>\n\n\n\n<div class=\"wp-block-group alignfull section-six has-contrast-background-color has-background has-global-padding is-layout-constrained wp-container-core-group-is-layout-2ed36ca4 wp-block-group-is-layout-constrained\" style=\"margin-top:0px;margin-bottom:0px;padding-bottom:var(--wp--preset--spacing--40)\">\n<div class=\"wp-block-columns are-vertically-aligned-center is-layout-flex wp-container-core-columns-is-layout-51c0b34d wp-block-columns-is-layout-flex\" style=\"padding-top:var(--wp--preset--spacing--50);padding-bottom:var(--wp--preset--spacing--50)\">\n<div class=\"wp-block-column is-vertically-aligned-center gt-no-padding-mobile is-layout-flow wp-block-column-is-layout-flow\" style=\"padding-right:70px\"><h2 class=\"wp-block-heading has-text-align-right has-base-color has-text-color has-link-color wp-elements-d905ed0c5bfaa9ce32c382b09bc67b57\" id=\"geschaefte-in-der-naehe\">Gesch\u00e4fte in der N\u00e4he<\/h2>\n\n\n<p class=\"has-text-align-right has-base-color has-text-color has-link-color has-licorice-font-family wp-elements-31c64d954e5799463be5edd62d2b359b\" style=\"font-size:clamp(28.836px, 1.802rem + ((1vw - 3.2px) * 2.205), 50px);\">Alles in Reichweite<\/p>\n\n\n\n<p class=\"has-text-align-right has-base-color has-text-color has-link-color has-x-large-font-size wp-elements-c47d81809f4bf41e73f69e61780f8108\" style=\"margin-top:0;margin-bottom:var(--wp--preset--spacing--30);padding-top:0;padding-bottom:0;font-style:normal;font-weight:900;line-height:1\">&#8230;<\/p>\n<\/div>\n\n\n\n<div class=\"wp-block-column is-vertically-aligned-center gt-no-padding-mobile is-layout-flow wp-block-column-is-layout-flow\" style=\"padding-left:70px\">\n<p class=\"has-base-color has-text-color has-link-color wp-elements-414d879cf836bc7b13502649190e1732\">F\u00fcr Ihre <strong>zus\u00e4tzlichen Eink\u00e4ufe<\/strong> finden Sie in weniger als 10 Minuten Entfernung von unserem Campingplatz in Geishouse im Elsass alle notwendigen Gesch\u00e4fte (Apotheken, Metzgereien, Tabakl\u00e4den, Weinhandlungen, Superm\u00e4rkte, Werkst\u00e4tten, Restaurants&#8230;). Nicht zu vergessen unsere lokalen Erzeuger und ihre Direktverkaufsl\u00e4den auf dem Bauernhof, damit Sie den Geschmack unserer Berge genie\u00dfen k\u00f6nnen. Z\u00f6gern Sie nicht, uns zu besuchen, damit wir unsere guten Adressen und Tipps mit Ihnen teilen k\u00f6nnen.  <\/p>\n<\/div>\n<\/div>\n<\/div>\n\n\n\n<div class=\"wp-block-group alignfull section-third is-layout-flow wp-block-group-is-layout-flow\" style=\"margin-top:0px;padding-top:var(--wp--preset--spacing--50);padding-bottom:var(--wp--preset--spacing--50)\">\n<p class=\"has-text-align-center animated fadeInDown slower has-contrast-3-color has-text-color has-link-color has-impact-font-family wp-elements-d0967c74e0e661b96b5b86eb9d548be8\" style=\"font-size:clamp(2.629rem, 2.629rem + ((1vw - 0.2rem) * 3.952), 5rem);line-height:1\">Raffinierte Authentizit\u00e4t<\/p>\n<\/div>\n\n\n\n<div class=\"wp-block-cover alignfull is-light section-third-bis\" style=\"margin-top:0px;margin-bottom:var(--wp--preset--spacing--50);min-height:640px;aspect-ratio:unset;\"><img decoding=\"async\" width=\"1920\" height=\"640\" class=\"wp-block-cover__image-background wp-image-567\" alt=\"bg-section-3\" src=\"https:\/\/naturcamp.fr\/wp-content\/uploads\/2025\/01\/bg-section-3.jpg\" data-object-fit=\"cover\" srcset=\"https:\/\/naturcamp.fr\/wp-content\/uploads\/2025\/01\/bg-section-3.jpg 1920w, https:\/\/naturcamp.fr\/wp-content\/uploads\/2025\/01\/bg-section-3-300x100.jpg 300w, https:\/\/naturcamp.fr\/wp-content\/uploads\/2025\/01\/bg-section-3-1024x341.jpg 1024w, https:\/\/naturcamp.fr\/wp-content\/uploads\/2025\/01\/bg-section-3-768x256.jpg 768w, https:\/\/naturcamp.fr\/wp-content\/uploads\/2025\/01\/bg-section-3-1536x512.jpg 1536w\" sizes=\"(max-width: 1920px) 100vw, 1920px\" \/><span aria-hidden=\"true\" class=\"wp-block-cover__background has-background-dim-0 has-background-dim\" style=\"background-color:#c6ccc6\"><\/span><div class=\"wp-block-cover__inner-container has-global-padding is-layout-constrained wp-block-cover-is-layout-constrained\">\n<div class=\"wp-block-query alignwide has-global-padding is-layout-constrained wp-container-core-query-is-layout-7a3688e9 wp-block-query-is-layout-constrained\"><ul class=\"columns-3 alignfull wp-block-post-template is-layout-grid wp-container-core-post-template-is-layout-4142fc9f wp-block-post-template-is-layout-grid\"><li class=\"wp-block-post post-2493 page type-page status-publish has-post-thumbnail hentry\">\n\n<div class=\"wp-block-group has-border-color has-base-border-color has-global-padding is-layout-constrained wp-container-core-group-is-layout-f54c662a wp-block-group-is-layout-constrained\" style=\"border-width:4px;margin-top:0px;margin-bottom:0px;padding-top:0px;padding-right:0px;padding-bottom:0px;padding-left:0px\">\n<figure class=\"wp-block-image is-style-default wp-duotone-unset-1\"><img decoding=\"async\" src=\"https:\/\/naturcamp.fr\/wp-content\/uploads\/2025\/02\/emplacement-camping-nature.webp\" alt=\"Stellpl\u00e4tze Naturcamping\" style=\"aspect-ratio:1;object-fit:cover\"\/><\/figure>\n\n\n\n<p class=\"has-text-align-center has-base-2-color has-contrast-2-background-color has-text-color has-background has-link-color has-impact-font-family wp-elements-91f0d1841a74491696fd75bbe9d1538f\" style=\"border-style:none;border-width:0px;padding-top:0.5rem;padding-right:20px;padding-bottom:0.5rem;padding-left:20px;font-size:clamp(0.875rem, 0.875rem + ((1vw - 0.2rem) * 0.208), 1rem);letter-spacing:1px;text-transform:uppercase\">\u00d6kologische Verantwortung<\/p>\n\n\n<a class=\"is-style-lien-cover wp-block-read-more\" href=\"https:\/\/naturcamp.fr\/de\/tourismus-okologische-alsace\/\" target=\"_self\">Weiterlesen<span class=\"screen-reader-text\">: \u00d6kologische Verantwortung<\/span><\/a><\/div>\n\n<\/li><li class=\"wp-block-post post-2489 page type-page status-publish has-post-thumbnail hentry\">\n\n<div class=\"wp-block-group has-border-color has-base-border-color has-global-padding is-layout-constrained wp-container-core-group-is-layout-f54c662a wp-block-group-is-layout-constrained\" style=\"border-width:4px;margin-top:0px;margin-bottom:0px;padding-top:0px;padding-right:0px;padding-bottom:0px;padding-left:0px\">\n<figure class=\"wp-block-image is-style-default wp-duotone-unset-2\"><img decoding=\"async\" src=\"https:\/\/naturcamp.fr\/wp-content\/uploads\/2025\/02\/exterieur-cabane-lodge-1.webp\" alt=\"Stellpl\u00e4tze Naturcamping\" style=\"aspect-ratio:1;object-fit:cover\"\/><\/figure>\n\n\n\n<p class=\"has-text-align-center has-base-2-color has-contrast-2-background-color has-text-color has-background has-link-color has-impact-font-family wp-elements-91f0d1841a74491696fd75bbe9d1538f\" style=\"border-style:none;border-width:0px;padding-top:0.5rem;padding-right:20px;padding-bottom:0.5rem;padding-left:20px;font-size:clamp(0.875rem, 0.875rem + ((1vw - 0.2rem) * 0.208), 1rem);letter-spacing:1px;text-transform:uppercase\">Unsere Chalets<\/p>\n\n\n<a class=\"is-style-lien-cover wp-block-read-more\" href=\"https:\/\/naturcamp.fr\/de\/vermietung-chalets-vosges\/\" target=\"_self\">Weiterlesen<span class=\"screen-reader-text\">: Unsere Chalets<\/span><\/a><\/div>\n\n<\/li><li class=\"wp-block-post post-2485 page type-page status-publish has-post-thumbnail hentry\">\n\n<div class=\"wp-block-group has-border-color has-base-border-color has-global-padding is-layout-constrained wp-container-core-group-is-layout-f54c662a wp-block-group-is-layout-constrained\" style=\"border-width:4px;margin-top:0px;margin-bottom:0px;padding-top:0px;padding-right:0px;padding-bottom:0px;padding-left:0px\">\n<figure class=\"wp-block-image is-style-default wp-duotone-unset-3\"><img decoding=\"async\" src=\"https:\/\/naturcamp.fr\/wp-content\/uploads\/2025\/02\/velo-tent-ecoresponsabilite.webp\" alt=\"Stellpl\u00e4tze Naturcamping\" style=\"aspect-ratio:1;object-fit:cover\"\/><\/figure>\n\n\n\n<p class=\"has-text-align-center has-base-2-color has-contrast-2-background-color has-text-color has-background has-link-color has-impact-font-family wp-elements-91f0d1841a74491696fd75bbe9d1538f\" style=\"border-style:none;border-width:0px;padding-top:0.5rem;padding-right:20px;padding-bottom:0.5rem;padding-left:20px;font-size:clamp(0.875rem, 0.875rem + ((1vw - 0.2rem) * 0.208), 1rem);letter-spacing:1px;text-transform:uppercase\">Unsere Standorte<\/p>\n\n\n<a class=\"is-style-lien-cover wp-block-read-more\" href=\"https:\/\/naturcamp.fr\/de\/vermietung-standplatz-alsace\/\" target=\"_self\">Weiterlesen<span class=\"screen-reader-text\">: Unsere Standorte<\/span><\/a><\/div>\n\n<\/li><\/ul><\/div>\n<\/div><\/div>\n","protected":false},"excerpt":{"rendered":"<p>Eine Oasedes Friedens Willkommen auf unserem Familiencampingplatz im Elsass &#8230; Was ist ein 3-Sterne-Urlaub auf unserem Campingplatz im Elsass? Die Garantie, eine luxuri\u00f6se Reise auf einem gem\u00fctlichen Campingplatz in Geishouse zu genie\u00dfen, w\u00e4hrend Sie mit der umgebenden Natur der Vogesen verbunden bleiben. Jeder Tag auf unserem Campingplatz in der N\u00e4he der Vogesen ist ein neues [&hellip;]<\/p>\n","protected":false},"author":1,"featured_media":1106,"parent":0,"menu_order":0,"comment_status":"closed","ping_status":"closed","template":"","meta":{"_acf_changed":false,"_seopress_robots_primary_cat":"","_seopress_titles_title":"Dienstleistungen des 3-Sterne-Campingplatzes im Elsass | Sauna, Wellnessbereich","_seopress_titles_desc":"Entdecken Sie unseren Familiencampingplatz im Herzen der Vogesen! Genie\u00dfen Sie eine freundliche Atmosph\u00e4re inmitten der Natur, mit einer entspannenden Sauna und lokalen K\u00f6stlichkeiten.","_seopress_robots_index":"","_gt_ctv_global_id":"3064","_gt_ctv_id_group":false,"inline_featured_image":false,"gt_fse_maillage_image":"https:\/\/naturcamp.fr\/wp-content\/uploads\/2025\/02\/camping-alsace-vosges-avec-location-de-velo.webp","gt_fse_maillage_titre":"Unsere Dienstleistungen","gt_fse_maillage_alt":"Camping Elsass Vogesen mit Fahrradverleih","gt_fse_maillage_resume":"","footnotes":""},"categories":[],"tags":[],"class_list":["post-2499","page","type-page","status-publish","has-post-thumbnail","hentry"],"acf":[],"_links":{"self":[{"href":"https:\/\/naturcamp.fr\/de\/wp-json\/wp\/v2\/pages\/2499","targetHints":{"allow":["GET"]}}],"collection":[{"href":"https:\/\/naturcamp.fr\/de\/wp-json\/wp\/v2\/pages"}],"about":[{"href":"https:\/\/naturcamp.fr\/de\/wp-json\/wp\/v2\/types\/page"}],"author":[{"embeddable":true,"href":"https:\/\/naturcamp.fr\/de\/wp-json\/wp\/v2\/users\/1"}],"replies":[{"embeddable":true,"href":"https:\/\/naturcamp.fr\/de\/wp-json\/wp\/v2\/comments?post=2499"}],"version-history":[{"count":5,"href":"https:\/\/naturcamp.fr\/de\/wp-json\/wp\/v2\/pages\/2499\/revisions"}],"predecessor-version":[{"id":3101,"href":"https:\/\/naturcamp.fr\/de\/wp-json\/wp\/v2\/pages\/2499\/revisions\/3101"}],"wp:featuredmedia":[{"embeddable":true,"href":"https:\/\/naturcamp.fr\/de\/wp-json\/wp\/v2\/media\/1106"}],"wp:attachment":[{"href":"https:\/\/naturcamp.fr\/de\/wp-json\/wp\/v2\/media?parent=2499"}],"wp:term":[{"taxonomy":"category","embeddable":true,"href":"https:\/\/naturcamp.fr\/de\/wp-json\/wp\/v2\/categories?post=2499"},{"taxonomy":"post_tag","embeddable":true,"href":"https:\/\/naturcamp.fr\/de\/wp-json\/wp\/v2\/tags?post=2499"}],"curies":[{"name":"wp","href":"https:\/\/api.w.org\/{rel}","templated":true}]}}