{"id":2511,"date":"2025-01-08T10:29:38","date_gmt":"2025-01-08T09:29:38","guid":{"rendered":"https:\/\/naturcamp.fr\/startseite\/"},"modified":"2025-03-25T11:53:11","modified_gmt":"2025-03-25T10:53:11","slug":"startseite","status":"publish","type":"page","link":"https:\/\/naturcamp.fr\/de\/","title":{"rendered":"Startseite"},"content":{"rendered":"\n<div class=\"wp-block-group alignfull section-one has-contrast-background-color has-background has-global-padding is-layout-constrained wp-block-group-is-layout-constrained\" style=\"margin-top:0px;margin-bottom:0px;padding-bottom:var(--wp--preset--spacing--40)\">\n<div class=\"wp-block-group alignwide group-one is-layout-flow wp-block-group-is-layout-flow\">\n<div class=\"wp-block-columns is-layout-flex wp-container-core-columns-is-layout-b576b43e wp-block-columns-is-layout-flex\" style=\"padding-top:var(--wp--preset--spacing--50);padding-bottom:var(--wp--preset--spacing--50)\">\n<div class=\"wp-block-column is-layout-flow wp-block-column-is-layout-flow\">\n<p class=\"has-text-align-right animated fadeInLeft slower has-contrast-3-color has-text-color has-link-color has-impact-font-family gt-no-margin-mobile wp-elements-f1e266414b625987e9f235de7d3890e5\" style=\"margin-right:65px;margin-left:0;font-size:clamp(46.18px, 2.886rem + ((1vw - 3.2px) * 4.565), 90px);font-style:normal;font-weight:400;line-height:1\">Eine \u00fcberall Natur<\/p>\n<\/div>\n\n\n\n<div class=\"wp-block-column is-layout-flow wp-block-column-is-layout-flow\"><\/div>\n<\/div>\n\n\n\n<div class=\"wp-block-columns columns-section-one gt-reverse-mobile is-layout-flex wp-container-core-columns-is-layout-33ba964e wp-block-columns-is-layout-flex\">\n<div class=\"wp-block-column is-layout-flow wp-block-column-is-layout-flow\" style=\"flex-basis:50%\">\n<div class=\"wp-block-cover\" style=\"min-height:100%;aspect-ratio:unset;\"><span aria-hidden=\"true\" class=\"wp-block-cover__background has-background-dim-0 has-background-dim\" style=\"background-color:#696f3e\"><\/span><img decoding=\"async\" width=\"800\" height=\"1067\" class=\"wp-block-cover__image-background wp-image-377\" alt=\"5c60f998e468a373da96e70890e31b41\" src=\"https:\/\/naturcamp.fr\/wp-content\/uploads\/2025\/01\/detente-camping-geishouse.webp\" data-object-fit=\"cover\" srcset=\"https:\/\/naturcamp.fr\/wp-content\/uploads\/2025\/01\/detente-camping-geishouse.webp 800w, https:\/\/naturcamp.fr\/wp-content\/uploads\/2025\/01\/detente-camping-geishouse-225x300.webp 225w, https:\/\/naturcamp.fr\/wp-content\/uploads\/2025\/01\/detente-camping-geishouse-768x1024.webp 768w\" sizes=\"(max-width: 800px) 100vw, 800px\" \/><div class=\"wp-block-cover__inner-container has-global-padding is-layout-constrained wp-block-cover-is-layout-constrained\">\n<div data-swiper=\"{&quot;speed&quot;:400,&quot;spaceBetween&quot;:16,&quot;slidesPerView&quot;:&quot;1&quot;,&quot;createElements&quot;:true,&quot;loop&quot;:true,&quot;freemode&quot;:true,&quot;pagination&quot;:{&quot;el&quot;:&quot;.swiper-pagination&quot;,&quot;dynamicBullets&quot;:true},&quot;breakpoints&quot;:{&quot;0&quot;:{&quot;slidesPerView&quot;:1},&quot;380&quot;:{&quot;slidesPerView&quot;:&quot;1&quot;},&quot;1024&quot;:{&quot;slidesPerView&quot;:&quot;1&quot;}},&quot;navigation&quot;:false,&quot;autoplay&quot;:true}\" class=\"wp-block-group gt-is-slider gt-is-slider-desktop is-layout-grid wp-container-core-group-is-layout-63441e74 wp-block-group-is-layout-grid\" style=\"border-radius:0px\">\n<figure class=\"wp-block-image size-full has-custom-border\"><img decoding=\"async\" width=\"573\" height=\"573\" src=\"https:\/\/naturcamp.fr\/wp-content\/uploads\/2025\/02\/tente-bivouac-3-personnes-camping-nature.webp\" alt=\"Biwakzelt f&#xFC;r 3 Personen Naturcamping\" class=\"has-border-color has-base-border-color wp-image-1780\" style=\"border-radius:5px;aspect-ratio:1;object-fit:cover\" srcset=\"https:\/\/naturcamp.fr\/wp-content\/uploads\/2025\/02\/tente-bivouac-3-personnes-camping-nature.webp 573w, https:\/\/naturcamp.fr\/wp-content\/uploads\/2025\/02\/tente-bivouac-3-personnes-camping-nature-300x300.webp 300w, https:\/\/naturcamp.fr\/wp-content\/uploads\/2025\/02\/tente-bivouac-3-personnes-camping-nature-150x150.webp 150w, https:\/\/naturcamp.fr\/wp-content\/uploads\/2025\/02\/tente-bivouac-3-personnes-camping-nature-400x400.webp 400w\" sizes=\"(max-width: 573px) 100vw, 573px\" \/><\/figure>\n\n\n\n<figure class=\"wp-block-image size-full has-custom-border\"><img decoding=\"async\" width=\"573\" height=\"573\" src=\"https:\/\/naturcamp.fr\/wp-content\/uploads\/2025\/02\/camping-avec-services-vosges.webp\" alt=\"campingplatz mit dienstleistungen vosges\" class=\"has-border-color wp-image-1489\" style=\"border-color:#ffffff;border-radius:5px;aspect-ratio:1;object-fit:cover\" srcset=\"https:\/\/naturcamp.fr\/wp-content\/uploads\/2025\/02\/camping-avec-services-vosges.webp 573w, https:\/\/naturcamp.fr\/wp-content\/uploads\/2025\/02\/camping-avec-services-vosges-300x300.webp 300w, https:\/\/naturcamp.fr\/wp-content\/uploads\/2025\/02\/camping-avec-services-vosges-150x150.webp 150w, https:\/\/naturcamp.fr\/wp-content\/uploads\/2025\/02\/camping-avec-services-vosges-400x400.webp 400w\" sizes=\"(max-width: 573px) 100vw, 573px\" \/><\/figure>\n\n\n\n<figure class=\"wp-block-image size-full has-custom-border\"><img decoding=\"async\" width=\"768\" height=\"1024\" src=\"https:\/\/naturcamp.fr\/wp-content\/uploads\/2025\/02\/5c60f998e468a373da96e70890e31b41-768x1024-1.jpeg\" alt=\"Natur Familiencamping Elsass\" class=\"has-border-color has-base-border-color wp-image-960\" style=\"border-radius:5px;aspect-ratio:1;object-fit:cover\" srcset=\"https:\/\/naturcamp.fr\/wp-content\/uploads\/2025\/02\/5c60f998e468a373da96e70890e31b41-768x1024-1.jpeg 768w, https:\/\/naturcamp.fr\/wp-content\/uploads\/2025\/02\/5c60f998e468a373da96e70890e31b41-768x1024-1-225x300.jpeg 225w\" sizes=\"(max-width: 768px) 100vw, 768px\" \/><\/figure>\n<\/div>\n<\/div><\/div>\n<\/div>\n\n\n\n<div class=\"wp-block-column gt-no-padding-mobile is-layout-flow wp-block-column-is-layout-flow\" style=\"padding-right:70px;padding-left:70px;flex-basis:50%\"><h1 class=\"wp-block-heading has-text-align-left has-base-color has-text-color has-link-color wp-elements-9103e58e362d3abe4a990995ff01ab7d\" id=\"camping-im-elsass-erleben-sie-die-authentizitaet-in-den-vogesen\">Camping im Elsass: Erleben Sie die Authentizit\u00e4t in den Vogesen<\/h1>\n\n\n<p class=\"has-text-align-left has-base-color has-text-color has-link-color has-licorice-font-family wp-elements-be21c49630935fd73bdfe516ec08f28a\" style=\"font-size:clamp(28.836px, 1.802rem + ((1vw - 3.2px) * 2.205), 50px);font-style:normal;font-weight:400\">Zur\u00fcck zum Wesentlichen<\/p>\n\n\n\n<p class=\"has-base-color has-text-color has-link-color has-x-large-font-size wp-elements-b73623339fb909f877e55ae53996515a\" style=\"margin-top:0;margin-bottom:var(--wp--preset--spacing--30);padding-top:0;padding-bottom:0;font-style:normal;font-weight:900;line-height:1\">&#8230;<\/p>\n\n\n\n<p class=\"has-text-align-left has-base-color has-text-color has-link-color wp-elements-2bb358269fb673616dcad1bdf98e6041\">Lust auf eine Auszeit im Herzen der Natur der Vogesen? Ein Aufenthalt auf dem<strong> Campingplatz Natur&#8217;camp im Elsass<\/strong> garantiert Ihnen einen einzigartigen Lebensraum, eine au\u00dfergew\u00f6hnliche Umgebung und eine allgegenw\u00e4rtige Natur. Der Campingplatz befindet sich im <strong>Naturpark Ballons des Vosges<\/strong>, genauer gesagt in der wundersch\u00f6nen gr\u00fcnen Umgebung von <strong>Geishouse<\/strong>. Das Dorf liegt an den s\u00fcdlichen Ausl\u00e4ufern des Grand Ballon, dem h\u00f6chsten Punkt der Vogesen (1424 m), mit viel Sonnenschein und einem idealen Ausgangspunkt f\u00fcr zahlreiche Aktivit\u00e4ten.     <\/p>\n\n\n\n<p class=\"has-text-align-left has-base-color has-text-color has-link-color wp-elements-eb676ab26fe17fd20a80ec4b799cea43\">Kommen Sie und teilen Sie mit Ihren Lieben gro\u00dfe emotionale Momente! Die Gelegenheit, vom Alltag abzuschalten und die Wohltaten der Berge und der unber\u00fchrten Natur zu genie\u00dfen. <\/p>\n\n\n\n<div class=\"wp-block-buttons is-layout-flex wp-block-buttons-is-layout-flex\">\n<div class=\"wp-block-button btn-resa\"><a class=\"wp-block-button__link wp-element-button\" style=\"border-radius:0px\">Meinen Aufenthalt buchen<\/a><\/div>\n<\/div>\n<\/div>\n<\/div>\n\n\n\n<div class=\"wp-block-group has-global-padding is-content-justification-center is-layout-constrained wp-container-core-group-is-layout-9fc80058 wp-block-group-is-layout-constrained\" style=\"margin-top:var(--wp--preset--spacing--60);margin-bottom:var(--wp--preset--spacing--50)\">\n<div data-swiper=\"{&quot;speed&quot;:&quot;3000&quot;,&quot;spaceBetween&quot;:16,&quot;slidesPerView&quot;:3,&quot;createElements&quot;:true,&quot;loop&quot;:true,&quot;freemode&quot;:true,&quot;breakpoints&quot;:{&quot;0&quot;:{&quot;slidesPerView&quot;:1},&quot;380&quot;:{&quot;slidesPerView&quot;:1},&quot;1024&quot;:{&quot;slidesPerView&quot;:3}},&quot;navigation&quot;:false,&quot;pagination&quot;:false,&quot;autoplay&quot;:true}\" class=\"wp-block-group gt-is-slider gt-is-slider-desktop is-layout-grid wp-container-core-group-is-layout-3e002c2d wp-block-group-is-layout-grid\" style=\"border-radius:0px\">\n<div class=\"wp-block-group grid-icon has-global-padding is-layout-constrained wp-block-group-is-layout-constrained\">\n<figure class=\"wp-block-image aligncenter size-large\"><img decoding=\"async\" width=\"108\" height=\"73\" src=\"https:\/\/naturcamp.fr\/wp-content\/uploads\/2025\/01\/velo-icon.svg\" alt=\"velo-icon\" class=\"wp-image-442\" style=\"aspect-ratio:1;object-fit:contain\"\/><\/figure>\n\n\n\n<p class=\"has-text-align-center has-base-color has-text-color has-link-color has-impact-font-family wp-elements-95782d5cfcf47bd44e4b6835fcc5da33\" style=\"font-size:clamp(14.642px, 0.915rem + ((1vw - 3.2px) * 0.766), 22px);line-height:1;text-transform:uppercase\">ideal gelegen f\u00fcr die<\/p>\n\n\n\n<p class=\"has-text-align-center has-base-color has-text-color has-link-color has-licorice-font-family wp-elements-291d9de5a9d17106653a1b7e884360f5\" style=\"margin-top:0px;padding-top:0px;font-size:clamp(24.034px, 1.502rem + ((1vw - 3.2px) * 1.663), 40px);line-height:1\">Radfahrer und Wanderer<\/p>\n<\/div>\n\n\n\n<div class=\"wp-block-group grid-icon has-global-padding is-layout-constrained wp-block-group-is-layout-constrained\">\n<figure class=\"wp-block-image aligncenter size-large\"><img decoding=\"async\" width=\"59\" height=\"56\" src=\"https:\/\/naturcamp.fr\/wp-content\/uploads\/2025\/01\/ecolo-icon.svg\" alt=\"ecolo-icon\" class=\"wp-image-439\" style=\"aspect-ratio:1;object-fit:contain\"\/><\/figure>\n\n\n\n<p class=\"has-text-align-center has-base-color has-text-color has-link-color has-impact-font-family wp-elements-67bfbb81ba23dd3eb7c0998826b29d29\" style=\"font-size:clamp(14.642px, 0.915rem + ((1vw - 3.2px) * 0.766), 22px);line-height:1;text-transform:uppercase\">Nachhaltige Umgebung<\/p>\n\n\n\n<p class=\"has-text-align-center has-base-color has-text-color has-link-color has-licorice-font-family wp-elements-f975f0fbe90f704bc4d5b91fd5fcbab3\" style=\"margin-top:0px;padding-top:0px;font-size:clamp(24.034px, 1.502rem + ((1vw - 3.2px) * 1.663), 40px);line-height:1\">mit der Natur<\/p>\n<\/div>\n\n\n\n<div class=\"wp-block-group grid-icon has-global-padding is-layout-constrained wp-block-group-is-layout-constrained\">\n<figure class=\"wp-block-image aligncenter size-large\"><img decoding=\"async\" width=\"59\" height=\"58\" src=\"https:\/\/naturcamp.fr\/wp-content\/uploads\/2025\/01\/famille-icon.svg\" alt=\"Familien-Icon\" class=\"wp-image-436\" style=\"aspect-ratio:1;object-fit:contain\"\/><\/figure>\n\n\n\n<p class=\"has-text-align-center has-base-color has-text-color has-link-color has-impact-font-family wp-elements-c5996f14329b7fa582ef5d163bc80b98\" style=\"font-size:clamp(14.642px, 0.915rem + ((1vw - 3.2px) * 0.766), 22px);line-height:1;text-transform:uppercase\">Ein neuer Ort zum Leben<\/p>\n\n\n\n<p class=\"has-text-align-center has-base-color has-text-color has-link-color has-licorice-font-family wp-elements-491289d04b90739b1ea27abde29ae523\" style=\"margin-top:0px;padding-top:0px;font-size:clamp(24.034px, 1.502rem + ((1vw - 3.2px) * 1.663), 40px);line-height:1\">menschliche Gr\u00f6\u00dfe<\/p>\n<\/div>\n\n\n\n<div class=\"wp-block-group grid-icon has-global-padding is-layout-constrained wp-block-group-is-layout-constrained\">\n<figure class=\"wp-block-image aligncenter size-large\"><img decoding=\"async\" width=\"108\" height=\"73\" src=\"https:\/\/naturcamp.fr\/wp-content\/uploads\/2025\/01\/velo-icon.svg\" alt=\"velo-icon\" class=\"wp-image-442\" style=\"aspect-ratio:1;object-fit:contain\"\/><\/figure>\n\n\n\n<p class=\"has-text-align-center has-base-color has-text-color has-link-color has-impact-font-family wp-elements-95782d5cfcf47bd44e4b6835fcc5da33\" style=\"font-size:clamp(14.642px, 0.915rem + ((1vw - 3.2px) * 0.766), 22px);line-height:1;text-transform:uppercase\">ideal gelegen f\u00fcr die<\/p>\n\n\n\n<p class=\"has-text-align-center has-base-color has-text-color has-link-color has-licorice-font-family wp-elements-291d9de5a9d17106653a1b7e884360f5\" style=\"margin-top:0px;padding-top:0px;font-size:clamp(24.034px, 1.502rem + ((1vw - 3.2px) * 1.663), 40px);line-height:1\">Radfahrer und Wanderer<\/p>\n<\/div>\n\n\n\n<div class=\"wp-block-group grid-icon has-global-padding is-layout-constrained wp-block-group-is-layout-constrained\">\n<figure class=\"wp-block-image aligncenter size-large\"><img decoding=\"async\" width=\"59\" height=\"56\" src=\"https:\/\/naturcamp.fr\/wp-content\/uploads\/2025\/01\/ecolo-icon.svg\" alt=\"ecolo-icon\" class=\"wp-image-439\" style=\"aspect-ratio:1;object-fit:contain\"\/><\/figure>\n\n\n\n<p class=\"has-text-align-center has-base-color has-text-color has-link-color has-impact-font-family wp-elements-67bfbb81ba23dd3eb7c0998826b29d29\" style=\"font-size:clamp(14.642px, 0.915rem + ((1vw - 3.2px) * 0.766), 22px);line-height:1;text-transform:uppercase\">Nachhaltige Umgebung<\/p>\n\n\n\n<p class=\"has-text-align-center has-base-color has-text-color has-link-color has-licorice-font-family wp-elements-f975f0fbe90f704bc4d5b91fd5fcbab3\" style=\"margin-top:0px;padding-top:0px;font-size:clamp(24.034px, 1.502rem + ((1vw - 3.2px) * 1.663), 40px);line-height:1\">mit der Natur<\/p>\n<\/div>\n\n\n\n<div class=\"wp-block-group grid-icon has-global-padding is-layout-constrained wp-block-group-is-layout-constrained\">\n<figure class=\"wp-block-image aligncenter size-large\"><img decoding=\"async\" width=\"59\" height=\"58\" src=\"https:\/\/naturcamp.fr\/wp-content\/uploads\/2025\/01\/famille-icon.svg\" alt=\"Familien-Icon\" class=\"wp-image-436\" style=\"aspect-ratio:1;object-fit:contain\"\/><\/figure>\n\n\n\n<p class=\"has-text-align-center has-base-color has-text-color has-link-color has-impact-font-family wp-elements-c5996f14329b7fa582ef5d163bc80b98\" style=\"font-size:clamp(14.642px, 0.915rem + ((1vw - 3.2px) * 0.766), 22px);line-height:1;text-transform:uppercase\">Ein neuer Ort zum Leben<\/p>\n\n\n\n<p class=\"has-text-align-center has-base-color has-text-color has-link-color has-licorice-font-family wp-elements-491289d04b90739b1ea27abde29ae523\" style=\"margin-top:0px;padding-top:0px;font-size:clamp(24.034px, 1.502rem + ((1vw - 3.2px) * 1.663), 40px);line-height:1\">menschliche Gr\u00f6\u00dfe<\/p>\n<\/div>\n<\/div>\n<\/div>\n<\/div>\n<\/div>\n\n<div class=\"wp-block-group alignfull section-two has-base-background-color has-background has-global-padding is-layout-constrained wp-block-group-is-layout-constrained\" style=\"margin-top:0px;margin-bottom:0px;padding-bottom:var(--wp--preset--spacing--50)\">\n<div class=\"wp-block-group alignwide group-one is-layout-flow wp-block-group-is-layout-flow\">\n<div class=\"wp-block-columns is-layout-flex wp-container-core-columns-is-layout-b576b43e wp-block-columns-is-layout-flex\" style=\"padding-top:var(--wp--preset--spacing--50);padding-bottom:var(--wp--preset--spacing--50)\">\n<div class=\"wp-block-column is-layout-flow wp-block-column-is-layout-flow\"><\/div>\n\n\n\n<div class=\"wp-block-column is-layout-flow wp-block-column-is-layout-flow\">\n<p class=\"has-text-align-left animated fadeInRight slower has-contrast-color has-text-color has-link-color has-impact-font-family gt-no-margin-mobile wp-elements-9234cc03f4fd7011585d595ed2fb0150\" style=\"margin-left:65px;font-size:clamp(46.18px, 2.886rem + ((1vw - 3.2px) * 4.565), 90px);font-style:normal;font-weight:400;line-height:1\">Eine nat\u00fcrliche Flucht<\/p>\n<\/div>\n<\/div>\n\n\n\n<div class=\"wp-block-columns columns-section-one is-layout-flex wp-container-core-columns-is-layout-33ba964e wp-block-columns-is-layout-flex\">\n<div class=\"wp-block-column gt-no-padding-mobile is-layout-flow wp-block-column-is-layout-flow\" style=\"padding-right:70px;padding-left:70px;flex-basis:50%\"><h2 class=\"wp-block-heading has-text-align-right has-contrast-3-color has-text-color has-link-color wp-elements-d6630bc0061f62603b00119a85d0e8ff\" id=\"umweltfreundlicher-campingplatz-mit-dienstleistungen-im-elsass\">Umweltfreundlicher Campingplatz mit Dienstleistungen im Elsass<\/h2>\n\n\n<p class=\"has-text-align-right has-contrast-2-color has-text-color has-link-color has-licorice-font-family wp-elements-ec97aa1108ad948ab3122068048a2ab2\" style=\"font-size:clamp(28.836px, 1.802rem + ((1vw - 3.2px) * 2.205), 50px);font-style:normal;font-weight:400\">Langsames Reisen<\/p>\n\n\n\n<p class=\"has-text-align-right has-contrast-3-color has-text-color has-link-color has-x-large-font-size wp-elements-9a80da93b24133ae70383ce4fe9c3a8d\" style=\"margin-top:0;margin-bottom:var(--wp--preset--spacing--30);padding-top:0;padding-bottom:0;font-style:normal;font-weight:900;line-height:1\">&#8230;<\/p>\n\n\n\n<p class=\"has-text-align-right has-contrast-3-color has-text-color has-link-color wp-elements-db529d759546357a33a8bb318fd2fab7\">In der nat\u00fcrlichen Umgebung des Elsass und des Naturparks Ballons des Vosges war die Umsetzung eines umweltbewussten Ansatzes eine <strong><a href=\"https:\/\/naturcamp.fr\/de\/tourismus-okologische-alsace\/\" data-type=\"page\" data-id=\"508\">Selbstverst\u00e4ndlichkeit<\/a><\/strong>! Von der Konzeption des Projekts bis zur konkreten Umsetzung wurde jede Etappe durchdacht, um die Natur zu sch\u00fctzen. Wenn auch Sie Lust auf einen verantwortungsvolleren Urlaub haben, ohne auf Komfort und den besten Preis zu verzichten, z\u00f6gern Sie nicht l\u00e4nger, Natur&#8217;camp, unser Campingplatz im Elsass, ist genau das Richtige f\u00fcr Sie! Und wenn Sie sich f\u00fcr eine &#8222;<strong>Slow-Tourismus<\/strong>&#8222;-Reise zu Fu\u00df oder mit dem Fahrrad entscheiden, freuen wir uns, Sie auf unserem <a href=\"https:\/\/naturcamp.fr\/de\/familiencampingplatz-alsace\/\" data-type=\"page\" data-id=\"507\">Campingplatz mit Service im Elsass<\/a> begr\u00fc\u00dfen zu d\u00fcrfen.   <\/p>\n<\/div>\n\n\n\n<div class=\"wp-block-column is-layout-flow wp-block-column-is-layout-flow\" style=\"flex-basis:50%\">\n<div class=\"wp-block-cover\" style=\"min-height:100%;aspect-ratio:unset;\"><span aria-hidden=\"true\" class=\"wp-block-cover__background has-background-dim-0 has-background-dim\" style=\"background-color:#696f3e\"><\/span><img decoding=\"async\" width=\"800\" height=\"1067\" class=\"wp-block-cover__image-background wp-image-377\" alt=\"5c60f998e468a373da96e70890e31b41\" src=\"https:\/\/naturcamp.fr\/wp-content\/uploads\/2025\/01\/detente-camping-geishouse.webp\" data-object-fit=\"cover\" srcset=\"https:\/\/naturcamp.fr\/wp-content\/uploads\/2025\/01\/detente-camping-geishouse.webp 800w, https:\/\/naturcamp.fr\/wp-content\/uploads\/2025\/01\/detente-camping-geishouse-225x300.webp 225w, https:\/\/naturcamp.fr\/wp-content\/uploads\/2025\/01\/detente-camping-geishouse-768x1024.webp 768w\" sizes=\"(max-width: 800px) 100vw, 800px\" \/><div class=\"wp-block-cover__inner-container has-global-padding is-layout-constrained wp-block-cover-is-layout-constrained\">\n<div class=\"wp-block-query is-layout-flow wp-block-query-is-layout-flow\"><ul class=\"wp-block-post-template has-global-padding is-layout-constrained wp-container-core-post-template-is-layout-b540465b wp-block-post-template-is-layout-constrained\"><li class=\"wp-block-post post-2493 page type-page status-publish has-post-thumbnail hentry\">\n\n<div class=\"wp-block-group has-global-padding is-layout-constrained wp-container-core-group-is-layout-c22a2ecf wp-block-group-is-layout-constrained\" style=\"border-width:4px;margin-top:0px;margin-bottom:0px;padding-top:0px;padding-right:0px;padding-bottom:0px;padding-left:0px\">\n<figure class=\"wp-block-image size-full is-style-default wp-duotone-unset-1\"><img decoding=\"async\" width=\"573\" height=\"573\" src=\"https:\/\/naturcamp.fr\/wp-content\/uploads\/2025\/02\/emplacement-camping-nature.webp\" alt=\"Campingplatz mit Radweg in den Vogesen\" class=\"wp-image-1864\" style=\"aspect-ratio:4\/3;object-fit:cover\" srcset=\"https:\/\/naturcamp.fr\/wp-content\/uploads\/2025\/02\/emplacement-camping-nature.webp 573w, https:\/\/naturcamp.fr\/wp-content\/uploads\/2025\/02\/emplacement-camping-nature-300x300.webp 300w, https:\/\/naturcamp.fr\/wp-content\/uploads\/2025\/02\/emplacement-camping-nature-150x150.webp 150w, https:\/\/naturcamp.fr\/wp-content\/uploads\/2025\/02\/emplacement-camping-nature-400x400.webp 400w\" sizes=\"(max-width: 573px) 100vw, 573px\" \/><\/figure>\n\n\n\n<p class=\"has-text-align-center has-base-2-color has-contrast-2-background-color has-text-color has-background has-link-color has-impact-font-family wp-elements-ad99420e37c8b153746d9e8c7eb276c0\" style=\"border-style:none;border-width:0px;padding-top:0.5rem;padding-right:20px;padding-bottom:0.5rem;padding-left:20px;font-size:clamp(0.875rem, 0.875rem + ((1vw - 0.2rem) * 0.208), 1rem);letter-spacing:1px;text-transform:uppercase\">\u00d6kologische Verantwortung<\/p>\n\n\n<a class=\"is-style-lien-cover wp-block-read-more\" href=\"https:\/\/naturcamp.fr\/de\/tourismus-okologische-alsace\/\" target=\"_self\">Weiterlesen<span class=\"screen-reader-text\">: \u00d6kologische Verantwortung<\/span><\/a><\/div>\n\n<\/li><li class=\"wp-block-post post-2499 page type-page status-publish has-post-thumbnail hentry\">\n\n<div class=\"wp-block-group has-global-padding is-layout-constrained wp-container-core-group-is-layout-c22a2ecf wp-block-group-is-layout-constrained\" style=\"border-width:4px;margin-top:0px;margin-bottom:0px;padding-top:0px;padding-right:0px;padding-bottom:0px;padding-left:0px\">\n<figure class=\"wp-block-image size-full is-style-default wp-duotone-unset-2\"><img decoding=\"async\" src=\"https:\/\/naturcamp.fr\/wp-content\/uploads\/2025\/02\/camping-alsace-vosges-avec-location-de-velo.webp\" alt=\"Camping Elsass Vogesen mit Fahrradverleih\" class=\"wp-image-1864\" style=\"aspect-ratio:4\/3;object-fit:cover\"\/><\/figure>\n\n\n\n<p class=\"has-text-align-center has-base-2-color has-contrast-2-background-color has-text-color has-background has-link-color has-impact-font-family wp-elements-ad99420e37c8b153746d9e8c7eb276c0\" style=\"border-style:none;border-width:0px;padding-top:0.5rem;padding-right:20px;padding-bottom:0.5rem;padding-left:20px;font-size:clamp(0.875rem, 0.875rem + ((1vw - 0.2rem) * 0.208), 1rem);letter-spacing:1px;text-transform:uppercase\">Unsere Dienstleistungen<\/p>\n\n\n<a class=\"is-style-lien-cover wp-block-read-more\" href=\"https:\/\/naturcamp.fr\/de\/familiencampingplatz-alsace\/\" target=\"_self\">Weiterlesen<span class=\"screen-reader-text\">: Unsere Dienstleistungen<\/span><\/a><\/div>\n\n<\/li><\/ul><\/div>\n<\/div><\/div>\n<\/div>\n<\/div>\n<\/div>\n<\/div>\n\n<div class=\"wp-block-group alignfull section-third is-layout-flow wp-block-group-is-layout-flow\" style=\"margin-top:0px;padding-top:var(--wp--preset--spacing--50);padding-bottom:var(--wp--preset--spacing--50)\">\n<p class=\"has-text-align-center animated fadeInDown slower has-contrast-3-color has-text-color has-link-color has-impact-font-family wp-elements-d5127dff0dd05591534d3f634c243bbc\" style=\"font-size:clamp(46.18px, 2.886rem + ((1vw - 3.2px) * 4.565), 90px);\">Authentischer Luxus<\/p>\n<\/div>\n\n<div class=\"wp-block-cover alignfull is-light section-third-bis\" style=\"margin-top:0px;margin-bottom:0px;min-height:640px;aspect-ratio:unset;\"><span aria-hidden=\"true\" class=\"wp-block-cover__background has-background-dim-0 has-background-dim\" style=\"background-color:#c6ccc6\"><\/span><img decoding=\"async\" width=\"1920\" height=\"640\" class=\"wp-block-cover__image-background wp-image-567\" alt=\"bg-section-3\" src=\"https:\/\/naturcamp.fr\/wp-content\/uploads\/2025\/01\/bg-section-3.jpg\" data-object-fit=\"cover\" srcset=\"https:\/\/naturcamp.fr\/wp-content\/uploads\/2025\/01\/bg-section-3.jpg 1920w, https:\/\/naturcamp.fr\/wp-content\/uploads\/2025\/01\/bg-section-3-300x100.jpg 300w, https:\/\/naturcamp.fr\/wp-content\/uploads\/2025\/01\/bg-section-3-1024x341.jpg 1024w, https:\/\/naturcamp.fr\/wp-content\/uploads\/2025\/01\/bg-section-3-768x256.jpg 768w, https:\/\/naturcamp.fr\/wp-content\/uploads\/2025\/01\/bg-section-3-1536x512.jpg 1536w\" sizes=\"(max-width: 1920px) 100vw, 1920px\" \/><div class=\"wp-block-cover__inner-container is-layout-flow wp-block-cover-is-layout-flow\">\n<div class=\"wp-block-columns gt-no-padding-mobile is-layout-flex wp-container-core-columns-is-layout-e7a0a86a wp-block-columns-is-layout-flex\" style=\"padding-right:var(--wp--preset--spacing--60);padding-left:var(--wp--preset--spacing--60)\">\n<div class=\"wp-block-column is-layout-flow wp-block-column-is-layout-flow\"><a href=\"https:\/\/naturcamp.fr\/location-chalets-vosges\/\"    class=\"wp-block-tiptip-hyperlink-group-block\" >\n<div class=\"wp-block-cover has-custom-content-position is-position-bottom-center has-border-color has-base-border-color has-aspect-ratio\" style=\"border-width:4px;min-height:530px;aspect-ratio:1;min-height:unset;\"><span aria-hidden=\"true\" class=\"wp-block-cover__background has-background-dim-0 has-background-dim\" style=\"background-color:#66717a\"><\/span><img decoding=\"async\" width=\"573\" height=\"573\" class=\"wp-block-cover__image-background wp-image-1489\" alt=\"camping avec services vosges\" src=\"https:\/\/naturcamp.fr\/wp-content\/uploads\/2025\/02\/camping-avec-services-vosges.webp\" data-object-fit=\"cover\" srcset=\"https:\/\/naturcamp.fr\/wp-content\/uploads\/2025\/02\/camping-avec-services-vosges.webp 573w, https:\/\/naturcamp.fr\/wp-content\/uploads\/2025\/02\/camping-avec-services-vosges-300x300.webp 300w, https:\/\/naturcamp.fr\/wp-content\/uploads\/2025\/02\/camping-avec-services-vosges-150x150.webp 150w, https:\/\/naturcamp.fr\/wp-content\/uploads\/2025\/02\/camping-avec-services-vosges-400x400.webp 400w\" sizes=\"(max-width: 573px) 100vw, 573px\" \/><div class=\"wp-block-cover__inner-container has-global-padding is-layout-constrained wp-container-core-cover-is-layout-bb55f8cb wp-block-cover-is-layout-constrained\">\n<p class=\"has-text-align-center has-base-color has-contrast-2-background-color has-text-color has-background has-link-color has-medium-font-size wp-elements-61f5aea4d0ffd79eecfae4ccabb43c7c\" style=\"padding-top:0.5rem;padding-right:20px;padding-bottom:0.5rem;padding-left:20px;text-transform:uppercase\">Unsere Chalets<\/p>\n<\/div><\/div>\n<\/a><\/div>\n\n\n\n<div class=\"wp-block-column is-layout-flow wp-block-column-is-layout-flow\"><a href=\"https:\/\/naturcamp.fr\/location-emplacement-alsace\/\"    class=\"wp-block-tiptip-hyperlink-group-block\" >\n<div class=\"wp-block-cover is-light has-custom-content-position is-position-bottom-center has-border-color has-base-border-color has-aspect-ratio\" style=\"border-width:4px;min-height:530px;aspect-ratio:1;min-height:unset;\"><span aria-hidden=\"true\" class=\"wp-block-cover__background has-background-dim-0 has-background-dim\" style=\"background-color:#88896a\"><\/span><img decoding=\"async\" width=\"573\" height=\"573\" class=\"wp-block-cover__image-background wp-image-1512\" alt=\"velo tent ecoresponsabilite\" src=\"https:\/\/naturcamp.fr\/wp-content\/uploads\/2025\/02\/velo-tent-ecoresponsabilite.webp\" data-object-fit=\"cover\" srcset=\"https:\/\/naturcamp.fr\/wp-content\/uploads\/2025\/02\/velo-tent-ecoresponsabilite.webp 573w, https:\/\/naturcamp.fr\/wp-content\/uploads\/2025\/02\/velo-tent-ecoresponsabilite-300x300.webp 300w, https:\/\/naturcamp.fr\/wp-content\/uploads\/2025\/02\/velo-tent-ecoresponsabilite-150x150.webp 150w, https:\/\/naturcamp.fr\/wp-content\/uploads\/2025\/02\/velo-tent-ecoresponsabilite-400x400.webp 400w\" sizes=\"(max-width: 573px) 100vw, 573px\" \/><div class=\"wp-block-cover__inner-container has-global-padding is-layout-constrained wp-container-core-cover-is-layout-bb55f8cb wp-block-cover-is-layout-constrained\">\n<p class=\"has-text-align-center has-base-color has-contrast-2-background-color has-text-color has-background has-link-color has-medium-font-size wp-elements-bee88efc18456450a7bc9726199c1b44\" style=\"padding-top:0.5rem;padding-right:20px;padding-bottom:0.5rem;padding-left:20px;text-transform:uppercase\">Unsere Standorte<\/p>\n<\/div><\/div>\n<\/a><\/div>\n\n\n\n<div class=\"wp-block-column is-layout-flow wp-container-core-column-is-layout-8a368f38 wp-block-column-is-layout-flow\"><a href=\"https:\/\/naturcamp.fr\/location-emplacement-alsace\/#bivouacs\"    class=\"wp-block-tiptip-hyperlink-group-block\" >\n<div class=\"wp-block-cover has-custom-content-position is-position-bottom-center has-border-color has-base-border-color has-aspect-ratio\" style=\"border-width:4px;min-height:530px;aspect-ratio:1;min-height:unset;\"><span aria-hidden=\"true\" class=\"wp-block-cover__background has-background-dim-0 has-background-dim\" style=\"background-color:#6e6d5a\"><\/span><img decoding=\"async\" width=\"573\" height=\"573\" class=\"wp-block-cover__image-background wp-image-1768\" alt=\"tente bivouac\" src=\"https:\/\/naturcamp.fr\/wp-content\/uploads\/2025\/02\/tente-bivouac.webp\" data-object-fit=\"cover\" srcset=\"https:\/\/naturcamp.fr\/wp-content\/uploads\/2025\/02\/tente-bivouac.webp 573w, https:\/\/naturcamp.fr\/wp-content\/uploads\/2025\/02\/tente-bivouac-300x300.webp 300w, https:\/\/naturcamp.fr\/wp-content\/uploads\/2025\/02\/tente-bivouac-150x150.webp 150w, https:\/\/naturcamp.fr\/wp-content\/uploads\/2025\/02\/tente-bivouac-400x400.webp 400w\" sizes=\"(max-width: 573px) 100vw, 573px\" \/><div class=\"wp-block-cover__inner-container has-global-padding is-layout-constrained wp-container-core-cover-is-layout-bb55f8cb wp-block-cover-is-layout-constrained\">\n<p class=\"has-text-align-center has-base-color has-contrast-2-background-color has-text-color has-background has-link-color has-medium-font-size wp-elements-ab0161b34c9f00e16bbbb3b9a745f1e9\" style=\"padding-top:0.5rem;padding-right:20px;padding-bottom:0.5rem;padding-left:20px;text-transform:uppercase\">Unsere Biwak-Zelte<\/p>\n<\/div><\/div>\n<\/a><\/div>\n<\/div>\n<\/div><\/div>\n\n<div class=\"wp-block-group alignwide home-fourth gt-no-padding-mobile has-global-padding is-layout-constrained wp-container-core-group-is-layout-e1e0df5b wp-block-group-is-layout-constrained\" style=\"margin-top:0px;margin-bottom:0px;padding-top:var(--wp--preset--spacing--50);padding-bottom:12rem\"><h2 class=\"wp-block-heading has-text-align-center has-contrast-3-color has-text-color has-link-color wp-elements-a5fcee90e5da0c9122dbb074534dd908\" id=\"zwischen-natur-und-komfortunsere-unterkuenfte-zur-vermietung-im-elsass\">Zwischen Natur und Komfort,<br>unsere unterk\u00fcnfte zur vermietung im Elsass<\/h2>\n\n\n<p class=\"has-text-align-center has-contrast-2-color has-text-color has-link-color has-licorice-font-family wp-elements-fc56c09430cf5afc463a50c1576b92ef\" style=\"font-size:clamp(28.836px, 1.802rem + ((1vw - 3.2px) * 2.205), 50px);\">In perfekter Osmose<\/p>\n\n\n\n<p class=\"has-text-align-center has-contrast-3-color has-text-color has-link-color has-x-large-font-size wp-elements-216619393371776bd062b685c911a1c0\" style=\"margin-top:0;margin-bottom:var(--wp--preset--spacing--30);padding-top:0;padding-bottom:0;font-style:normal;font-weight:900;line-height:1\">&#8230;<\/p>\n\n\n\n<p class=\"has-text-align-center\">Auf dem Campingplatz Natur&#8217;camp im Elsass k\u00f6nnen Sie eine Unterkunft w\u00e4hlen, die zu Ihnen passt! Sind Sie ein Liebhaber des <strong>traditionellen Campings<\/strong>? Unsere <a href=\"https:\/\/naturcamp.fr\/de\/vermietung-standplatz-alsace\/\" data-type=\"page\" data-id=\"553\">Stellplatzvermietung im Elsass<\/a>, die mit B\u00e4umen bewachsen ist und am Fu\u00dfe der Berge liegt, bietet Ihnen die M\u00f6glichkeit, v\u00f6llig einzutauchen.  <\/p>\n\n\n\n<p class=\"has-text-align-center\">Sind Sie eher auf der Suche nach einem einzigartigen Erlebnis? Mieten Sie ein <a href=\"https:\/\/naturcamp.fr\/de\/vermietung-chalets-vosges\/\" data-type=\"page\" data-id=\"546\">Chalet in den Vogesen<\/a> und w\u00e4hlen Sie zwischen unseren komfortablen und funktionalen <strong>Vintage-Chalets<\/strong> oder unseren modernen und gem\u00fctlichen <strong>H\u00fctten-Lodges<\/strong> mit <strong>eigenem Spa<\/strong>. F\u00fcr einen zeltfertigen Aufenthalt bieten unsere <a href=\"https:\/\/naturcamp.fr\/de\/vermietung-standplatz-alsace\/#bivouacs\">Biwakzelte<\/a> mit allem Komfort die M\u00f6glichkeit, mit leichtem Gep\u00e4ck zu reisen. Der Campingplatz verf\u00fcgt au\u00dferdem \u00fcber einen <strong>Servicebereich<\/strong> f\u00fcr Wohnmobile, in dem Sie Ihre Fahrzeuge entleeren und mit Wasser versorgen k\u00f6nnen.  <\/p>\n\n\n\n<div class=\"wp-block-buttons is-content-justification-center is-layout-flex wp-container-core-buttons-is-layout-d2a3880e wp-block-buttons-is-layout-flex\" style=\"margin-top:var(--wp--preset--spacing--30)\">\n<div class=\"wp-block-button\"><a class=\"wp-block-button__link wp-element-button\" href=\"https:\/\/naturcamp.fr\/de\/campingplatz-gunstiger-alsace\/\" style=\"border-radius:0px\">unsere Preise und Angebote<\/a><\/div>\n<\/div>\n<\/div>\n\n<div class=\"wp-block-cover alignfull has-custom-content-position is-position-bottom-center section-five\" style=\"margin-top:0px;margin-bottom:0px;min-height:80vh;aspect-ratio:unset;\"><span aria-hidden=\"true\" class=\"wp-block-cover__background has-background-dim-0 has-background-dim\" style=\"background-color:#806252\"><\/span><img decoding=\"async\" width=\"2000\" height=\"1260\" class=\"wp-block-cover__image-background wp-image-609\" alt=\"banner-sauna-naturcamp\" src=\"https:\/\/naturcamp.fr\/wp-content\/uploads\/2025\/01\/banner-sauna-naturcamp.jpg\" data-object-fit=\"cover\" srcset=\"https:\/\/naturcamp.fr\/wp-content\/uploads\/2025\/01\/banner-sauna-naturcamp.jpg 2000w, https:\/\/naturcamp.fr\/wp-content\/uploads\/2025\/01\/banner-sauna-naturcamp-300x189.jpg 300w, https:\/\/naturcamp.fr\/wp-content\/uploads\/2025\/01\/banner-sauna-naturcamp-1024x645.jpg 1024w, https:\/\/naturcamp.fr\/wp-content\/uploads\/2025\/01\/banner-sauna-naturcamp-768x484.jpg 768w, https:\/\/naturcamp.fr\/wp-content\/uploads\/2025\/01\/banner-sauna-naturcamp-1536x968.jpg 1536w\" sizes=\"(max-width: 2000px) 100vw, 2000px\" \/><div class=\"wp-block-cover__inner-container has-global-padding is-layout-constrained wp-block-cover-is-layout-constrained\">\n<div class=\"wp-block-columns alignwide is-layout-flex wp-container-core-columns-is-layout-28f84493 wp-block-columns-is-layout-flex\">\n<div class=\"wp-block-column is-layout-flow wp-block-column-is-layout-flow\">\n<p class=\"has-text-align-right animated fadeInLeft slower has-contrast-2-color has-text-color has-link-color has-impact-font-family wp-elements-3d64d3706e3b6c13845e9e8b26389321\" style=\"margin-right:68px;margin-bottom:60px;font-size:clamp(46.18px, 2.886rem + ((1vw - 3.2px) * 4.565), 90px);line-height:1;text-transform:uppercase\">Ein Moment<br\/>f\u00fcr sich selbst<\/p>\n<\/div>\n\n\n\n<div class=\"wp-block-column is-layout-flow wp-block-column-is-layout-flow\"><\/div>\n<\/div>\n<\/div><\/div>\n\n<div class=\"wp-block-group alignfull section-six has-contrast-background-color has-background has-global-padding is-layout-constrained wp-container-core-group-is-layout-2ed36ca4 wp-block-group-is-layout-constrained\" style=\"margin-top:0px;margin-bottom:0px;padding-bottom:var(--wp--preset--spacing--40)\">\n<div class=\"wp-block-columns are-vertically-aligned-center is-layout-flex wp-container-core-columns-is-layout-51c0b34d wp-block-columns-is-layout-flex\" style=\"padding-top:var(--wp--preset--spacing--50);padding-bottom:var(--wp--preset--spacing--50)\">\n<div class=\"wp-block-column is-vertically-aligned-center gt-no-padding-mobile is-layout-flow wp-block-column-is-layout-flow\" style=\"padding-right:70px\"><h2 class=\"wp-block-heading has-text-align-right has-base-color has-text-color has-link-color wp-elements-75e5a754cdc9f244eccea1170003a5d5\" id=\"campingplatz-mit-wellnessbereich-in-den-vogesen\">Campingplatz mit Wellnessbereich in den Vogesen<\/h2>\n\n\n<p class=\"has-text-align-right has-base-color has-text-color has-link-color has-licorice-font-family wp-elements-8a6b491410cc0ab409b38d0fb7a11b28\" style=\"font-size:clamp(28.836px, 1.802rem + ((1vw - 3.2px) * 2.205), 50px);\">Ein Kokon der Gelassenheit<\/p>\n\n\n\n<p class=\"has-text-align-right has-base-color has-text-color has-link-color has-x-large-font-size wp-elements-c47d81809f4bf41e73f69e61780f8108\" style=\"margin-top:0;margin-bottom:var(--wp--preset--spacing--30);padding-top:0;padding-bottom:0;font-style:normal;font-weight:900;line-height:1\">&#8230;<\/p>\n<\/div>\n\n\n\n<div class=\"wp-block-column is-vertically-aligned-center gt-no-padding-mobile is-layout-flow wp-block-column-is-layout-flow\" style=\"padding-left:70px\">\n<p class=\"has-text-align-left has-base-color has-text-color has-link-color wp-elements-73aa04dacc1e14ddad83fca5368883dd\">Was gibt es Sch\u00f6neres, als sich in unserem Wellnessbereich zu entspannen? <strong><a href=\"https:\/\/naturcamp.fr\/de\/familiencampingplatz-alsace\/\" data-type=\"page\" data-id=\"507\">Wald-Wellnessbereich zu entspannen.<\/a><\/strong>nach einem anstrengenden Tag? Nach einem Tagesausflug ins Elsass und in die Vogesen k\u00f6nnen Sie sich in unserer <strong>Sauna<\/strong> entspannen oder einfach auf unserer<strong> Terrasse<\/strong> inmitten der Ruhe und der nat\u00fcrlichen Sch\u00f6nheit, die Sie umgibt, neue Energie tanken. Ein wahrer Kokon der Ruhe. Und um ganz abzuschalten, genie\u00dfen Sie ein warmes und belebendes Bad in den <strong>privaten Spas<\/strong> unserer Cabanes Lodges.   <\/p>\n\n\n\n<div style=\"height:15px\" aria-hidden=\"true\" class=\"wp-block-spacer gt-hide-mobile\"><\/div>\n\n\n\n<div class=\"wp-block-buttons is-layout-flex wp-block-buttons-is-layout-flex\" style=\"margin-bottom:var(--wp--preset--spacing--40)\">\n<div class=\"wp-block-button\"><a class=\"wp-block-button__link wp-element-button\" href=\"https:\/\/naturcamp.fr\/de\/familiencampingplatz-alsace\/#sauna-bien-etre\" style=\"border-radius:0px\">Wellnessbereich<\/a><\/div>\n<\/div>\n<\/div>\n<\/div>\n<\/div>\n\n<div class=\"wp-block-group alignfull section-two-bis has-base-background-color has-background has-global-padding is-layout-constrained wp-block-group-is-layout-constrained\" style=\"margin-top:0px;margin-bottom:0px;padding-bottom:var(--wp--preset--spacing--50)\">\n<div class=\"wp-block-group alignwide group-one is-layout-flow wp-block-group-is-layout-flow\">\n<div class=\"wp-block-columns is-layout-flex wp-container-core-columns-is-layout-b576b43e wp-block-columns-is-layout-flex\" style=\"padding-top:var(--wp--preset--spacing--50);padding-bottom:var(--wp--preset--spacing--50)\">\n<div class=\"wp-block-column is-layout-flow wp-block-column-is-layout-flow\"><\/div>\n\n\n\n<div class=\"wp-block-column is-layout-flow wp-block-column-is-layout-flow\">\n<p class=\"has-text-align-left animated fadeInRight slower has-contrast-color has-text-color has-link-color has-impact-font-family gt-no-margin-mobile wp-elements-8101aa32df8302e8c953451fdebafcd2\" style=\"margin-left:65px;font-size:clamp(46.18px, 2.886rem + ((1vw - 3.2px) * 4.565), 90px);font-style:normal;font-weight:400;line-height:1\">Das Vogesen-Abenteuer<\/p>\n<\/div>\n<\/div>\n\n\n\n<div class=\"wp-block-columns columns-section-one is-layout-flex wp-container-core-columns-is-layout-33ba964e wp-block-columns-is-layout-flex\">\n<div class=\"wp-block-column gt-no-padding-mobile is-layout-flow wp-block-column-is-layout-flow\" style=\"padding-right:70px;padding-left:70px;flex-basis:50%\"><h2 class=\"wp-block-heading has-text-align-right has-contrast-3-color has-text-color has-link-color wp-elements-3c7da9672ad8e93841c05d5e28dc8a13\" id=\"erleben-sie-einenurlaub-in-den-elsaessischen-hochvogesen\">Erleben Sie einen<br>Urlaub in den els\u00e4ssischen Hochvogesen!<\/h2>\n\n\n<p class=\"has-text-align-right has-contrast-2-color has-text-color has-link-color has-licorice-font-family wp-elements-2463c432d5764ecbd936bd5345ad0aea\" style=\"font-size:clamp(28.836px, 1.802rem + ((1vw - 3.2px) * 2.205), 50px);font-style:normal;font-weight:400\">Gehen Sie auf Entdeckungsreise<\/p>\n\n\n\n<p class=\"has-text-align-right has-contrast-3-color has-text-color has-link-color has-x-large-font-size wp-elements-9a80da93b24133ae70383ce4fe9c3a8d\" style=\"margin-top:0;margin-bottom:var(--wp--preset--spacing--30);padding-top:0;padding-bottom:0;font-style:normal;font-weight:900;line-height:1\">&#8230;<\/p>\n\n\n\n<p class=\"has-text-align-right has-contrast-3-color has-text-color has-link-color wp-elements-21920443081bf47f369445f3fb1ceb6b\">Erkunden Sie die Sch\u00e4tze der <a href=\"https:\/\/naturcamp.fr\/de\/tourismus-alsace\/\" data-type=\"page\" data-id=\"626\">els\u00e4ssischen Hochvogesen<\/a>! Bewundern Sie den majest\u00e4tischen Grand Ballon, ein Wanderparadies mit atemberaubenden Ausblicken, oder fahren Sie die ber\u00fchmte Route des Cr\u00eates entlang, die atemberaubende Panoramen \u00fcber die Region bietet. An Natur- und <a href=\"https:\/\/naturcamp.fr\/de\/aktivitaten-alsace\/\">Sportaktivit\u00e4ten im Elsass<\/a> mangelt es nicht: Entdecken Sie die Ruhe des Wildensteiner Sees und begeben Sie sich auf die Voie Verte, die sich perfekt f\u00fcr Fahrradtouren oder Wanderungen im Herzen der Natur eignet. Zwischen Gipfeln, T\u00e4lern und Traditionen verspricht dieses Reiseziel ein einzigartiges und erfrischendes Eintauchen.  <\/p>\n<\/div>\n\n\n\n<div class=\"wp-block-column is-layout-flow wp-block-column-is-layout-flow\" style=\"flex-basis:50%\">\n<div class=\"wp-block-cover\" style=\"min-height:100%;aspect-ratio:unset;\"><span aria-hidden=\"true\" class=\"wp-block-cover__background has-contrast-3-background-color has-background-dim-30 has-background-dim\"><\/span><img decoding=\"async\" width=\"800\" height=\"971\" class=\"wp-block-cover__image-background wp-image-640\" alt=\"bg-section-2-bis\" src=\"https:\/\/naturcamp.fr\/wp-content\/uploads\/2025\/01\/paysage-camping-geishouse.webp\" data-object-fit=\"cover\" srcset=\"https:\/\/naturcamp.fr\/wp-content\/uploads\/2025\/01\/paysage-camping-geishouse.webp 800w, https:\/\/naturcamp.fr\/wp-content\/uploads\/2025\/01\/paysage-camping-geishouse-247x300.webp 247w, https:\/\/naturcamp.fr\/wp-content\/uploads\/2025\/01\/paysage-camping-geishouse-768x932.webp 768w\" sizes=\"(max-width: 800px) 100vw, 800px\" \/><div class=\"wp-block-cover__inner-container has-global-padding is-layout-constrained wp-block-cover-is-layout-constrained\">\n<div class=\"wp-block-query is-layout-flow wp-block-query-is-layout-flow\"><ul class=\"wp-block-post-template has-global-padding is-layout-constrained wp-container-core-post-template-is-layout-b540465b wp-block-post-template-is-layout-constrained\"><li class=\"wp-block-post post-2507 page type-page status-publish has-post-thumbnail hentry\">\n\n<div class=\"wp-block-group has-global-padding is-layout-constrained wp-container-core-group-is-layout-c22a2ecf wp-block-group-is-layout-constrained\" style=\"border-width:4px;margin-top:0px;margin-bottom:0px;padding-top:0px;padding-right:0px;padding-bottom:0px;padding-left:0px\">\n<figure class=\"wp-block-image size-full is-style-default wp-duotone-unset-3\"><img decoding=\"async\" width=\"1500\" height=\"844\" src=\"https:\/\/naturcamp.fr\/wp-content\/uploads\/2025\/02\/camping-avec-location-velo-alsace.webp\" alt=\"Mountainbike naturcamp\" class=\"wp-image-1103\" style=\"aspect-ratio:4\/3;object-fit:cover\" srcset=\"https:\/\/naturcamp.fr\/wp-content\/uploads\/2025\/02\/camping-avec-location-velo-alsace.webp 1500w, https:\/\/naturcamp.fr\/wp-content\/uploads\/2025\/02\/camping-avec-location-velo-alsace-300x169.webp 300w, https:\/\/naturcamp.fr\/wp-content\/uploads\/2025\/02\/camping-avec-location-velo-alsace-1024x576.webp 1024w, https:\/\/naturcamp.fr\/wp-content\/uploads\/2025\/02\/camping-avec-location-velo-alsace-768x432.webp 768w\" sizes=\"(max-width: 1500px) 100vw, 1500px\" \/><\/figure>\n\n\n\n<p class=\"has-text-align-center has-base-2-color has-contrast-2-background-color has-text-color has-background has-link-color has-impact-font-family wp-elements-91f0d1841a74491696fd75bbe9d1538f\" style=\"border-style:none;border-width:0px;padding-top:0.5rem;padding-right:20px;padding-bottom:0.5rem;padding-left:20px;font-size:clamp(0.875rem, 0.875rem + ((1vw - 0.2rem) * 0.208), 1rem);letter-spacing:1px;text-transform:uppercase\">Sport- und Naturaktivit\u00e4ten<\/p>\n\n\n<a class=\"is-style-lien-cover wp-block-read-more\" href=\"https:\/\/naturcamp.fr\/de\/aktivitaten-alsace\/\" target=\"_self\">Weiterlesen<span class=\"screen-reader-text\">: Sport- und Naturaktivit\u00e4ten<\/span><\/a><\/div>\n\n<\/li><li class=\"wp-block-post post-2503 page type-page status-publish has-post-thumbnail hentry\">\n\n<div class=\"wp-block-group has-global-padding is-layout-constrained wp-container-core-group-is-layout-c22a2ecf wp-block-group-is-layout-constrained\" style=\"border-width:4px;margin-top:0px;margin-bottom:0px;padding-top:0px;padding-right:0px;padding-bottom:0px;padding-left:0px\">\n<figure class=\"wp-block-image size-full is-style-default wp-duotone-unset-4\"><img decoding=\"async\" src=\"https:\/\/naturcamp.fr\/wp-content\/uploads\/2025\/01\/alsace-naturcamp.webp\" alt=\"elsass-Naturcamp\" class=\"wp-image-1103\" style=\"aspect-ratio:4\/3;object-fit:cover\"\/><\/figure>\n\n\n\n<p class=\"has-text-align-center has-base-2-color has-contrast-2-background-color has-text-color has-background has-link-color has-impact-font-family wp-elements-91f0d1841a74491696fd75bbe9d1538f\" style=\"border-style:none;border-width:0px;padding-top:0.5rem;padding-right:20px;padding-bottom:0.5rem;padding-left:20px;font-size:clamp(0.875rem, 0.875rem + ((1vw - 0.2rem) * 0.208), 1rem);letter-spacing:1px;text-transform:uppercase\">Entdecken Sie das Elsass<\/p>\n\n\n<a class=\"is-style-lien-cover wp-block-read-more\" href=\"https:\/\/naturcamp.fr\/de\/tourismus-alsace\/\" target=\"_self\">Weiterlesen<span class=\"screen-reader-text\">: Elsass<\/span><\/a><\/div>\n\n<\/li><\/ul><\/div>\n<\/div><\/div>\n<\/div>\n<\/div>\n<\/div>\n<\/div>\n\n<div class=\"wp-block-group alignfull section-faq has-global-padding is-layout-constrained wp-block-group-is-layout-constrained\" style=\"margin-top:0px;margin-bottom:0px;padding-bottom:var(--wp--preset--spacing--40)\">\n<div class=\"wp-block-group alignwide group-one is-layout-flow wp-block-group-is-layout-flow\">\n<div class=\"wp-block-columns is-layout-flex wp-container-core-columns-is-layout-b576b43e wp-block-columns-is-layout-flex\" style=\"padding-top:var(--wp--preset--spacing--50);padding-bottom:var(--wp--preset--spacing--50)\">\n<div class=\"wp-block-column is-layout-flow wp-block-column-is-layout-flow\">\n<p class=\"has-text-align-right animated fadeInLeft slower has-contrast-color has-text-color has-link-color has-impact-font-family wp-elements-1b89d90dc284b684a4a674e3701fba96\" style=\"margin-right:65px;margin-left:0;font-size:clamp(46.18px, 2.886rem + ((1vw - 3.2px) * 4.565), 90px);font-style:normal;font-weight:400;line-height:1\">Echos<br\/>aus der Natur<\/p>\n<\/div>\n\n\n\n<div class=\"wp-block-column is-layout-flow wp-block-column-is-layout-flow\"><\/div>\n<\/div>\n\n\n\n<div class=\"wp-block-columns columns-section-one is-layout-flex wp-container-core-columns-is-layout-ba42e1e2 wp-block-columns-is-layout-flex\" style=\"margin-bottom:var(--wp--preset--spacing--50)\">\n<div class=\"wp-block-column is-layout-flow wp-block-column-is-layout-flow\" style=\"padding-right:0px;padding-left:0px;flex-basis:50%\">\n<div class=\"wp-block-cover\" style=\"min-height:100%;aspect-ratio:unset;\"><span aria-hidden=\"true\" class=\"wp-block-cover__background has-background-dim-0 has-background-dim\" style=\"background-color:#845e45\"><\/span><img decoding=\"async\" width=\"1280\" height=\"853\" class=\"wp-block-cover__image-background wp-image-989\" alt=\"camping alsace naturcamp feu\" src=\"https:\/\/naturcamp.fr\/wp-content\/uploads\/2025\/02\/camping-alsace-naturcamp-feu.webp\" data-object-fit=\"cover\" srcset=\"https:\/\/naturcamp.fr\/wp-content\/uploads\/2025\/02\/camping-alsace-naturcamp-feu.webp 1280w, https:\/\/naturcamp.fr\/wp-content\/uploads\/2025\/02\/camping-alsace-naturcamp-feu-300x200.webp 300w, https:\/\/naturcamp.fr\/wp-content\/uploads\/2025\/02\/camping-alsace-naturcamp-feu-1024x682.webp 1024w, https:\/\/naturcamp.fr\/wp-content\/uploads\/2025\/02\/camping-alsace-naturcamp-feu-768x512.webp 768w\" sizes=\"(max-width: 1280px) 100vw, 1280px\" \/><div class=\"wp-block-cover__inner-container has-global-padding is-layout-constrained wp-block-cover-is-layout-constrained\">\n<figure class=\"wp-block-image size-full is-resized has-custom-border\" style=\"margin-left:-120px\"><img decoding=\"async\" width=\"1080\" height=\"1080\" src=\"https:\/\/naturcamp.fr\/wp-content\/uploads\/2025\/02\/randonnee-dans-les-vosges.webp\" alt=\"Wanderung in den Vogesen\" class=\"has-border-color has-base-border-color wp-image-1968\" style=\"border-radius:5px;aspect-ratio:1;object-fit:cover;width:500px\" srcset=\"https:\/\/naturcamp.fr\/wp-content\/uploads\/2025\/02\/randonnee-dans-les-vosges.webp 1080w, https:\/\/naturcamp.fr\/wp-content\/uploads\/2025\/02\/randonnee-dans-les-vosges-300x300.webp 300w, https:\/\/naturcamp.fr\/wp-content\/uploads\/2025\/02\/randonnee-dans-les-vosges-1024x1024.webp 1024w, https:\/\/naturcamp.fr\/wp-content\/uploads\/2025\/02\/randonnee-dans-les-vosges-150x150.webp 150w, https:\/\/naturcamp.fr\/wp-content\/uploads\/2025\/02\/randonnee-dans-les-vosges-768x768.webp 768w, https:\/\/naturcamp.fr\/wp-content\/uploads\/2025\/02\/randonnee-dans-les-vosges-400x400.webp 400w, https:\/\/naturcamp.fr\/wp-content\/uploads\/2025\/02\/randonnee-dans-les-vosges-600x600.webp 600w\" sizes=\"(max-width: 1080px) 100vw, 1080px\" \/><\/figure>\n<\/div><\/div>\n<\/div>\n\n\n\n<div class=\"wp-block-column is-layout-flow wp-block-column-is-layout-flow\" style=\"padding-top:var(--wp--preset--spacing--50);padding-right:0px;padding-bottom:var(--wp--preset--spacing--50);padding-left:0px;flex-basis:50%\"><h2 class=\"wp-block-heading has-text-align-left has-contrast-3-color has-text-color has-link-color wp-elements-9cc2d564f6854a24e252a7031cf8a429\" style=\"margin-left:70px\" id=\"faq-ihre-fragenfinden-hier-zuflucht\">FAQ: Ihre Fragen<br>finden hier Zuflucht.<\/h2>\n\n\n<p class=\"has-text-align-left has-contrast-2-color has-text-color has-link-color has-licorice-font-family wp-elements-a21bb0d70a3a16f7f6821f2318418464\" style=\"margin-left:70px;font-size:clamp(28.836px, 1.802rem + ((1vw - 3.2px) * 2.205), 50px);font-style:normal;font-weight:400\">Alles wird klar<\/p>\n\n\n\n<p class=\"has-contrast-3-color has-text-color has-link-color has-x-large-font-size wp-elements-0c417afdafd8398d3f89f0ca5d0eebe9\" style=\"margin-top:0;margin-bottom:var(--wp--preset--spacing--30);padding-top:0;padding-right:0px;padding-bottom:0;padding-left:70px;font-style:normal;font-weight:900;line-height:1\">&#8230;<\/p>\n\n\n<details style=\"--faq-color:#ffffff; border-width:1px; padding-top:0px;padding-left:24px;padding-right:0px;padding-bottom:0px;\" class=\"gt-fse-faq wp-block-gt-gt-fse-faq gt-fse-faq wp-block-gt-gt-fse-faq\" data-wp-interactive=\"gt-fse-faq\" data-wp-context='{\"isOpen\": false}'>\n\t<summary aria-expanded=\"false\" class=\"gt-fse-faq-summary\" data-wp-on--click=\"actions.toggle\" data-wp-bind--aria-expanded=\"context.isOpen\">\n\t\t<div class=\"gt-fse-faq-summary-text\">\n\t\t\t<strong>Kann man au\u00dferhalb der \u00d6ffnungszeiten anreisen?<\/strong>\t\t<\/div>\n\t\t<span class=\"gt-fse-faq-opener\"><\/span>\n\t<\/summary>\n\t<div class=\"gt-fse-faq-content\">\n\t\t\n\n<p>Ja, bitte z\u00f6gern Sie nicht, uns f\u00fcr spezielle Anfragen unter der folgenden E-Mail-Adresse zu kontaktieren: <a href=\"mailto:contact@naturcamp.fr\">contact@naturcamp.fr<\/a><\/p>\n\n\t<\/div>\n<\/details>\n\n\n\n<details style=\"--faq-color:#ffffff; border-width:1px; padding-top:0px;padding-left:24px;padding-right:0px;padding-bottom:0px;\" class=\"gt-fse-faq wp-block-gt-gt-fse-faq gt-fse-faq wp-block-gt-gt-fse-faq\" data-wp-interactive=\"gt-fse-faq\" data-wp-context='{\"isOpen\": false}'>\n\t<summary aria-expanded=\"false\" class=\"gt-fse-faq-summary\" data-wp-on--click=\"actions.toggle\" data-wp-bind--aria-expanded=\"context.isOpen\">\n\t\t<div class=\"gt-fse-faq-summary-text\">\n\t\t\t<strong>Kann ich meinen Standort w\u00e4hlen?<\/strong>\t\t<\/div>\n\t\t<span class=\"gt-fse-faq-opener\"><\/span>\n\t<\/summary>\n\t<div class=\"gt-fse-faq-content\">\n\t\t\n\n<p>Ja, m\u00f6chten Sie lieber einen Stellplatz oder eine Mietunterkunft? Sie k\u00f6nnen diese Option bei der Buchung w\u00e4hlen. (je nach Verf\u00fcgbarkeit und nach Best\u00e4tigung durch den Campingplatz)  <\/p>\n\n\t<\/div>\n<\/details>\n\n\n\n<details style=\"--faq-color:#ffffff; border-width:1px; padding-top:0px;padding-left:24px;padding-right:0px;padding-bottom:0px;\" class=\"gt-fse-faq wp-block-gt-gt-fse-faq gt-fse-faq wp-block-gt-gt-fse-faq\" data-wp-interactive=\"gt-fse-faq\" data-wp-context='{\"isOpen\": false}'>\n\t<summary aria-expanded=\"false\" class=\"gt-fse-faq-summary\" data-wp-on--click=\"actions.toggle\" data-wp-bind--aria-expanded=\"context.isOpen\">\n\t\t<div class=\"gt-fse-faq-summary-text\">\n\t\t\t<strong>Ist Wifi kostenlos?<\/strong>\t\t<\/div>\n\t\t<span class=\"gt-fse-faq-opener\"><\/span>\n\t<\/summary>\n\t<div class=\"gt-fse-faq-content\">\n\t\t\n\n<p>Pro Buchung erhalten Sie 1 kostenlosen Zugangscode, zus\u00e4tzliche Zugangsm\u00f6glichkeiten sind optional.<\/p>\n\n\t<\/div>\n<\/details>\n\n\n\n<details style=\"--faq-color:#ffffff; border-width:1px; padding-top:0px;padding-left:24px;padding-right:0px;padding-bottom:0px;\" class=\"gt-fse-faq wp-block-gt-gt-fse-faq gt-fse-faq wp-block-gt-gt-fse-faq\" data-wp-interactive=\"gt-fse-faq\" data-wp-context='{\"isOpen\": false}'>\n\t<summary aria-expanded=\"false\" class=\"gt-fse-faq-summary\" data-wp-on--click=\"actions.toggle\" data-wp-bind--aria-expanded=\"context.isOpen\">\n\t\t<div class=\"gt-fse-faq-summary-text\">\n\t\t\t<strong>Kann ich ein Babybett oder einen Hochstuhl mieten?<\/strong>\t\t<\/div>\n\t\t<span class=\"gt-fse-faq-opener\"><\/span>\n\t<\/summary>\n\t<div class=\"gt-fse-faq-content\">\n\t\t\n\n<p>Ja, es ist m\u00f6glich, dass Sie uns diesen Bedarf bei der Buchung mitteilen (je nach Verf\u00fcgbarkeit).<\/p>\n\n\t<\/div>\n<\/details>\n\n\n\n<details style=\"--faq-color:#ffffff; border-width:1px; padding-top:0px;padding-left:24px;padding-right:0px;padding-bottom:0px;\" class=\"gt-fse-faq wp-block-gt-gt-fse-faq gt-fse-faq wp-block-gt-gt-fse-faq\" data-wp-interactive=\"gt-fse-faq\" data-wp-context='{\"isOpen\": false}'>\n\t<summary aria-expanded=\"false\" class=\"gt-fse-faq-summary\" data-wp-on--click=\"actions.toggle\" data-wp-bind--aria-expanded=\"context.isOpen\">\n\t\t<div class=\"gt-fse-faq-summary-text\">\n\t\t\t<strong>Kann man auf dem Campingplatz Fahrr\u00e4der mieten?<\/strong>\t\t<\/div>\n\t\t<span class=\"gt-fse-faq-opener\"><\/span>\n\t<\/summary>\n\t<div class=\"gt-fse-faq-content\">\n\t\t\n\n<p>Ja, nach vorheriger Reservierung an der Rezeption und je nach Verf\u00fcgbarkeit.<\/p>\n\n\t<\/div>\n<\/details>\n\n<\/div>\n<\/div>\n<\/div>\n<\/div>\n\n<div class=\"wp-block-group alignfull pdf has-contrast-background-color has-background gt-break-mobile has-global-padding is-layout-constrained wp-container-core-group-is-layout-271d7a2a wp-block-group-is-layout-constrained\" style=\"margin-top:0px;margin-bottom:0px;padding-top:var(--wp--preset--spacing--50);padding-right:var(--wp--preset--spacing--50);padding-bottom:var(--wp--preset--spacing--50);padding-left:var(--wp--preset--spacing--50)\">\n<div\n    style=\"--documents-icon-width: 80px;\n        --documents-icon-height: 80px;\n        --documents-icon-border-radius: 0px;\n        --documents-icon-background-color: transparent;\n        --documents-icon-color: #ffffff;\n        --documents-icon-background-color-hover: transparent;\n        --documents-icon-color-hover: #000000;\n        --documents-direction: row;\n        --documents-gap: 0px;\n        --documents-padding: 0px; font-size:clamp(0.984rem, 0.984rem + ((1vw - 0.2rem) * 0.86), 1.5rem);line-height:1;\" class=\"gt-fse-documents--row alignwide wp-block-gt-gt-fse-documents\">\n                                <button\n                data-wp-interactive=\"gt-fse-documents\"\n                data-wp-on--click=\"actions.openLightbox\"\n                class=\"gt-fse-documents__item\"\n                data-file=\"https:\/\/naturcamp.fr\/wp-content\/uploads\/2025\/02\/conditions-generales-de-vente-naturcamp-1-2.pdf\"\n                title=\"Gesch\u00e4ftsbedingungen\">\n                                    <span\n                        class=\"gt-fse-documents__item__icon\"\n                        style=\"-webkit-mask-image: url('https:\/\/naturcamp.fr\/wp-content\/uploads\/2025\/02\/brochure-pdf-1.svg');mask-image: url('https:\/\/naturcamp.fr\/wp-content\/uploads\/2025\/02\/brochure-pdf-1.svg');\"><\/span>\n                                <span class=\"gt-fse-documents__item__name\">\n                    Gesch\u00e4ftsbedingungen                <\/span>\n            <\/button>\n\n                                        <button\n                data-wp-interactive=\"gt-fse-documents\"\n                data-wp-on--click=\"actions.openLightbox\"\n                class=\"gt-fse-documents__item\"\n                data-file=\"https:\/\/naturcamp.fr\/wp-content\/uploads\/2025\/02\/plan-camping-naturcamp-2.pdf\"\n                title=\" Campingplatz-Karte\">\n                                    <span\n                        class=\"gt-fse-documents__item__icon\"\n                        style=\"-webkit-mask-image: url('https:\/\/naturcamp.fr\/wp-content\/uploads\/2025\/02\/plan-pdf-3.svg');mask-image: url('https:\/\/naturcamp.fr\/wp-content\/uploads\/2025\/02\/plan-pdf-3.svg');\"><\/span>\n                                <span class=\"gt-fse-documents__item__name\">\n                     Campingplatz-Karte                <\/span>\n            <\/button>\n\n                                        <button\n                data-wp-interactive=\"gt-fse-documents\"\n                data-wp-on--click=\"actions.openLightbox\"\n                class=\"gt-fse-documents__item\"\n                data-file=\"https:\/\/naturcamp.fr\/wp-content\/uploads\/2025\/02\/reglement-interieur-naturcamp-1-2.pdf\"\n                title=\"Hausordnung\">\n                                    <span\n                        class=\"gt-fse-documents__item__icon\"\n                        style=\"-webkit-mask-image: url('https:\/\/naturcamp.fr\/wp-content\/uploads\/2025\/02\/reglement-pdf-1.svg');mask-image: url('https:\/\/naturcamp.fr\/wp-content\/uploads\/2025\/02\/reglement-pdf-1.svg');\"><\/span>\n                                <span class=\"gt-fse-documents__item__name\">\n                    Hausordnung                <\/span>\n            <\/button>\n\n            <\/div><\/div>\n","protected":false},"excerpt":{"rendered":"<p>Eine \u00fcberall Natur Camping im Elsass: Erleben Sie die Authentizit\u00e4t in den Vogesen Zur\u00fcck zum Wesentlichen &#8230; Lust auf eine Auszeit im Herzen der Natur der Vogesen? Ein Aufenthalt auf dem Campingplatz Natur&#8217;camp im Elsass garantiert Ihnen einen einzigartigen Lebensraum, eine au\u00dfergew\u00f6hnliche Umgebung und eine allgegenw\u00e4rtige Natur. Der Campingplatz befindet sich im Naturpark Ballons des [&hellip;]<\/p>\n","protected":false},"author":1,"featured_media":0,"parent":0,"menu_order":0,"comment_status":"closed","ping_status":"closed","template":"","meta":{"_acf_changed":false,"_seopress_robots_primary_cat":"","_seopress_titles_title":"Campingplatz im Elsass, Geishouse | Campingplatz in der N\u00e4he des Grand Ballon","_seopress_titles_desc":"G\u00f6nnen Sie sich mit Natur'camp einen Aufenthalt im Herzen der Vogesen. Genie\u00dfen Sie eine umweltbewusste Umgebung und komfortable Unterk\u00fcnfte f\u00fcr Liebhaber des Slow-Tourismus. ","_seopress_robots_index":"","_gt_ctv_global_id":"3064","_gt_ctv_id_group":false,"inline_featured_image":false,"gt_fse_maillage_image":"https:\/\/naturcamp.fr\/wp-content\/uploads\/2025\/01\/9bf4fbe45c40c6512a52fc588d67348a.jpeg","gt_fse_maillage_titre":"Unsere Chalets","gt_fse_maillage_alt":"Startseite","gt_fse_maillage_resume":"","footnotes":""},"categories":[],"tags":[],"class_list":["post-2511","page","type-page","status-publish","hentry"],"acf":[],"_links":{"self":[{"href":"https:\/\/naturcamp.fr\/de\/wp-json\/wp\/v2\/pages\/2511","targetHints":{"allow":["GET"]}}],"collection":[{"href":"https:\/\/naturcamp.fr\/de\/wp-json\/wp\/v2\/pages"}],"about":[{"href":"https:\/\/naturcamp.fr\/de\/wp-json\/wp\/v2\/types\/page"}],"author":[{"embeddable":true,"href":"https:\/\/naturcamp.fr\/de\/wp-json\/wp\/v2\/users\/1"}],"replies":[{"embeddable":true,"href":"https:\/\/naturcamp.fr\/de\/wp-json\/wp\/v2\/comments?post=2511"}],"version-history":[{"count":30,"href":"https:\/\/naturcamp.fr\/de\/wp-json\/wp\/v2\/pages\/2511\/revisions"}],"predecessor-version":[{"id":3020,"href":"https:\/\/naturcamp.fr\/de\/wp-json\/wp\/v2\/pages\/2511\/revisions\/3020"}],"wp:attachment":[{"href":"https:\/\/naturcamp.fr\/de\/wp-json\/wp\/v2\/media?parent=2511"}],"wp:term":[{"taxonomy":"category","embeddable":true,"href":"https:\/\/naturcamp.fr\/de\/wp-json\/wp\/v2\/categories?post=2511"},{"taxonomy":"post_tag","embeddable":true,"href":"https:\/\/naturcamp.fr\/de\/wp-json\/wp\/v2\/tags?post=2511"}],"curies":[{"name":"wp","href":"https:\/\/api.w.org\/{rel}","templated":true}]}}